{"id":1814,"date":"2021-11-12T12:33:05","date_gmt":"2021-11-12T11:33:05","guid":{"rendered":"https:\/\/bastide-network.ovh\/bastide-groupe\/?page_id=1814"},"modified":"2022-07-29T17:15:55","modified_gmt":"2022-07-29T15:15:55","slug":"role-societal","status":"publish","type":"page","link":"https:\/\/bastide-network.ovh\/dev-bastide-groupe-dev\/investisseurs\/dimension-isr\/role-societal\/","title":{"rendered":"R\u00f4le soci\u00e9tal"},"content":{"rendered":"<p>[et_pb_section fb_built=\u00a0\u00bb1&Prime; _builder_version=\u00a0\u00bb4.16&Prime; _module_preset=\u00a0\u00bbdefault\u00a0\u00bb background_color=\u00a0\u00bb#fbf8f6&Prime; background_enable_image=\u00a0\u00bboff\u00a0\u00bb background_position=\u00a0\u00bbbottom_center\u00a0\u00bb locked=\u00a0\u00bboff\u00a0\u00bb global_colors_info=\u00a0\u00bb{}\u00a0\u00bb][et_pb_row _builder_version=\u00a0\u00bb4.16&Prime; _module_preset=\u00a0\u00bbdefault\u00a0\u00bb custom_margin=\u00a0\u00bb||||false|false\u00a0\u00bb custom_margin_tablet=\u00a0\u00bb\u00a0\u00bb custom_margin_phone=\u00a0\u00bb\u00a0\u00bb custom_margin_last_edited=\u00a0\u00bbon|phone\u00a0\u00bb custom_padding=\u00a0\u00bb||||false|false\u00a0\u00bb locked=\u00a0\u00bboff\u00a0\u00bb global_colors_info=\u00a0\u00bb{}\u00a0\u00bb][et_pb_column type=\u00a0\u00bb4_4&Prime; _builder_version=\u00a0\u00bb4.16&Prime; _module_preset=\u00a0\u00bbdefault\u00a0\u00bb global_colors_info=\u00a0\u00bb{}\u00a0\u00bb][et_pb_post_title meta=\u00a0\u00bboff\u00a0\u00bb featured_image=\u00a0\u00bboff\u00a0\u00bb _builder_version=\u00a0\u00bb4.16&Prime; _module_preset=\u00a0\u00bbdefault\u00a0\u00bb title_font=\u00a0\u00bbCoolvetica Regular|800||on|||||\u00a0\u00bb title_text_align=\u00a0\u00bbcenter\u00a0\u00bb title_font_size=\u00a0\u00bb30px\u00a0\u00bb title_letter_spacing=\u00a0\u00bb3px\u00a0\u00bb custom_margin=\u00a0\u00bb30px||0px||false|false\u00a0\u00bb global_colors_info=\u00a0\u00bb{}\u00a0\u00bb][\/et_pb_post_title][et_pb_divider color=\u00a0\u00bb#008a8b\u00a0\u00bb divider_weight=\u00a0\u00bb4px\u00a0\u00bb _builder_version=\u00a0\u00bb4.16&Prime; _module_preset=\u00a0\u00bbdefault\u00a0\u00bb width=\u00a0\u00bb15%\u00a0\u00bb module_alignment=\u00a0\u00bbcenter\u00a0\u00bb custom_margin=\u00a0\u00bb||50px||false|false\u00a0\u00bb custom_padding=\u00a0\u00bb15px||||false|false\u00a0\u00bb global_colors_info=\u00a0\u00bb{}\u00a0\u00bb][\/et_pb_divider][et_pb_text _builder_version=\u00a0\u00bb4.16&Prime; _module_preset=\u00a0\u00bbdefault\u00a0\u00bb text_font=\u00a0\u00bb|600|||||||\u00a0\u00bb text_font_size=\u00a0\u00bb16px\u00a0\u00bb global_colors_info=\u00a0\u00bb{}\u00a0\u00bb]Pour le Groupe Bastide \u00ab votre sant\u00e9 est notre priorit\u00e9 \u00bb. Plus qu\u2019une simple affirmation ces quelques mots expriment la raison d\u2019\u00eatre la plus profonde de l\u2019Entreprise selon son fondateur.[\/et_pb_text][\/et_pb_column][\/et_pb_row][\/et_pb_section][et_pb_section fb_built=\u00a0\u00bb1&Prime; _builder_version=\u00a0\u00bb4.16&Prime; _module_preset=\u00a0\u00bbdefault\u00a0\u00bb background_color=\u00a0\u00bb#FFFFFF\u00a0\u00bb locked=\u00a0\u00bboff\u00a0\u00bb global_colors_info=\u00a0\u00bb{}\u00a0\u00bb][et_pb_row column_structure=\u00a0\u00bb1_2,1_2&Prime; _builder_version=\u00a0\u00bb4.17.6&Prime; _module_preset=\u00a0\u00bbdefault\u00a0\u00bb max_width=\u00a0\u00bb1200px\u00a0\u00bb module_alignment=\u00a0\u00bbcenter\u00a0\u00bb custom_margin=\u00a0\u00bb||||false|false\u00a0\u00bb global_colors_info=\u00a0\u00bb{}\u00a0\u00bb][et_pb_column type=\u00a0\u00bb1_2&Prime; _builder_version=\u00a0\u00bb4.17.6&Prime; _module_preset=\u00a0\u00bbdefault\u00a0\u00bb global_colors_info=\u00a0\u00bb{}\u00a0\u00bb custom_css_main_element_last_edited=\u00a0\u00bbon|phone\u00a0\u00bb][et_pb_text _builder_version=\u00a0\u00bb4.16&Prime; _module_preset=\u00a0\u00bbdefault\u00a0\u00bb text_font=\u00a0\u00bbOpen Sans|300|||||||\u00a0\u00bb header_font=\u00a0\u00bbCoolvetica Regular|800||on|||||\u00a0\u00bb header_text_align=\u00a0\u00bbleft\u00a0\u00bb header_text_color=\u00a0\u00bb#2d2d2d\u00a0\u00bb header_letter_spacing=\u00a0\u00bb3px\u00a0\u00bb header_2_font=\u00a0\u00bbCoolvetica Regular|600||on|||||\u00a0\u00bb header_2_letter_spacing=\u00a0\u00bb3px\u00a0\u00bb module_alignment=\u00a0\u00bbcenter\u00a0\u00bb custom_margin=\u00a0\u00bb|0px|0px|0px|false|false\u00a0\u00bb custom_margin_tablet=\u00a0\u00bb-10px||||false|false\u00a0\u00bb custom_margin_phone=\u00a0\u00bb0px||||false|false\u00a0\u00bb custom_margin_last_edited=\u00a0\u00bbon|phone\u00a0\u00bb custom_padding=\u00a0\u00bb||||false|false\u00a0\u00bb global_colors_info=\u00a0\u00bb{}\u00a0\u00bb]<\/p>\n<h2>L\u2019acc\u00e8s \u00e0 la <span style=\"color: #008a8b\">sant\u00e9<\/span> pour tous<\/h2>\n<p>[\/et_pb_text][et_pb_divider color=\u00a0\u00bb#008a8b\u00a0\u00bb divider_weight=\u00a0\u00bb4px\u00a0\u00bb _builder_version=\u00a0\u00bb4.16&Prime; _module_preset=\u00a0\u00bbdefault\u00a0\u00bb width=\u00a0\u00bb20%\u00a0\u00bb custom_padding=\u00a0\u00bb15px||||false|false\u00a0\u00bb global_colors_info=\u00a0\u00bb{}\u00a0\u00bb][\/et_pb_divider][et_pb_text _builder_version=\u00a0\u00bb4.17.6&Prime; _module_preset=\u00a0\u00bbdefault\u00a0\u00bb header_2_font=\u00a0\u00bbCoolvetica Regular||||||||\u00a0\u00bb header_2_text_color=\u00a0\u00bb#008a8b\u00a0\u00bb hover_enabled=\u00a0\u00bb0&Prime; global_colors_info=\u00a0\u00bb{}\u00a0\u00bb text_orientation=\u00a0\u00bbjustified\u00a0\u00bb sticky_enabled=\u00a0\u00bb0&Prime;]<\/p>\n<p>Leader europ\u00e9en du service de sant\u00e9 et du soin, le Groupe Bastide est aux c\u00f4t\u00e9s des Etats pour faire face aux nouveaux enjeux de sant\u00e9\u00a0: en am\u00e9liorant la qualit\u00e9 de la prise en charge et en contribuant \u00e0 la maitrise des co\u00fbts globaux d\u2019hospitalisation, nous permettons chaque jour \u00e0 de nouveaux patients d\u2019acc\u00e9der au soin. En concevant des solutions innovantes et agiles, nous nous effor\u00e7ons de gommer les in\u00e9galit\u00e9s sociales et les barri\u00e8res g\u00e9ographiques pour que toutes les populations acc\u00e8dent au meilleur de la technique m\u00e9dicale.<\/p>\n<p>[\/et_pb_text][\/et_pb_column][et_pb_column type=\u00a0\u00bb1_2&Prime; _builder_version=\u00a0\u00bb4.17.6&Prime; _module_preset=\u00a0\u00bbdefault\u00a0\u00bb global_colors_info=\u00a0\u00bb{}\u00a0\u00bb custom_css_main_element_last_edited=\u00a0\u00bbon|phone\u00a0\u00bb custom_css_main_element_phone=\u00a0\u00bborder: 1;\u00a0\u00bb custom_css_main_element_tablet=\u00a0\u00bbdisplay: flex;||flex-wrap: wrap;\u00a0\u00bb][et_pb_image src=\u00a0\u00bbhttps:\/\/bastide-network.ovh\/dev-bastide-groupe\/wp-content\/uploads\/sites\/7\/2022\/03\/Visuel-Acces-Sante.jpg\u00a0\u00bb title_text=\u00a0\u00bbVisuel-Acc\u00e8s-Sant\u00e9\u00a0\u00bb force_fullwidth=\u00a0\u00bbon\u00a0\u00bb _builder_version=\u00a0\u00bb4.16&Prime; _module_preset=\u00a0\u00bbdefault\u00a0\u00bb global_colors_info=\u00a0\u00bb{}\u00a0\u00bb][\/et_pb_image][\/et_pb_column][\/et_pb_row][\/et_pb_section][et_pb_section fb_built=\u00a0\u00bb1&Prime; _builder_version=\u00a0\u00bb4.16&Prime; _module_preset=\u00a0\u00bbdefault\u00a0\u00bb background_color=\u00a0\u00bb#fbf8f6&Prime; locked=\u00a0\u00bboff\u00a0\u00bb global_colors_info=\u00a0\u00bb{}\u00a0\u00bb][et_pb_row column_structure=\u00a0\u00bb1_2,1_2&Prime; _builder_version=\u00a0\u00bb4.16&Prime; _module_preset=\u00a0\u00bbdefault\u00a0\u00bb max_width=\u00a0\u00bb1200px\u00a0\u00bb module_alignment=\u00a0\u00bbcenter\u00a0\u00bb custom_margin=\u00a0\u00bb||||false|false\u00a0\u00bb global_colors_info=\u00a0\u00bb{}\u00a0\u00bb][et_pb_column type=\u00a0\u00bb1_2&Prime; _builder_version=\u00a0\u00bb4.16&Prime; _module_preset=\u00a0\u00bbdefault\u00a0\u00bb global_colors_info=\u00a0\u00bb{}\u00a0\u00bb][et_pb_image src=\u00a0\u00bbhttps:\/\/bastide-network.ovh\/dev-bastide-groupe\/wp-content\/uploads\/sites\/7\/2022\/03\/Visuel-Expertise-0.1.jpg\u00a0\u00bb title_text=\u00a0\u00bbVisuel-Expertise-0.1&Prime; force_fullwidth=\u00a0\u00bbon\u00a0\u00bb _builder_version=\u00a0\u00bb4.16&Prime; _module_preset=\u00a0\u00bbdefault\u00a0\u00bb global_colors_info=\u00a0\u00bb{}\u00a0\u00bb][\/et_pb_image][\/et_pb_column][et_pb_column type=\u00a0\u00bb1_2&Prime; _builder_version=\u00a0\u00bb4.16&Prime; _module_preset=\u00a0\u00bbdefault\u00a0\u00bb global_colors_info=\u00a0\u00bb{}\u00a0\u00bb][et_pb_text _builder_version=\u00a0\u00bb4.16&Prime; _module_preset=\u00a0\u00bbdefault\u00a0\u00bb text_font=\u00a0\u00bbOpen Sans|300|||||||\u00a0\u00bb header_font=\u00a0\u00bbCoolvetica Regular|800||on|||||\u00a0\u00bb header_text_align=\u00a0\u00bbleft\u00a0\u00bb header_text_color=\u00a0\u00bb#2d2d2d\u00a0\u00bb header_letter_spacing=\u00a0\u00bb3px\u00a0\u00bb header_2_font=\u00a0\u00bbCoolvetica Regular|600||on|||||\u00a0\u00bb header_2_letter_spacing=\u00a0\u00bb3px\u00a0\u00bb module_alignment=\u00a0\u00bbcenter\u00a0\u00bb custom_margin=\u00a0\u00bb|0px|0px|0px|false|false\u00a0\u00bb custom_margin_tablet=\u00a0\u00bb-10px||||false|false\u00a0\u00bb custom_margin_phone=\u00a0\u00bb0px||||false|false\u00a0\u00bb custom_margin_last_edited=\u00a0\u00bbon|phone\u00a0\u00bb custom_padding=\u00a0\u00bb||||false|false\u00a0\u00bb global_colors_info=\u00a0\u00bb{}\u00a0\u00bb]<\/p>\n<h2>L\u2019engagement dans la <span style=\"color: #008a8b\">recherche<\/span> pour le bien commun<\/h2>\n<p>[\/et_pb_text][et_pb_divider color=\u00a0\u00bb#008a8b\u00a0\u00bb divider_weight=\u00a0\u00bb4px\u00a0\u00bb _builder_version=\u00a0\u00bb4.16&Prime; _module_preset=\u00a0\u00bbdefault\u00a0\u00bb width=\u00a0\u00bb20%\u00a0\u00bb custom_padding=\u00a0\u00bb15px||||false|false\u00a0\u00bb global_colors_info=\u00a0\u00bb{}\u00a0\u00bb][\/et_pb_divider][et_pb_text _builder_version=\u00a0\u00bb4.17.6&Prime; _module_preset=\u00a0\u00bbdefault\u00a0\u00bb header_2_font=\u00a0\u00bbCoolvetica Regular||||||||\u00a0\u00bb header_2_text_color=\u00a0\u00bb#008a8b\u00a0\u00bb hover_enabled=\u00a0\u00bb0&Prime; global_colors_info=\u00a0\u00bb{}\u00a0\u00bb text_orientation=\u00a0\u00bbjustified\u00a0\u00bb sticky_enabled=\u00a0\u00bb0&Prime;]<\/p>\n<p>En cr\u00e9ant la \u00ab\u00a0Fondation pour la recherche\u00a0\u00bb adoss\u00e9e \u00e0 un comit\u00e9 scientifique, le Groupe Bastide finance des \u00e9tudes m\u00e9dicales dont les r\u00e9sultats sont publiquement partag\u00e9s. Cet engagement pour le progr\u00e8s de la m\u00e9decine et des th\u00e9rapies caract\u00e9rise l\u2019engagement du Groupe dans sa vision que la sant\u00e9 est un bien commun qui doit \u00eatre partag\u00e9 aupr\u00e8s de tous.<\/p>\n<p>A ce jour cette fondation a financ\u00e9 26 \u00e9tudes m\u00e9dicales, principalement sur le sommeil et la nutrition.<\/p>\n<p>[\/et_pb_text][\/et_pb_column][\/et_pb_row][\/et_pb_section][et_pb_section fb_built=\u00a0\u00bb1&Prime; _builder_version=\u00a0\u00bb4.16&Prime; _module_preset=\u00a0\u00bbdefault\u00a0\u00bb background_color=\u00a0\u00bb#FFFFFF\u00a0\u00bb locked=\u00a0\u00bboff\u00a0\u00bb global_colors_info=\u00a0\u00bb{}\u00a0\u00bb][et_pb_row column_structure=\u00a0\u00bb1_2,1_2&Prime; _builder_version=\u00a0\u00bb4.16&Prime; _module_preset=\u00a0\u00bbdefault\u00a0\u00bb max_width=\u00a0\u00bb1200px\u00a0\u00bb module_alignment=\u00a0\u00bbcenter\u00a0\u00bb custom_margin=\u00a0\u00bb||||false|false\u00a0\u00bb global_colors_info=\u00a0\u00bb{}\u00a0\u00bb][et_pb_column type=\u00a0\u00bb1_2&Prime; _builder_version=\u00a0\u00bb4.16&Prime; _module_preset=\u00a0\u00bbdefault\u00a0\u00bb global_colors_info=\u00a0\u00bb{}\u00a0\u00bb][et_pb_text _builder_version=\u00a0\u00bb4.16&Prime; _module_preset=\u00a0\u00bbdefault\u00a0\u00bb text_font=\u00a0\u00bbOpen Sans|300|||||||\u00a0\u00bb header_font=\u00a0\u00bbCoolvetica Regular|800||on|||||\u00a0\u00bb header_text_align=\u00a0\u00bbleft\u00a0\u00bb header_text_color=\u00a0\u00bb#2d2d2d\u00a0\u00bb header_letter_spacing=\u00a0\u00bb3px\u00a0\u00bb header_2_font=\u00a0\u00bbCoolvetica Regular|600||on|||||\u00a0\u00bb header_2_letter_spacing=\u00a0\u00bb3px\u00a0\u00bb module_alignment=\u00a0\u00bbcenter\u00a0\u00bb custom_margin=\u00a0\u00bb|0px|0px|0px|false|false\u00a0\u00bb custom_margin_tablet=\u00a0\u00bb-10px||||false|false\u00a0\u00bb custom_margin_phone=\u00a0\u00bb0px||||false|false\u00a0\u00bb custom_margin_last_edited=\u00a0\u00bbon|phone\u00a0\u00bb custom_padding=\u00a0\u00bb||||false|false\u00a0\u00bb global_colors_info=\u00a0\u00bb{}\u00a0\u00bb]<\/p>\n<h2>Effacer les <span style=\"color: #008a8b\">contraintes<\/span> li\u00e9es au handicap<\/h2>\n<p>[\/et_pb_text][et_pb_divider color=\u00a0\u00bb#008a8b\u00a0\u00bb divider_weight=\u00a0\u00bb4px\u00a0\u00bb _builder_version=\u00a0\u00bb4.16&Prime; _module_preset=\u00a0\u00bbdefault\u00a0\u00bb width=\u00a0\u00bb20%\u00a0\u00bb custom_padding=\u00a0\u00bb15px||||false|false\u00a0\u00bb global_colors_info=\u00a0\u00bb{}\u00a0\u00bb][\/et_pb_divider][et_pb_text _builder_version=\u00a0\u00bb4.17.6&Prime; _module_preset=\u00a0\u00bbdefault\u00a0\u00bb header_2_font=\u00a0\u00bbCoolvetica Regular||||||||\u00a0\u00bb header_2_text_color=\u00a0\u00bb#008a8b\u00a0\u00bb hover_enabled=\u00a0\u00bb0&Prime; global_colors_info=\u00a0\u00bb{}\u00a0\u00bb text_orientation=\u00a0\u00bbjustified\u00a0\u00bb sticky_enabled=\u00a0\u00bb0&Prime;]<\/p>\n<p>Le Groupe Bastide est au premier rang des acteurs qui \u0153uvrent pour que ceux qui, parmi nous, sont atteints par le handicap, effacent les contraintes et vivent pleinement leurs r\u00eaves. Nous nous sommes engag\u00e9s dans un plan volontariste d\u2019inclusion\u00a0:<\/p>\n<ul>\n<li>Dans l\u2019entreprise, par un mod\u00e8le inclusif favorisant le recrutement de travailleurs handicap\u00e9s,<\/li>\n<li>Mais aussi en dehors de l\u2019entreprise, o\u00f9 nous accompagnons les sportifs handicap\u00e9s et d\u00e9veloppons des solutions de mobilit\u00e9 ouvrant de nouveaux horizons (fauteuils plus l\u00e9gers).<\/li>\n<\/ul>\n<p>[\/et_pb_text][\/et_pb_column][et_pb_column type=\u00a0\u00bb1_2&Prime; _builder_version=\u00a0\u00bb4.16&Prime; _module_preset=\u00a0\u00bbdefault\u00a0\u00bb global_colors_info=\u00a0\u00bb{}\u00a0\u00bb][et_pb_image src=\u00a0\u00bbhttps:\/\/bastide-network.ovh\/dev-bastide-groupe\/wp-content\/uploads\/sites\/7\/2022\/03\/Visuel-Contraintes-Handicap-1.jpg\u00a0\u00bb title_text=\u00a0\u00bbVisuel-Contraintes-Handicap\u00a0\u00bb force_fullwidth=\u00a0\u00bbon\u00a0\u00bb _builder_version=\u00a0\u00bb4.16&Prime; _module_preset=\u00a0\u00bbdefault\u00a0\u00bb global_colors_info=\u00a0\u00bb{}\u00a0\u00bb][\/et_pb_image][\/et_pb_column][\/et_pb_row][\/et_pb_section][et_pb_section fb_built=\u00a0\u00bb1&Prime; _builder_version=\u00a0\u00bb4.16&Prime; _module_preset=\u00a0\u00bbdefault\u00a0\u00bb background_color=\u00a0\u00bb#fbf8f6&Prime; locked=\u00a0\u00bboff\u00a0\u00bb global_colors_info=\u00a0\u00bb{}\u00a0\u00bb][et_pb_row column_structure=\u00a0\u00bb1_2,1_2&Prime; _builder_version=\u00a0\u00bb4.16&Prime; _module_preset=\u00a0\u00bbdefault\u00a0\u00bb max_width=\u00a0\u00bb1200px\u00a0\u00bb module_alignment=\u00a0\u00bbcenter\u00a0\u00bb custom_margin=\u00a0\u00bb||||false|false\u00a0\u00bb global_colors_info=\u00a0\u00bb{}\u00a0\u00bb][et_pb_column type=\u00a0\u00bb1_2&Prime; _builder_version=\u00a0\u00bb4.16&Prime; _module_preset=\u00a0\u00bbdefault\u00a0\u00bb global_colors_info=\u00a0\u00bb{}\u00a0\u00bb][et_pb_image src=\u00a0\u00bbhttps:\/\/bastide-network.ovh\/dev-bastide-groupe\/wp-content\/uploads\/sites\/7\/2022\/03\/Visuels-Contraintes-Handicap.jpg\u00a0\u00bb title_text=\u00a0\u00bbVisuels-Contraintes-Handicap\u00a0\u00bb force_fullwidth=\u00a0\u00bbon\u00a0\u00bb _builder_version=\u00a0\u00bb4.16&Prime; _module_preset=\u00a0\u00bbdefault\u00a0\u00bb global_colors_info=\u00a0\u00bb{}\u00a0\u00bb][\/et_pb_image][\/et_pb_column][et_pb_column type=\u00a0\u00bb1_2&Prime; _builder_version=\u00a0\u00bb4.16&Prime; _module_preset=\u00a0\u00bbdefault\u00a0\u00bb global_colors_info=\u00a0\u00bb{}\u00a0\u00bb][et_pb_text _builder_version=\u00a0\u00bb4.16&Prime; _module_preset=\u00a0\u00bbdefault\u00a0\u00bb text_font=\u00a0\u00bbOpen Sans|300|||||||\u00a0\u00bb header_font=\u00a0\u00bbCoolvetica Regular|800||on|||||\u00a0\u00bb header_text_align=\u00a0\u00bbleft\u00a0\u00bb header_text_color=\u00a0\u00bb#2d2d2d\u00a0\u00bb header_letter_spacing=\u00a0\u00bb3px\u00a0\u00bb header_2_font=\u00a0\u00bbCoolvetica Regular|600||on|||||\u00a0\u00bb header_2_letter_spacing=\u00a0\u00bb3px\u00a0\u00bb module_alignment=\u00a0\u00bbcenter\u00a0\u00bb custom_margin=\u00a0\u00bb|0px|0px|0px|false|false\u00a0\u00bb custom_margin_tablet=\u00a0\u00bb-10px||||false|false\u00a0\u00bb custom_margin_phone=\u00a0\u00bb0px||||false|false\u00a0\u00bb custom_margin_last_edited=\u00a0\u00bbon|phone\u00a0\u00bb custom_padding=\u00a0\u00bb||||false|false\u00a0\u00bb global_colors_info=\u00a0\u00bb{}\u00a0\u00bb]<\/p>\n<h2>Le <span style=\"color: #008a8b\">Groupe Bastide<\/span> agit au c\u0153ur des territoires<\/h2>\n<p>[\/et_pb_text][et_pb_divider color=\u00a0\u00bb#008a8b\u00a0\u00bb divider_weight=\u00a0\u00bb4px\u00a0\u00bb _builder_version=\u00a0\u00bb4.16&Prime; _module_preset=\u00a0\u00bbdefault\u00a0\u00bb width=\u00a0\u00bb20%\u00a0\u00bb custom_padding=\u00a0\u00bb15px||||false|false\u00a0\u00bb global_colors_info=\u00a0\u00bb{}\u00a0\u00bb][\/et_pb_divider][et_pb_text _builder_version=\u00a0\u00bb4.17.6&Prime; _module_preset=\u00a0\u00bbdefault\u00a0\u00bb header_2_font=\u00a0\u00bbCoolvetica Regular||||||||\u00a0\u00bb header_2_text_color=\u00a0\u00bb#008a8b\u00a0\u00bb hover_enabled=\u00a0\u00bb0&Prime; global_colors_info=\u00a0\u00bb{}\u00a0\u00bb text_orientation=\u00a0\u00bbjustified\u00a0\u00bb sticky_enabled=\u00a0\u00bb0&Prime;]<\/p>\n<p>Le d\u00e9veloppement du Groupe Bastide a \u00e9t\u00e9 port\u00e9 par les territoires. Il est naturellement apparu que nous devions \u00eatre, en retour, des moteurs \u00e9conomiques et sociaux de ces m\u00eames territoires.<\/p>\n<p>Au travers des partenariats sportifs, des actions de formation ou des implications dans les cursus de formation, nous agissons en faveur de la dynamique \u00e9conomique et sociale et de l\u2019inclusion.<\/p>\n<p>[\/et_pb_text][\/et_pb_column][\/et_pb_row][\/et_pb_section]<\/p>\n","protected":false},"excerpt":{"rendered":"<p>Pour le Groupe Bastide \u00ab votre sant\u00e9 est notre priorit\u00e9 \u00bb. Plus qu\u2019une simple affirmation ces quelques mots expriment la raison d\u2019\u00eatre la plus profonde de l\u2019Entreprise selon son fondateur.L\u2019acc\u00e8s \u00e0 la sant\u00e9 pour tousLeader europ\u00e9en du service de sant\u00e9 et du soin, le Groupe Bastide est aux c\u00f4t\u00e9s des Etats pour faire face aux [&hellip;]<\/p>\n","protected":false},"author":6,"featured_media":0,"parent":1757,"menu_order":0,"comment_status":"closed","ping_status":"closed","template":"","meta":{"_et_pb_use_builder":"on","_et_pb_old_content":"","_et_gb_content_width":"","footnotes":""},"class_list":["post-1814","page","type-page","status-publish","hentry"],"yoast_head":"<!-- This site is optimized with the Yoast SEO plugin v25.9 - https:\/\/yoast.com\/wordpress\/plugins\/seo\/ -->\n<title>R\u00f4le soci\u00e9tal - ***DEV*** Bastide Groupe ***DEV***<\/title>\n<meta name=\"robots\" content=\"noindex, follow, max-snippet:-1, max-image-preview:large, max-video-preview:-1\" \/>\n<meta property=\"og:locale\" content=\"fr_FR\" \/>\n<meta property=\"og:type\" content=\"article\" \/>\n<meta property=\"og:title\" content=\"R\u00f4le soci\u00e9tal - ***DEV*** Bastide Groupe ***DEV***\" \/>\n<meta property=\"og:description\" content=\"Pour le Groupe Bastide \u00ab votre sant\u00e9 est notre priorit\u00e9 \u00bb. Plus qu\u2019une simple affirmation ces quelques mots expriment la raison d\u2019\u00eatre la plus profonde de l\u2019Entreprise selon son fondateur.L\u2019acc\u00e8s \u00e0 la sant\u00e9 pour tousLeader europ\u00e9en du service de sant\u00e9 et du soin, le Groupe Bastide est aux c\u00f4t\u00e9s des Etats pour faire face aux [&hellip;]\" \/>\n<meta property=\"og:url\" content=\"https:\/\/bastide-network.ovh\/dev-bastide-groupe-dev\/investisseurs\/dimension-isr\/role-societal\/\" \/>\n<meta property=\"og:site_name\" content=\"***DEV*** Bastide Groupe ***DEV***\" \/>\n<meta property=\"article:publisher\" content=\"https:\/\/www.facebook.com\/BastideConseil\/\" \/>\n<meta property=\"article:modified_time\" content=\"2022-07-29T15:15:55+00:00\" \/>\n<meta name=\"twitter:card\" content=\"summary_large_image\" \/>\n<meta name=\"twitter:label1\" content=\"Dur\u00e9e de lecture estim\u00e9e\" \/>\n\t<meta name=\"twitter:data1\" content=\"8 minutes\" \/>\n<script type=\"application\/ld+json\" class=\"yoast-schema-graph\">{\"@context\":\"https:\/\/schema.org\",\"@graph\":[{\"@type\":\"WebPage\",\"@id\":\"https:\/\/bastide-network.ovh\/dev-bastide-groupe-dev\/investisseurs\/dimension-isr\/role-societal\/\",\"url\":\"https:\/\/bastide-network.ovh\/dev-bastide-groupe-dev\/investisseurs\/dimension-isr\/role-societal\/\",\"name\":\"R\u00f4le soci\u00e9tal - ***DEV*** Bastide Groupe ***DEV***\",\"isPartOf\":{\"@id\":\"https:\/\/bastide-network.ovh\/dev-bastide-groupe-dev\/#website\"},\"datePublished\":\"2021-11-12T11:33:05+00:00\",\"dateModified\":\"2022-07-29T15:15:55+00:00\",\"breadcrumb\":{\"@id\":\"https:\/\/bastide-network.ovh\/dev-bastide-groupe-dev\/investisseurs\/dimension-isr\/role-societal\/#breadcrumb\"},\"inLanguage\":\"fr-FR\",\"potentialAction\":[{\"@type\":\"ReadAction\",\"target\":[\"https:\/\/bastide-network.ovh\/dev-bastide-groupe-dev\/investisseurs\/dimension-isr\/role-societal\/\"]}]},{\"@type\":\"BreadcrumbList\",\"@id\":\"https:\/\/bastide-network.ovh\/dev-bastide-groupe-dev\/investisseurs\/dimension-isr\/role-societal\/#breadcrumb\",\"itemListElement\":[{\"@type\":\"ListItem\",\"position\":1,\"name\":\"Accueil\",\"item\":\"https:\/\/bastide-network.ovh\/dev-bastide-groupe-dev\/\"},{\"@type\":\"ListItem\",\"position\":2,\"name\":\"Investisseurs\",\"item\":\"https:\/\/bastide-network.ovh\/dev-bastide-groupe-dev\/investisseurs\/\"},{\"@type\":\"ListItem\",\"position\":3,\"name\":\"Dimension ISR\",\"item\":\"https:\/\/bastide-network.ovh\/dev-bastide-groupe-dev\/investisseurs\/dimension-isr\/\"},{\"@type\":\"ListItem\",\"position\":4,\"name\":\"R\u00f4le soci\u00e9tal\"}]},{\"@type\":\"WebSite\",\"@id\":\"https:\/\/bastide-network.ovh\/dev-bastide-groupe-dev\/#website\",\"url\":\"https:\/\/bastide-network.ovh\/dev-bastide-groupe-dev\/\",\"name\":\"***DEV*** Bastide Groupe ***DEV***\",\"description\":\"Votre sant\u00e9 est notre priorit\u00e9\",\"publisher\":{\"@id\":\"https:\/\/bastide-network.ovh\/dev-bastide-groupe-dev\/#organization\"},\"potentialAction\":[{\"@type\":\"SearchAction\",\"target\":{\"@type\":\"EntryPoint\",\"urlTemplate\":\"https:\/\/bastide-network.ovh\/dev-bastide-groupe-dev\/?s={search_term_string}\"},\"query-input\":{\"@type\":\"PropertyValueSpecification\",\"valueRequired\":true,\"valueName\":\"search_term_string\"}}],\"inLanguage\":\"fr-FR\"},{\"@type\":\"Organization\",\"@id\":\"https:\/\/bastide-network.ovh\/dev-bastide-groupe-dev\/#organization\",\"name\":\"Bastide M\u00e9dical\",\"url\":\"https:\/\/bastide-network.ovh\/dev-bastide-groupe-dev\/\",\"logo\":{\"@type\":\"ImageObject\",\"inLanguage\":\"fr-FR\",\"@id\":\"https:\/\/bastide-network.ovh\/dev-bastide-groupe-dev\/#\/schema\/logo\/image\/\",\"url\":\"https:\/\/bastide-groupe.fr\/wp-content\/uploads\/sites\/7\/2020\/11\/Bastide-Groupe.png\",\"contentUrl\":\"https:\/\/bastide-groupe.fr\/wp-content\/uploads\/sites\/7\/2020\/11\/Bastide-Groupe.png\",\"width\":1586,\"height\":758,\"caption\":\"Bastide M\u00e9dical\"},\"image\":{\"@id\":\"https:\/\/bastide-network.ovh\/dev-bastide-groupe-dev\/#\/schema\/logo\/image\/\"},\"sameAs\":[\"https:\/\/www.facebook.com\/BastideConseil\/\",\"https:\/\/www.instagram.com\/bastidemedical\/?hl=fr\",\"https:\/\/www.linkedin.com\/company\/bastide-le-confort-medical?originalSubdomain=fr\",\"https:\/\/www.youtube.com\/channel\/UCc1I0rnnFfqJGl4Edg4lV2w\"]}]}<\/script>\n<!-- \/ Yoast SEO plugin. -->","yoast_head_json":{"title":"R\u00f4le soci\u00e9tal - ***DEV*** Bastide Groupe ***DEV***","robots":{"index":"noindex","follow":"follow","max-snippet":"max-snippet:-1","max-image-preview":"max-image-preview:large","max-video-preview":"max-video-preview:-1"},"og_locale":"fr_FR","og_type":"article","og_title":"R\u00f4le soci\u00e9tal - ***DEV*** Bastide Groupe ***DEV***","og_description":"Pour le Groupe Bastide \u00ab votre sant\u00e9 est notre priorit\u00e9 \u00bb. Plus qu\u2019une simple affirmation ces quelques mots expriment la raison d\u2019\u00eatre la plus profonde de l\u2019Entreprise selon son fondateur.L\u2019acc\u00e8s \u00e0 la sant\u00e9 pour tousLeader europ\u00e9en du service de sant\u00e9 et du soin, le Groupe Bastide est aux c\u00f4t\u00e9s des Etats pour faire face aux [&hellip;]","og_url":"https:\/\/bastide-network.ovh\/dev-bastide-groupe-dev\/investisseurs\/dimension-isr\/role-societal\/","og_site_name":"***DEV*** Bastide Groupe ***DEV***","article_publisher":"https:\/\/www.facebook.com\/BastideConseil\/","article_modified_time":"2022-07-29T15:15:55+00:00","twitter_card":"summary_large_image","twitter_misc":{"Dur\u00e9e de lecture estim\u00e9e":"8 minutes"},"schema":{"@context":"https:\/\/schema.org","@graph":[{"@type":"WebPage","@id":"https:\/\/bastide-network.ovh\/dev-bastide-groupe-dev\/investisseurs\/dimension-isr\/role-societal\/","url":"https:\/\/bastide-network.ovh\/dev-bastide-groupe-dev\/investisseurs\/dimension-isr\/role-societal\/","name":"R\u00f4le soci\u00e9tal - ***DEV*** Bastide Groupe ***DEV***","isPartOf":{"@id":"https:\/\/bastide-network.ovh\/dev-bastide-groupe-dev\/#website"},"datePublished":"2021-11-12T11:33:05+00:00","dateModified":"2022-07-29T15:15:55+00:00","breadcrumb":{"@id":"https:\/\/bastide-network.ovh\/dev-bastide-groupe-dev\/investisseurs\/dimension-isr\/role-societal\/#breadcrumb"},"inLanguage":"fr-FR","potentialAction":[{"@type":"ReadAction","target":["https:\/\/bastide-network.ovh\/dev-bastide-groupe-dev\/investisseurs\/dimension-isr\/role-societal\/"]}]},{"@type":"BreadcrumbList","@id":"https:\/\/bastide-network.ovh\/dev-bastide-groupe-dev\/investisseurs\/dimension-isr\/role-societal\/#breadcrumb","itemListElement":[{"@type":"ListItem","position":1,"name":"Accueil","item":"https:\/\/bastide-network.ovh\/dev-bastide-groupe-dev\/"},{"@type":"ListItem","position":2,"name":"Investisseurs","item":"https:\/\/bastide-network.ovh\/dev-bastide-groupe-dev\/investisseurs\/"},{"@type":"ListItem","position":3,"name":"Dimension ISR","item":"https:\/\/bastide-network.ovh\/dev-bastide-groupe-dev\/investisseurs\/dimension-isr\/"},{"@type":"ListItem","position":4,"name":"R\u00f4le soci\u00e9tal"}]},{"@type":"WebSite","@id":"https:\/\/bastide-network.ovh\/dev-bastide-groupe-dev\/#website","url":"https:\/\/bastide-network.ovh\/dev-bastide-groupe-dev\/","name":"***DEV*** Bastide Groupe ***DEV***","description":"Votre sant\u00e9 est notre priorit\u00e9","publisher":{"@id":"https:\/\/bastide-network.ovh\/dev-bastide-groupe-dev\/#organization"},"potentialAction":[{"@type":"SearchAction","target":{"@type":"EntryPoint","urlTemplate":"https:\/\/bastide-network.ovh\/dev-bastide-groupe-dev\/?s={search_term_string}"},"query-input":{"@type":"PropertyValueSpecification","valueRequired":true,"valueName":"search_term_string"}}],"inLanguage":"fr-FR"},{"@type":"Organization","@id":"https:\/\/bastide-network.ovh\/dev-bastide-groupe-dev\/#organization","name":"Bastide M\u00e9dical","url":"https:\/\/bastide-network.ovh\/dev-bastide-groupe-dev\/","logo":{"@type":"ImageObject","inLanguage":"fr-FR","@id":"https:\/\/bastide-network.ovh\/dev-bastide-groupe-dev\/#\/schema\/logo\/image\/","url":"https:\/\/bastide-groupe.fr\/wp-content\/uploads\/sites\/7\/2020\/11\/Bastide-Groupe.png","contentUrl":"https:\/\/bastide-groupe.fr\/wp-content\/uploads\/sites\/7\/2020\/11\/Bastide-Groupe.png","width":1586,"height":758,"caption":"Bastide M\u00e9dical"},"image":{"@id":"https:\/\/bastide-network.ovh\/dev-bastide-groupe-dev\/#\/schema\/logo\/image\/"},"sameAs":["https:\/\/www.facebook.com\/BastideConseil\/","https:\/\/www.instagram.com\/bastidemedical\/?hl=fr","https:\/\/www.linkedin.com\/company\/bastide-le-confort-medical?originalSubdomain=fr","https:\/\/www.youtube.com\/channel\/UCc1I0rnnFfqJGl4Edg4lV2w"]}]}},"_links":{"self":[{"href":"https:\/\/bastide-network.ovh\/dev-bastide-groupe-dev\/wp-json\/wp\/v2\/pages\/1814","targetHints":{"allow":["GET"]}}],"collection":[{"href":"https:\/\/bastide-network.ovh\/dev-bastide-groupe-dev\/wp-json\/wp\/v2\/pages"}],"about":[{"href":"https:\/\/bastide-network.ovh\/dev-bastide-groupe-dev\/wp-json\/wp\/v2\/types\/page"}],"author":[{"embeddable":true,"href":"https:\/\/bastide-network.ovh\/dev-bastide-groupe-dev\/wp-json\/wp\/v2\/users\/6"}],"replies":[{"embeddable":true,"href":"https:\/\/bastide-network.ovh\/dev-bastide-groupe-dev\/wp-json\/wp\/v2\/comments?post=1814"}],"version-history":[{"count":20,"href":"https:\/\/bastide-network.ovh\/dev-bastide-groupe-dev\/wp-json\/wp\/v2\/pages\/1814\/revisions"}],"predecessor-version":[{"id":5476,"href":"https:\/\/bastide-network.ovh\/dev-bastide-groupe-dev\/wp-json\/wp\/v2\/pages\/1814\/revisions\/5476"}],"up":[{"embeddable":true,"href":"https:\/\/bastide-network.ovh\/dev-bastide-groupe-dev\/wp-json\/wp\/v2\/pages\/1757"}],"wp:attachment":[{"href":"https:\/\/bastide-network.ovh\/dev-bastide-groupe-dev\/wp-json\/wp\/v2\/media?parent=1814"}],"curies":[{"name":"wp","href":"https:\/\/api.w.org\/{rel}","templated":true}]}}