{"id":2396,"date":"2022-02-15T10:52:01","date_gmt":"2022-02-15T09:52:01","guid":{"rendered":"https:\/\/bastide-network.ovh\/dev-bastide-groupe-dev\/?page_id=2396"},"modified":"2022-07-28T18:28:41","modified_gmt":"2022-07-28T16:28:41","slug":"assistance-respiratoire","status":"publish","type":"page","link":"https:\/\/bastide-network.ovh\/dev-bastide-groupe-dev\/nos-metiers\/assistance-respiratoire\/","title":{"rendered":"Assistance respiratoire"},"content":{"rendered":"<p>[et_pb_section fb_built=\u00a0\u00bb1&Prime; _builder_version=\u00a0\u00bb4.16&Prime; _module_preset=\u00a0\u00bbdefault\u00a0\u00bb background_color=\u00a0\u00bb#008a8b\u00a0\u00bb background_image=\u00a0\u00bbhttps:\/\/bastide-network.ovh\/dev-bastide-groupe\/wp-content\/uploads\/sites\/7\/2022\/03\/Couv-RESPI-0.2.jpg\u00a0\u00bb background_last_edited=\u00a0\u00bbon|phone\u00a0\u00bb background_image_phone=\u00a0\u00bbhttps:\/\/bastide-network.ovh\/dev-bastide-groupe\/wp-content\/uploads\/sites\/7\/2022\/03\/Couv-Responsive-RESPI.jpg\u00a0\u00bb background_enable_image_phone=\u00a0\u00bbon\u00a0\u00bb background_size_phone=\u00a0\u00bbcontain\u00a0\u00bb background_position_phone=\u00a0\u00bbtop_center\u00a0\u00bb global_colors_info=\u00a0\u00bb{}\u00a0\u00bb][et_pb_row _builder_version=\u00a0\u00bb4.16&Prime; _module_preset=\u00a0\u00bbdefault\u00a0\u00bb max_width=\u00a0\u00bb1253px\u00a0\u00bb module_alignment=\u00a0\u00bbcenter\u00a0\u00bb locked=\u00a0\u00bboff\u00a0\u00bb global_colors_info=\u00a0\u00bb{}\u00a0\u00bb][et_pb_column type=\u00a0\u00bb4_4&Prime; _builder_version=\u00a0\u00bb4.16&Prime; _module_preset=\u00a0\u00bbdefault\u00a0\u00bb global_colors_info=\u00a0\u00bb{}\u00a0\u00bb][et_pb_post_title meta=\u00a0\u00bboff\u00a0\u00bb featured_image=\u00a0\u00bboff\u00a0\u00bb module_class=\u00a0\u00bbtitre-page\u00a0\u00bb _builder_version=\u00a0\u00bb4.16&Prime; _module_preset=\u00a0\u00bbdefault\u00a0\u00bb title_font=\u00a0\u00bbCoolvetica Regular|||on|||||\u00a0\u00bb title_text_align=\u00a0\u00bbcenter\u00a0\u00bb title_text_color=\u00a0\u00bb#FFFFFF\u00a0\u00bb title_letter_spacing=\u00a0\u00bb4px\u00a0\u00bb background_color=\u00a0\u00bbrgba(45,45,45,0.83)\u00a0\u00bb max_width=\u00a0\u00bb470px\u00a0\u00bb module_alignment=\u00a0\u00bbright\u00a0\u00bb custom_margin=\u00a0\u00bb170px||||false|false\u00a0\u00bb custom_padding=\u00a0\u00bb7px||||false|false\u00a0\u00bb global_colors_info=\u00a0\u00bb{}\u00a0\u00bb][\/et_pb_post_title][et_pb_text _builder_version=\u00a0\u00bb4.16&Prime; _module_preset=\u00a0\u00bbdefault\u00a0\u00bb text_font=\u00a0\u00bbCoolvetica Regular|800||on|||||\u00a0\u00bb text_text_color=\u00a0\u00bb#2d2d2d\u00a0\u00bb text_font_size=\u00a0\u00bb30px\u00a0\u00bb text_line_height=\u00a0\u00bb1.6em\u00a0\u00bb header_font=\u00a0\u00bbCoolvetica Regular|||on|||||\u00a0\u00bb header_text_align=\u00a0\u00bbright\u00a0\u00bb header_letter_spacing=\u00a0\u00bb2px\u00a0\u00bb header_2_font=\u00a0\u00bbCoolvetica Regular|800||on|||||\u00a0\u00bb header_2_text_align=\u00a0\u00bbcenter\u00a0\u00bb header_2_font_size=\u00a0\u00bb30px\u00a0\u00bb header_2_letter_spacing=\u00a0\u00bb2px\u00a0\u00bb background_color=\u00a0\u00bbrgba(255,255,255,0.83)\u00a0\u00bb text_orientation=\u00a0\u00bbright\u00a0\u00bb max_width=\u00a0\u00bb600px\u00a0\u00bb module_alignment=\u00a0\u00bbright\u00a0\u00bb custom_margin=\u00a0\u00bb50px||170px||false|false\u00a0\u00bb custom_padding=\u00a0\u00bb7px||||false|false\u00a0\u00bb animation_style=\u00a0\u00bbzoom\u00a0\u00bb animation_duration=\u00a0\u00bb1450ms\u00a0\u00bb animation_delay=\u00a0\u00bb350ms\u00a0\u00bb animation_starting_opacity=\u00a0\u00bb4%\u00a0\u00bb global_colors_info=\u00a0\u00bb{}\u00a0\u00bb]<\/p>\n<h2>Un nouveau <span style=\"color: #008a8b\">souffle <\/span>dans votre vie<\/h2>\n<p>[\/et_pb_text][\/et_pb_column][\/et_pb_row][\/et_pb_section][et_pb_section fb_built=\u00a0\u00bb1&Prime; _builder_version=\u00a0\u00bb4.16&Prime; _module_preset=\u00a0\u00bbdefault\u00a0\u00bb background_color=\u00a0\u00bb#fbf8f6&Prime; custom_padding=\u00a0\u00bb||200px||false|false\u00a0\u00bb global_colors_info=\u00a0\u00bb{}\u00a0\u00bb][et_pb_row custom_padding_last_edited=\u00a0\u00bbon|phone\u00a0\u00bb _builder_version=\u00a0\u00bb4.16&Prime; _module_preset=\u00a0\u00bbdefault\u00a0\u00bb background_color=\u00a0\u00bb#FFFFFF\u00a0\u00bb max_width=\u00a0\u00bb1400px\u00a0\u00bb module_alignment=\u00a0\u00bbcenter\u00a0\u00bb custom_margin=\u00a0\u00bb-150px||||false|false\u00a0\u00bb custom_margin_tablet=\u00a0\u00bb-180px||||false|false\u00a0\u00bb custom_margin_phone=\u00a0\u00bb-180px||||false|false\u00a0\u00bb custom_margin_last_edited=\u00a0\u00bbon|phone\u00a0\u00bb custom_padding=\u00a0\u00bb50px|100px|0px|100px|false|false\u00a0\u00bb custom_padding_tablet=\u00a0\u00bb|50px||50px|false|false\u00a0\u00bb custom_padding_phone=\u00a0\u00bb0px|30px||30px|false|false\u00a0\u00bb box_shadow_style=\u00a0\u00bbpreset2&Prime; box_shadow_horizontal=\u00a0\u00bb10px\u00a0\u00bb box_shadow_vertical=\u00a0\u00bb10px\u00a0\u00bb box_shadow_blur=\u00a0\u00bb14px\u00a0\u00bb box_shadow_color=\u00a0\u00bbrgba(0,0,0,0.05)\u00a0\u00bb global_colors_info=\u00a0\u00bb{}\u00a0\u00bb box_shadow_color__hover_enabled=\u00a0\u00bbon|hover\u00a0\u00bb box_shadow_color__hover=\u00a0\u00bbrgba(0,0,0,0.12)\u00a0\u00bb][et_pb_column type=\u00a0\u00bb4_4&Prime; _builder_version=\u00a0\u00bb4.16&Prime; _module_preset=\u00a0\u00bbdefault\u00a0\u00bb global_colors_info=\u00a0\u00bb{}\u00a0\u00bb][et_pb_text _builder_version=\u00a0\u00bb4.16&Prime; _module_preset=\u00a0\u00bbdefault\u00a0\u00bb text_font=\u00a0\u00bbOpen Sans|700|||||||\u00a0\u00bb text_text_color=\u00a0\u00bb#008a8b\u00a0\u00bb text_font_size=\u00a0\u00bb16px\u00a0\u00bb text_line_height=\u00a0\u00bb1.8em\u00a0\u00bb module_alignment=\u00a0\u00bbcenter\u00a0\u00bb custom_margin=\u00a0\u00bb||||false|false\u00a0\u00bb global_colors_info=\u00a0\u00bb{}\u00a0\u00bb]<\/p>\n<p style=\"text-align: justify\">Apn\u00e9e du sommeil, oxyg\u00e9noth\u00e9rapie, ventilation non invasive\u2026 Les dispositifs d\u2019assistance respiratoire font partie de l\u2019ADN du groupe Bastide M\u00e9dical depuis ses d\u00e9buts. De la prescription m\u00e9dicale jusqu\u2019\u00e0 l\u2019installation des appareils m\u00e9dicaux, de la formation des patients jusqu\u2019au suivi des r\u00e9sultats de t\u00e9l\u00e9observance, nous proposons une prise en charge globale, adapt\u00e9e \u00e0 chaque patient.<\/p>\n<p>[\/et_pb_text][\/et_pb_column][\/et_pb_row][et_pb_row column_structure=\u00a0\u00bb1_2,1_2&Prime; custom_padding_last_edited=\u00a0\u00bbon|tablet\u00a0\u00bb _builder_version=\u00a0\u00bb4.16&Prime; _module_preset=\u00a0\u00bbdefault\u00a0\u00bb background_color=\u00a0\u00bb#FFFFFF\u00a0\u00bb max_width=\u00a0\u00bb1400px\u00a0\u00bb module_alignment=\u00a0\u00bbcenter\u00a0\u00bb custom_margin=\u00a0\u00bb||||false|false\u00a0\u00bb custom_padding=\u00a0\u00bb|100px|50px|60px|false|false\u00a0\u00bb custom_padding_tablet=\u00a0\u00bb|50px||50px|false|false\u00a0\u00bb custom_padding_phone=\u00a0\u00bb|30px|50px|30px|false|false\u00a0\u00bb box_shadow_style=\u00a0\u00bbpreset2&Prime; box_shadow_horizontal=\u00a0\u00bb10px\u00a0\u00bb box_shadow_vertical=\u00a0\u00bb10px\u00a0\u00bb box_shadow_blur=\u00a0\u00bb14px\u00a0\u00bb box_shadow_color=\u00a0\u00bbrgba(0,0,0,0.05)\u00a0\u00bb global_colors_info=\u00a0\u00bb{}\u00a0\u00bb box_shadow_color__hover_enabled=\u00a0\u00bbon|hover\u00a0\u00bb box_shadow_color__hover=\u00a0\u00bbrgba(0,0,0,0.12)\u00a0\u00bb][et_pb_column type=\u00a0\u00bb1_2&Prime; _builder_version=\u00a0\u00bb4.16&Prime; _module_preset=\u00a0\u00bbdefault\u00a0\u00bb global_colors_info=\u00a0\u00bb{}\u00a0\u00bb][et_pb_video src=\u00a0\u00bbhttps:\/\/www.youtube.com\/watch?v=yCrXEgewM6Q\u00a0\u00bb _builder_version=\u00a0\u00bb4.16&Prime; _module_preset=\u00a0\u00bbdefault\u00a0\u00bb width=\u00a0\u00bb100%\u00a0\u00bb max_width=\u00a0\u00bb90%\u00a0\u00bb max_width_tablet=\u00a0\u00bb\u00a0\u00bb max_width_phone=\u00a0\u00bb\u00a0\u00bb max_width_last_edited=\u00a0\u00bbon|phone\u00a0\u00bb module_alignment=\u00a0\u00bbcenter\u00a0\u00bb global_colors_info=\u00a0\u00bb{}\u00a0\u00bb][\/et_pb_video][\/et_pb_column][et_pb_column type=\u00a0\u00bb1_2&Prime; _builder_version=\u00a0\u00bb4.16&Prime; _module_preset=\u00a0\u00bbdefault\u00a0\u00bb global_colors_info=\u00a0\u00bb{}\u00a0\u00bb][et_pb_text _builder_version=\u00a0\u00bb4.16&Prime; _module_preset=\u00a0\u00bbdefault\u00a0\u00bb text_font=\u00a0\u00bbOpen Sans|300|||||||\u00a0\u00bb text_text_color=\u00a0\u00bb#000000&Prime; header_font=\u00a0\u00bbCoolvetica Regular|800||on|||||\u00a0\u00bb header_text_align=\u00a0\u00bbleft\u00a0\u00bb header_text_color=\u00a0\u00bb#2d2d2d\u00a0\u00bb header_letter_spacing=\u00a0\u00bb3px\u00a0\u00bb header_2_font=\u00a0\u00bbCoolvetica Regular|600||on|||||\u00a0\u00bb header_2_letter_spacing=\u00a0\u00bb3px\u00a0\u00bb module_alignment=\u00a0\u00bbcenter\u00a0\u00bb custom_margin=\u00a0\u00bb15px|0px|0px|0px|false|false\u00a0\u00bb custom_padding=\u00a0\u00bb||||false|false\u00a0\u00bb global_colors_info=\u00a0\u00bb{}\u00a0\u00bb]<\/p>\n<h2>Des solutions <span style=\"color: #008a8b\">inspirantes<\/span><\/h2>\n<p>[\/et_pb_text][et_pb_divider color=\u00a0\u00bb#008a8b\u00a0\u00bb divider_weight=\u00a0\u00bb4px\u00a0\u00bb _builder_version=\u00a0\u00bb4.16&Prime; _module_preset=\u00a0\u00bbdefault\u00a0\u00bb width=\u00a0\u00bb20%\u00a0\u00bb custom_padding=\u00a0\u00bb15px||||false|false\u00a0\u00bb global_colors_info=\u00a0\u00bb{}\u00a0\u00bb][\/et_pb_divider][et_pb_text _builder_version=\u00a0\u00bb4.16&Prime; _module_preset=\u00a0\u00bbdefault\u00a0\u00bb text_font=\u00a0\u00bbOpen Sans||||||||\u00a0\u00bb text_text_color=\u00a0\u00bbrgba(0,0,0,0.81)\u00a0\u00bb text_font_size=\u00a0\u00bb15px\u00a0\u00bb module_alignment=\u00a0\u00bbcenter\u00a0\u00bb custom_margin=\u00a0\u00bb-20px|0px|0px|0px|false|false\u00a0\u00bb custom_padding=\u00a0\u00bb||||false|false\u00a0\u00bb global_colors_info=\u00a0\u00bb{}\u00a0\u00bb]<\/p>\n<p style=\"text-align: justify\">Positionn\u00e9 parmi les leaders fran\u00e7ais des prestations d\u2019appareillage m\u00e9dical et de services dans le traitement des pathologies respiratoires, le groupe Bastide M\u00e9dical s\u2019engage au quotidien aux c\u00f4t\u00e9s des patients.<\/p>\n<p style=\"text-align: justify\">Innovation et accompagnement font ainsi partie int\u00e9grante de nos m\u00e9thodes pour procurer \u00e0 tous les meilleures solutions de prise en charge \u00e0 domicile, en coordination parfaite avec les professionnels de sant\u00e9.<\/p>\n<p style=\"text-align: justify\">C\u2019est en \u00e9quipe que nous travaillons pour mettre votre bien-\u00eatre au c\u0153ur de nos pr\u00e9occupations, et faire de votre sant\u00e9 notre priorit\u00e9\u2026<\/p>\n<p>[\/et_pb_text][\/et_pb_column][\/et_pb_row][\/et_pb_section][et_pb_section fb_built=\u00a0\u00bb1&Prime; _builder_version=\u00a0\u00bb4.16&Prime; _module_preset=\u00a0\u00bbdefault\u00a0\u00bb background_color=\u00a0\u00bb#FFFFFF\u00a0\u00bb global_colors_info=\u00a0\u00bb{}\u00a0\u00bb][et_pb_row column_structure=\u00a0\u00bb1_3,1_3,1_3&Prime; _builder_version=\u00a0\u00bb4.16&Prime; _module_preset=\u00a0\u00bbdefault\u00a0\u00bb max_width=\u00a0\u00bb1200px\u00a0\u00bb module_alignment=\u00a0\u00bbcenter\u00a0\u00bb custom_margin=\u00a0\u00bb-180px||||false|false\u00a0\u00bb animation_style=\u00a0\u00bbzoom\u00a0\u00bb animation_duration=\u00a0\u00bb1250ms\u00a0\u00bb animation_delay=\u00a0\u00bb250ms\u00a0\u00bb animation_starting_opacity=\u00a0\u00bb50%\u00a0\u00bb global_colors_info=\u00a0\u00bb{}\u00a0\u00bb][et_pb_column type=\u00a0\u00bb1_3&Prime; _builder_version=\u00a0\u00bb4.16&Prime; _module_preset=\u00a0\u00bbdefault\u00a0\u00bb global_colors_info=\u00a0\u00bb{}\u00a0\u00bb][et_pb_image src=\u00a0\u00bbhttps:\/\/bastide-network.ovh\/dev-bastide-groupe\/wp-content\/uploads\/sites\/7\/2022\/03\/Carte-PPC-V1.jpg\u00a0\u00bb title_text=\u00a0\u00bbCarte-PPC-V1&Prime; align=\u00a0\u00bbcenter\u00a0\u00bb _builder_version=\u00a0\u00bb4.16&Prime; _module_preset=\u00a0\u00bbdefault\u00a0\u00bb border_style_all=\u00a0\u00bbnone\u00a0\u00bb locked=\u00a0\u00bboff\u00a0\u00bb global_colors_info=\u00a0\u00bb{}\u00a0\u00bb][\/et_pb_image][et_pb_blurb title=\u00a0\u00bbApn\u00e9e du Sommeil\u00a0\u00bb url=\u00a0\u00bb\/nos-metiers\/assistance-respiratoire\/apnee-du-sommeil\/\u00a0\u00bb image_icon_background_color=\u00a0\u00bb#FFFFFF\u00a0\u00bb image=\u00a0\u00bbhttps:\/\/bastide-network.ovh\/dev-bastide-groupe\/wp-content\/uploads\/sites\/7\/2022\/03\/Picto-PPC.png\u00a0\u00bb _builder_version=\u00a0\u00bb4.17.6&Prime; _module_preset=\u00a0\u00bbdefault\u00a0\u00bb header_font=\u00a0\u00bbCoolvetica Regular|800||on|||||\u00a0\u00bb header_text_align=\u00a0\u00bbcenter\u00a0\u00bb header_text_color=\u00a0\u00bb#2d2d2d\u00a0\u00bb header_font_size=\u00a0\u00bb18px\u00a0\u00bb header_letter_spacing=\u00a0\u00bb2px\u00a0\u00bb header_line_height=\u00a0\u00bb1.7em\u00a0\u00bb body_font=\u00a0\u00bbOpen Sans||||||||\u00a0\u00bb body_text_color=\u00a0\u00bbrgba(0,0,0,0.81)\u00a0\u00bb body_font_size=\u00a0\u00bb15px\u00a0\u00bb custom_margin=\u00a0\u00bb-85px||||false|false\u00a0\u00bb border_radii_image=\u00a0\u00bbon|200px|200px|200px|200px\u00a0\u00bb border_width_all_image=\u00a0\u00bb10px\u00a0\u00bb border_color_all_image=\u00a0\u00bb#FFFFFF\u00a0\u00bb global_colors_info=\u00a0\u00bb{}\u00a0\u00bb image__hover_enabled=\u00a0\u00bbon|hover\u00a0\u00bb image__hover=\u00a0\u00bbhttps:\/\/bastide-network.ovh\/dev-bastide-groupe\/wp-content\/uploads\/sites\/7\/2022\/03\/Picto-PPC-hover.png\u00a0\u00bb]<\/p>\n<p style=\"text-align: justify;\">Syndrome impactant fortement la qualit\u00e9 de vie, l\u2019apn\u00e9e du Sommeil est trait\u00e9e par Pression Positive Continue (PPC). Un dispositif que les experts Bastide M\u00e9dical ma\u00eetrisent parfaitement, de l\u2019installation jusqu\u2019au suivi&#8230;<\/p>\n<p>[\/et_pb_blurb][et_pb_button button_url=\u00a0\u00bbhttps:\/\/bastide-groupe.fr\/nos-metiers\/assistance-respiratoire\/apnee-du-sommeil\/\u00a0\u00bb button_text=\u00a0\u00bbEn savoir +\u00a0\u00bb button_alignment=\u00a0\u00bbcenter\u00a0\u00bb disabled_on=\u00a0\u00bboff|off|on\u00a0\u00bb _builder_version=\u00a0\u00bb4.17.6&Prime; _module_preset=\u00a0\u00bbdefault\u00a0\u00bb custom_button=\u00a0\u00bbon\u00a0\u00bb button_text_size=\u00a0\u00bb19px\u00a0\u00bb button_text_color=\u00a0\u00bb#FFFFFF\u00a0\u00bb button_bg_color=\u00a0\u00bbrgba(0,0,0,0.19)\u00a0\u00bb button_border_width=\u00a0\u00bb0px\u00a0\u00bb button_border_radius=\u00a0\u00bb3px\u00a0\u00bb button_letter_spacing=\u00a0\u00bb1px\u00a0\u00bb button_font=\u00a0\u00bbOpen Sans|||on|||||\u00a0\u00bb button_use_icon=\u00a0\u00bboff\u00a0\u00bb custom_margin=\u00a0\u00bb||||false|false\u00a0\u00bb custom_padding=\u00a0\u00bb10px|20px|10px|20px|false|false\u00a0\u00bb global_colors_info=\u00a0\u00bb{}\u00a0\u00bb button_bg_color__hover_enabled=\u00a0\u00bbon|hover\u00a0\u00bb button_bg_color__hover=\u00a0\u00bb#008a8b\u00a0\u00bb button_bg_enable_color__hover=\u00a0\u00bbon\u00a0\u00bb][\/et_pb_button][\/et_pb_column][et_pb_column type=\u00a0\u00bb1_3&Prime; _builder_version=\u00a0\u00bb4.16&Prime; _module_preset=\u00a0\u00bbdefault\u00a0\u00bb global_colors_info=\u00a0\u00bb{}\u00a0\u00bb][et_pb_image src=\u00a0\u00bbhttps:\/\/bastide-network.ovh\/dev-bastide-groupe\/wp-content\/uploads\/sites\/7\/2022\/03\/Carte-RESPI-V1-1.jpg\u00a0\u00bb title_text=\u00a0\u00bbCarte-RESPI-V1&Prime; align=\u00a0\u00bbcenter\u00a0\u00bb _builder_version=\u00a0\u00bb4.16&Prime; _module_preset=\u00a0\u00bbdefault\u00a0\u00bb border_style_all=\u00a0\u00bbnone\u00a0\u00bb locked=\u00a0\u00bboff\u00a0\u00bb global_colors_info=\u00a0\u00bb{}\u00a0\u00bb][\/et_pb_image][et_pb_blurb title=\u00a0\u00bbOxyg\u00e9noth\u00e9rapie\u00a0\u00bb url=\u00a0\u00bb\/nos-metiers\/assistance-respiratoire\/oxygenotherapie\/\u00a0\u00bb image_icon_background_color=\u00a0\u00bb#FFFFFF\u00a0\u00bb image=\u00a0\u00bbhttps:\/\/bastide-network.ovh\/dev-bastide-groupe\/wp-content\/uploads\/sites\/7\/2022\/03\/Picto-O2.png\u00a0\u00bb _builder_version=\u00a0\u00bb4.17.6&Prime; _module_preset=\u00a0\u00bbdefault\u00a0\u00bb header_font=\u00a0\u00bbCoolvetica Regular|800||on|||||\u00a0\u00bb header_text_align=\u00a0\u00bbcenter\u00a0\u00bb header_text_color=\u00a0\u00bb#2d2d2d\u00a0\u00bb header_font_size=\u00a0\u00bb18px\u00a0\u00bb header_letter_spacing=\u00a0\u00bb2px\u00a0\u00bb header_line_height=\u00a0\u00bb1.7em\u00a0\u00bb body_font=\u00a0\u00bbOpen Sans||||||||\u00a0\u00bb body_text_color=\u00a0\u00bbrgba(0,0,0,0.81)\u00a0\u00bb body_font_size=\u00a0\u00bb15px\u00a0\u00bb custom_margin=\u00a0\u00bb-85px||||false|false\u00a0\u00bb border_radii_image=\u00a0\u00bbon|200px|200px|200px|200px\u00a0\u00bb border_width_all_image=\u00a0\u00bb10px\u00a0\u00bb border_color_all_image=\u00a0\u00bb#FFFFFF\u00a0\u00bb global_colors_info=\u00a0\u00bb{}\u00a0\u00bb image__hover_enabled=\u00a0\u00bbon|hover\u00a0\u00bb image__hover=\u00a0\u00bbhttps:\/\/bastide-network.ovh\/dev-bastide-groupe\/wp-content\/uploads\/sites\/7\/2022\/03\/Picto-O2-hover.png\u00a0\u00bb]<\/p>\n<p style=\"text-align: justify;\">Traitement m\u00e9dical propos\u00e9 dans les cas d\u2019insuffisance respiratoire chronique ou aigu\u00eb, d\u2019une maladie pulmonaire ou d\u2019une d\u00e9saturation \u00e0 l\u2019effort, l\u2019oxyg\u00e9noth\u00e9rapie vise \u00e0 corriger le manque d\u2019oxyg\u00e8ne dans le sang. Une solution permettant de r\u00e9tablir une autonomie et d\u2019am\u00e9liorer la qualit\u00e9 de vie.<\/p>\n<p>[\/et_pb_blurb][et_pb_button button_url=\u00a0\u00bbhttps:\/\/bastide-groupe.fr\/nos-metiers\/assistance-respiratoire\/oxygenotherapie\/\u00a0\u00bb button_text=\u00a0\u00bbEn savoir +\u00a0\u00bb button_alignment=\u00a0\u00bbcenter\u00a0\u00bb disabled_on=\u00a0\u00bboff|off|on\u00a0\u00bb _builder_version=\u00a0\u00bb4.17.6&Prime; _module_preset=\u00a0\u00bbdefault\u00a0\u00bb custom_button=\u00a0\u00bbon\u00a0\u00bb button_text_size=\u00a0\u00bb19px\u00a0\u00bb button_text_color=\u00a0\u00bb#FFFFFF\u00a0\u00bb button_bg_color=\u00a0\u00bbrgba(0,0,0,0.19)\u00a0\u00bb button_border_width=\u00a0\u00bb0px\u00a0\u00bb button_border_radius=\u00a0\u00bb3px\u00a0\u00bb button_letter_spacing=\u00a0\u00bb1px\u00a0\u00bb button_font=\u00a0\u00bbOpen Sans|||on|||||\u00a0\u00bb button_use_icon=\u00a0\u00bboff\u00a0\u00bb custom_margin=\u00a0\u00bb||||false|false\u00a0\u00bb custom_padding=\u00a0\u00bb10px|20px|10px|20px|false|false\u00a0\u00bb global_colors_info=\u00a0\u00bb{}\u00a0\u00bb button_bg_color__hover_enabled=\u00a0\u00bbon|hover\u00a0\u00bb button_bg_color__hover=\u00a0\u00bb#008a8b\u00a0\u00bb button_bg_enable_color__hover=\u00a0\u00bbon\u00a0\u00bb][\/et_pb_button][\/et_pb_column][et_pb_column type=\u00a0\u00bb1_3&Prime; _builder_version=\u00a0\u00bb4.16&Prime; _module_preset=\u00a0\u00bbdefault\u00a0\u00bb global_colors_info=\u00a0\u00bb{}\u00a0\u00bb][et_pb_image src=\u00a0\u00bbhttps:\/\/bastide-network.ovh\/dev-bastide-groupe\/wp-content\/uploads\/sites\/7\/2022\/03\/Carte-VNI-V1.jpg\u00a0\u00bb title_text=\u00a0\u00bbCarte-VNI-V1&Prime; align=\u00a0\u00bbcenter\u00a0\u00bb _builder_version=\u00a0\u00bb4.16&Prime; _module_preset=\u00a0\u00bbdefault\u00a0\u00bb border_style_all=\u00a0\u00bbnone\u00a0\u00bb locked=\u00a0\u00bboff\u00a0\u00bb global_colors_info=\u00a0\u00bb{}\u00a0\u00bb][\/et_pb_image][et_pb_blurb title=\u00a0\u00bbVentilation Non Invasive\u00a0\u00bb url=\u00a0\u00bb\/nos-metiers\/assistance-respiratoire\/ventilation-non-invasive\/\u00a0\u00bb image_icon_background_color=\u00a0\u00bb#FFFFFF\u00a0\u00bb image=\u00a0\u00bbhttps:\/\/bastide-network.ovh\/dev-bastide-groupe\/wp-content\/uploads\/sites\/7\/2022\/03\/Picto-RESPI-1.png\u00a0\u00bb _builder_version=\u00a0\u00bb4.17.6&Prime; _module_preset=\u00a0\u00bbdefault\u00a0\u00bb header_font=\u00a0\u00bbCoolvetica Regular|800||on|||||\u00a0\u00bb header_text_align=\u00a0\u00bbcenter\u00a0\u00bb header_text_color=\u00a0\u00bb#2d2d2d\u00a0\u00bb header_font_size=\u00a0\u00bb18px\u00a0\u00bb header_letter_spacing=\u00a0\u00bb2px\u00a0\u00bb header_line_height=\u00a0\u00bb1.7em\u00a0\u00bb body_font=\u00a0\u00bbOpen Sans||||||||\u00a0\u00bb body_text_color=\u00a0\u00bbrgba(0,0,0,0.81)\u00a0\u00bb body_font_size=\u00a0\u00bb15px\u00a0\u00bb custom_margin=\u00a0\u00bb-85px||||false|false\u00a0\u00bb border_radii_image=\u00a0\u00bbon|200px|200px|200px|200px\u00a0\u00bb border_width_all_image=\u00a0\u00bb10px\u00a0\u00bb border_color_all_image=\u00a0\u00bb#FFFFFF\u00a0\u00bb global_colors_info=\u00a0\u00bb{}\u00a0\u00bb image__hover_enabled=\u00a0\u00bbon|hover\u00a0\u00bb image__hover=\u00a0\u00bbhttps:\/\/bastide-network.ovh\/dev-bastide-groupe\/wp-content\/uploads\/sites\/7\/2022\/03\/Picto-RESPI-hover-1.png\u00a0\u00bb]<\/p>\n<p style=\"text-align: justify;\">Hypercapnie, hypox\u00e9mie, acidose&#8230; Autant de troubles pathologiques qui peuvent \u00eatre corrig\u00e9s gr\u00e2ce \u00e0 un appareillage de ventilation non invasive et un suivi personnalis\u00e9 r\u00e9alis\u00e9 par un sp\u00e9cialiste Bastide M\u00e9dical, pour un accompagnement complet et optimis\u00e9.<\/p>\n<p>[\/et_pb_blurb][et_pb_button button_url=\u00a0\u00bbhttps:\/\/bastide-groupe.fr\/nos-metiers\/assistance-respiratoire\/ventilation-non-invasive\/\u00a0\u00bb button_text=\u00a0\u00bbEn savoir +\u00a0\u00bb button_alignment=\u00a0\u00bbcenter\u00a0\u00bb disabled_on=\u00a0\u00bboff|off|on\u00a0\u00bb _builder_version=\u00a0\u00bb4.17.6&Prime; _module_preset=\u00a0\u00bbdefault\u00a0\u00bb custom_button=\u00a0\u00bbon\u00a0\u00bb button_text_size=\u00a0\u00bb19px\u00a0\u00bb button_text_color=\u00a0\u00bb#FFFFFF\u00a0\u00bb button_bg_color=\u00a0\u00bbrgba(0,0,0,0.19)\u00a0\u00bb button_border_width=\u00a0\u00bb0px\u00a0\u00bb button_border_radius=\u00a0\u00bb3px\u00a0\u00bb button_letter_spacing=\u00a0\u00bb1px\u00a0\u00bb button_font=\u00a0\u00bbOpen Sans|||on|||||\u00a0\u00bb button_use_icon=\u00a0\u00bboff\u00a0\u00bb custom_margin=\u00a0\u00bb||||false|false\u00a0\u00bb custom_padding=\u00a0\u00bb10px|20px|10px|20px|false|false\u00a0\u00bb global_colors_info=\u00a0\u00bb{}\u00a0\u00bb button_bg_color__hover_enabled=\u00a0\u00bbon|hover\u00a0\u00bb button_bg_color__hover=\u00a0\u00bb#008a8b\u00a0\u00bb button_bg_enable_color__hover=\u00a0\u00bbon\u00a0\u00bb][\/et_pb_button][\/et_pb_column][\/et_pb_row][et_pb_row column_structure=\u00a0\u00bb1_3,1_3,1_3&Prime; disabled_on=\u00a0\u00bbon|on|off\u00a0\u00bb _builder_version=\u00a0\u00bb4.16&Prime; _module_preset=\u00a0\u00bbdefault\u00a0\u00bb max_width=\u00a0\u00bb1200px\u00a0\u00bb module_alignment=\u00a0\u00bbcenter\u00a0\u00bb custom_margin=\u00a0\u00bb-40px||||false|false\u00a0\u00bb global_colors_info=\u00a0\u00bb{}\u00a0\u00bb][et_pb_column type=\u00a0\u00bb1_3&Prime; _builder_version=\u00a0\u00bb4.16&Prime; _module_preset=\u00a0\u00bbdefault\u00a0\u00bb global_colors_info=\u00a0\u00bb{}\u00a0\u00bb][et_pb_button button_url=\u00a0\u00bbhttps:\/\/bastide-groupe.fr\/nos-metiers\/assistance-respiratoire\/apnee-du-sommeil\/\u00a0\u00bb button_text=\u00a0\u00bbEn savoir +\u00a0\u00bb button_alignment=\u00a0\u00bbcenter\u00a0\u00bb admin_label=\u00a0\u00bbBouton\u00a0\u00bb _builder_version=\u00a0\u00bb4.17.6&Prime; _module_preset=\u00a0\u00bbdefault\u00a0\u00bb custom_button=\u00a0\u00bbon\u00a0\u00bb button_text_size=\u00a0\u00bb19px\u00a0\u00bb button_text_color=\u00a0\u00bb#FFFFFF\u00a0\u00bb button_bg_color=\u00a0\u00bbrgba(0,0,0,0.19)\u00a0\u00bb button_border_width=\u00a0\u00bb0px\u00a0\u00bb button_border_radius=\u00a0\u00bb3px\u00a0\u00bb button_letter_spacing=\u00a0\u00bb1px\u00a0\u00bb button_font=\u00a0\u00bbOpen Sans|||on|||||\u00a0\u00bb button_use_icon=\u00a0\u00bboff\u00a0\u00bb custom_margin=\u00a0\u00bb||||false|false\u00a0\u00bb custom_padding=\u00a0\u00bb10px|20px|10px|20px|false|false\u00a0\u00bb global_colors_info=\u00a0\u00bb{}\u00a0\u00bb button_bg_color__hover_enabled=\u00a0\u00bbon|hover\u00a0\u00bb button_bg_color__hover=\u00a0\u00bb#008a8b\u00a0\u00bb button_bg_enable_color__hover=\u00a0\u00bbon\u00a0\u00bb][\/et_pb_button][\/et_pb_column][et_pb_column type=\u00a0\u00bb1_3&Prime; _builder_version=\u00a0\u00bb4.16&Prime; _module_preset=\u00a0\u00bbdefault\u00a0\u00bb global_colors_info=\u00a0\u00bb{}\u00a0\u00bb][et_pb_button button_url=\u00a0\u00bbhttps:\/\/bastide-groupe.fr\/nos-metiers\/assistance-respiratoire\/oxygenotherapie\/\u00a0\u00bb button_text=\u00a0\u00bbEn savoir +\u00a0\u00bb button_alignment=\u00a0\u00bbcenter\u00a0\u00bb _builder_version=\u00a0\u00bb4.17.6&Prime; _module_preset=\u00a0\u00bbdefault\u00a0\u00bb custom_button=\u00a0\u00bbon\u00a0\u00bb button_text_size=\u00a0\u00bb19px\u00a0\u00bb button_text_color=\u00a0\u00bb#FFFFFF\u00a0\u00bb button_bg_color=\u00a0\u00bbrgba(0,0,0,0.19)\u00a0\u00bb button_border_width=\u00a0\u00bb0px\u00a0\u00bb button_border_radius=\u00a0\u00bb3px\u00a0\u00bb button_letter_spacing=\u00a0\u00bb1px\u00a0\u00bb button_font=\u00a0\u00bbOpen Sans|||on|||||\u00a0\u00bb button_use_icon=\u00a0\u00bboff\u00a0\u00bb custom_margin=\u00a0\u00bb||||false|false\u00a0\u00bb custom_padding=\u00a0\u00bb10px|20px|10px|20px|false|false\u00a0\u00bb global_colors_info=\u00a0\u00bb{}\u00a0\u00bb button_bg_color__hover_enabled=\u00a0\u00bbon|hover\u00a0\u00bb button_bg_color__hover=\u00a0\u00bb#008a8b\u00a0\u00bb button_bg_enable_color__hover=\u00a0\u00bbon\u00a0\u00bb][\/et_pb_button][\/et_pb_column][et_pb_column type=\u00a0\u00bb1_3&Prime; _builder_version=\u00a0\u00bb4.16&Prime; _module_preset=\u00a0\u00bbdefault\u00a0\u00bb global_colors_info=\u00a0\u00bb{}\u00a0\u00bb][et_pb_button button_url=\u00a0\u00bbhttps:\/\/bastide-groupe.fr\/nos-metiers\/assistance-respiratoire\/ventilation-non-invasive\/\u00a0\u00bb button_text=\u00a0\u00bbEn savoir +\u00a0\u00bb button_alignment=\u00a0\u00bbcenter\u00a0\u00bb _builder_version=\u00a0\u00bb4.17.6&Prime; _module_preset=\u00a0\u00bbdefault\u00a0\u00bb custom_button=\u00a0\u00bbon\u00a0\u00bb button_text_size=\u00a0\u00bb19px\u00a0\u00bb button_text_color=\u00a0\u00bb#FFFFFF\u00a0\u00bb button_bg_color=\u00a0\u00bbrgba(0,0,0,0.19)\u00a0\u00bb button_border_width=\u00a0\u00bb0px\u00a0\u00bb button_border_radius=\u00a0\u00bb3px\u00a0\u00bb button_letter_spacing=\u00a0\u00bb1px\u00a0\u00bb button_font=\u00a0\u00bbOpen Sans|||on|||||\u00a0\u00bb button_use_icon=\u00a0\u00bboff\u00a0\u00bb custom_margin=\u00a0\u00bb||||false|false\u00a0\u00bb custom_padding=\u00a0\u00bb10px|20px|10px|20px|false|false\u00a0\u00bb global_colors_info=\u00a0\u00bb{}\u00a0\u00bb button_bg_color__hover_enabled=\u00a0\u00bbon|hover\u00a0\u00bb button_bg_color__hover=\u00a0\u00bb#008a8b\u00a0\u00bb button_bg_enable_color__hover=\u00a0\u00bbon\u00a0\u00bb][\/et_pb_button][\/et_pb_column][\/et_pb_row][\/et_pb_section][et_pb_section fb_built=\u00a0\u00bb1&Prime; _builder_version=\u00a0\u00bb4.16&Prime; _module_preset=\u00a0\u00bbdefault\u00a0\u00bb background_color=\u00a0\u00bbRGBA(0,0,0,0)\u00a0\u00bb width=\u00a0\u00bb100%\u00a0\u00bb custom_margin=\u00a0\u00bb-30px|0px||0px|false|false\u00a0\u00bb custom_padding=\u00a0\u00bb|0px|0px|0px|false|false\u00a0\u00bb global_colors_info=\u00a0\u00bb{}\u00a0\u00bb][et_pb_row column_structure=\u00a0\u00bb3_5,2_5&Prime; use_custom_gutter=\u00a0\u00bbon\u00a0\u00bb gutter_width=\u00a0\u00bb1&Prime; make_equal=\u00a0\u00bbon\u00a0\u00bb _builder_version=\u00a0\u00bb4.16&Prime; _module_preset=\u00a0\u00bbdefault\u00a0\u00bb background_color=\u00a0\u00bb#008a8b\u00a0\u00bb width=\u00a0\u00bb100%\u00a0\u00bb max_width=\u00a0\u00bb2560px\u00a0\u00bb custom_margin=\u00a0\u00bb0px|0px|0px|0px|false|false\u00a0\u00bb custom_padding=\u00a0\u00bb0px|0px|0px|0px|false|false\u00a0\u00bb global_colors_info=\u00a0\u00bb{}\u00a0\u00bb][et_pb_column type=\u00a0\u00bb3_5&Prime; _builder_version=\u00a0\u00bb4.16&Prime; _module_preset=\u00a0\u00bbdefault\u00a0\u00bb background_enable_color=\u00a0\u00bboff\u00a0\u00bb custom_padding=\u00a0\u00bb||130px||false|false\u00a0\u00bb global_colors_info=\u00a0\u00bb{}\u00a0\u00bb][et_pb_text _builder_version=\u00a0\u00bb4.16&Prime; _module_preset=\u00a0\u00bbdefault\u00a0\u00bb text_font=\u00a0\u00bbOpen Sans|300|||||||\u00a0\u00bb header_font=\u00a0\u00bbCoolvetica Regular|800||on|||||\u00a0\u00bb header_text_align=\u00a0\u00bbleft\u00a0\u00bb header_text_color=\u00a0\u00bbrgba(0,0,0,0.81)\u00a0\u00bb header_letter_spacing=\u00a0\u00bb3px\u00a0\u00bb header_2_font=\u00a0\u00bbCoolvetica Regular|600||on|||||\u00a0\u00bb header_2_text_color=\u00a0\u00bb#2d2d2d\u00a0\u00bb header_2_letter_spacing=\u00a0\u00bb3px\u00a0\u00bb custom_margin=\u00a0\u00bb80px|0px|0px|0px|false|false\u00a0\u00bb custom_padding=\u00a0\u00bb|180px||180px|false|false\u00a0\u00bb custom_padding_tablet=\u00a0\u00bb|80px||80px|false|false\u00a0\u00bb custom_padding_phone=\u00a0\u00bb|40px||40px|false|false\u00a0\u00bb custom_padding_last_edited=\u00a0\u00bbon|phone\u00a0\u00bb global_colors_info=\u00a0\u00bb{}\u00a0\u00bb]<\/p>\n<h2><span style=\"color: #ffffff\">Innovation<\/span> &amp; <span style=\"color: #ffffff\">Technologie<\/span> au coeur de nos actions<\/h2>\n<p>[\/et_pb_text][et_pb_divider color=\u00a0\u00bb#2d2d2d\u00a0\u00bb divider_weight=\u00a0\u00bb4px\u00a0\u00bb _builder_version=\u00a0\u00bb4.16&Prime; _module_preset=\u00a0\u00bbdefault\u00a0\u00bb width=\u00a0\u00bb20%\u00a0\u00bb module_alignment=\u00a0\u00bbleft\u00a0\u00bb custom_margin=\u00a0\u00bb20px||||false|false\u00a0\u00bb custom_padding=\u00a0\u00bb|180px||180px|false|false\u00a0\u00bb custom_padding_tablet=\u00a0\u00bb|80px||80px|false|false\u00a0\u00bb custom_padding_phone=\u00a0\u00bb|40px||40px|false|false\u00a0\u00bb custom_padding_last_edited=\u00a0\u00bbon|phone\u00a0\u00bb global_colors_info=\u00a0\u00bb{}\u00a0\u00bb][\/et_pb_divider][et_pb_text _builder_version=\u00a0\u00bb4.16&Prime; _module_preset=\u00a0\u00bbdefault\u00a0\u00bb text_font=\u00a0\u00bbOpen Sans|600|||||||\u00a0\u00bb text_text_color=\u00a0\u00bb#FFFFFF\u00a0\u00bb text_font_size=\u00a0\u00bb15px\u00a0\u00bb module_alignment=\u00a0\u00bbcenter\u00a0\u00bb custom_margin=\u00a0\u00bb20px|0px||0px|false|false\u00a0\u00bb custom_padding=\u00a0\u00bb|180px||180px|false|false\u00a0\u00bb custom_padding_tablet=\u00a0\u00bb|80px|50px|80px|false|false\u00a0\u00bb custom_padding_phone=\u00a0\u00bb|40px||40px|false|false\u00a0\u00bb custom_padding_last_edited=\u00a0\u00bbon|phone\u00a0\u00bb global_colors_info=\u00a0\u00bb{}\u00a0\u00bb]<\/p>\n<p style=\"text-align: justify\">En partenariat \u00e9troit avec les plus grandes marques, Bastide M\u00e9dical vous propose des solutions et des dispositifs m\u00e9dicaux de derni\u00e8re g\u00e9n\u00e9ration. Jour apr\u00e8s jour, nous sommes engag\u00e9s avec les fabricants de mat\u00e9riel pour leur transmettre les retours d\u2019exp\u00e9rience de nos clients et ainsi leur permettre d\u2019am\u00e9liorer sans cesse leurs \u00e9quipements.<br \/>\nLe confort m\u00e9dical passe par des technologies innovantes et Bastide veille \u00e0 leur d\u00e9veloppement, pour votre sant\u00e9 et votre bien-\u00eatre.<\/p>\n<p>[\/et_pb_text][\/et_pb_column][et_pb_column type=\u00a0\u00bb2_5&Prime; _builder_version=\u00a0\u00bb4.16&Prime; _module_preset=\u00a0\u00bbdefault\u00a0\u00bb background_image=\u00a0\u00bbhttps:\/\/bastide-network.ovh\/dev-bastide-groupe\/wp-content\/uploads\/sites\/7\/2022\/03\/feeling-free-happy_.jpg\u00a0\u00bb global_colors_info=\u00a0\u00bb{}\u00a0\u00bb][\/et_pb_column][\/et_pb_row][\/et_pb_section][et_pb_section fb_built=\u00a0\u00bb1&Prime; _builder_version=\u00a0\u00bb4.16&Prime; _module_preset=\u00a0\u00bbdefault\u00a0\u00bb global_colors_info=\u00a0\u00bb{}\u00a0\u00bb][et_pb_row column_structure=\u00a0\u00bb1_2,1_2&Prime; _builder_version=\u00a0\u00bb4.16&Prime; _module_preset=\u00a0\u00bbdefault\u00a0\u00bb module_alignment=\u00a0\u00bbcenter\u00a0\u00bb custom_margin=\u00a0\u00bb0px|0px|0px|0px|false|false\u00a0\u00bb custom_padding=\u00a0\u00bb0px|0px|0px|0px|false|false\u00a0\u00bb global_colors_info=\u00a0\u00bb{}\u00a0\u00bb][et_pb_column type=\u00a0\u00bb1_2&Prime; _builder_version=\u00a0\u00bb4.16&Prime; _module_preset=\u00a0\u00bbdefault\u00a0\u00bb global_colors_info=\u00a0\u00bb{}\u00a0\u00bb][et_pb_testimonial author=\u00a0\u00bbSylvie, 47 ans, Montpellier (34)\u00a0\u00bb portrait_url=\u00a0\u00bbhttps:\/\/bastide-network.ovh\/dev-bastide-groupe-dev\/wp-content\/uploads\/sites\/9\/2022\/03\/Persona-Fabienne.jpg\u00a0\u00bb quote_icon_color=\u00a0\u00bb#eadad0&Prime; quote_icon_background_color=\u00a0\u00bb#008a8b\u00a0\u00bb portrait_width=\u00a0\u00bb120px\u00a0\u00bb portrait_height=\u00a0\u00bb120px\u00a0\u00bb _builder_version=\u00a0\u00bb4.17.6&Prime; _module_preset=\u00a0\u00bbdefault\u00a0\u00bb body_font=\u00a0\u00bbOpen Sans|600|||||||\u00a0\u00bb body_text_align=\u00a0\u00bbleft\u00a0\u00bb body_text_color=\u00a0\u00bbrgba(0,0,0,0.9)\u00a0\u00bb background_color=\u00a0\u00bb#fbf8f6&Prime; custom_margin=\u00a0\u00bb-130px||||false|false\u00a0\u00bb custom_margin_tablet=\u00a0\u00bb-100px||||false|false\u00a0\u00bb custom_margin_phone=\u00a0\u00bb-80px||||false|false\u00a0\u00bb custom_margin_last_edited=\u00a0\u00bbon|tablet\u00a0\u00bb custom_padding=\u00a0\u00bb40px||||false|false\u00a0\u00bb animation_style=\u00a0\u00bbslide\u00a0\u00bb animation_duration=\u00a0\u00bb1450ms\u00a0\u00bb animation_delay=\u00a0\u00bb350ms\u00a0\u00bb animation_intensity_slide=\u00a0\u00bb19%\u00a0\u00bb hover_enabled=\u00a0\u00bb0&Prime; border_width_all_portrait=\u00a0\u00bb6px\u00a0\u00bb border_color_all_portrait=\u00a0\u00bb#FFFFFF\u00a0\u00bb box_shadow_style=\u00a0\u00bbpreset2&Prime; box_shadow_horizontal=\u00a0\u00bb5px\u00a0\u00bb box_shadow_vertical=\u00a0\u00bb10px\u00a0\u00bb box_shadow_blur=\u00a0\u00bb14px\u00a0\u00bb box_shadow_color=\u00a0\u00bbrgba(0,0,0,0.05)\u00a0\u00bb global_colors_info=\u00a0\u00bb{}\u00a0\u00bb background__hover_enabled=\u00a0\u00bbon|hover\u00a0\u00bb background_color__hover=\u00a0\u00bb#f3ebe5&Prime; background_enable_color__hover=\u00a0\u00bbon\u00a0\u00bb box_shadow_horizontal__hover_enabled=\u00a0\u00bbon|desktop\u00a0\u00bb box_shadow_color__hover_enabled=\u00a0\u00bbon|hover\u00a0\u00bb box_shadow_color__hover=\u00a0\u00bbrgba(0,0,0,0.12)\u00a0\u00bb box_shadow_horizontal__hover=\u00a0\u00bb10px\u00a0\u00bb sticky_enabled=\u00a0\u00bb0&Prime;]<\/p>\n<p style=\"text-align: justify;\">Suite aux prescriptions de mon m\u00e9decin traitant, un technicien Bastide M\u00e9dical est venu \u00e0 mon domicile pour installer le dispositif de PPC et me former \u00e0 son utilisation quotidienne. La maintenance ainsi que le suivi par t\u00e9l\u00e9observance me permettent de g\u00e9rer mon apn\u00e9e du sommeil avec s\u00e9r\u00e9nit\u00e9&#8230; et de dormir paisiblement !<\/p>\n<p>[\/et_pb_testimonial][\/et_pb_column][et_pb_column type=\u00a0\u00bb1_2&Prime; _builder_version=\u00a0\u00bb4.16&Prime; _module_preset=\u00a0\u00bbdefault\u00a0\u00bb global_colors_info=\u00a0\u00bb{}\u00a0\u00bb][\/et_pb_column][\/et_pb_row][et_pb_row column_structure=\u00a0\u00bb1_2,1_2&Prime; _builder_version=\u00a0\u00bb4.16&Prime; _module_preset=\u00a0\u00bbdefault\u00a0\u00bb max_width=\u00a0\u00bb1200px\u00a0\u00bb module_alignment=\u00a0\u00bbcenter\u00a0\u00bb custom_margin=\u00a0\u00bb-80px||||false|false\u00a0\u00bb global_colors_info=\u00a0\u00bb{}\u00a0\u00bb][et_pb_column type=\u00a0\u00bb1_2&Prime; _builder_version=\u00a0\u00bb4.16&Prime; _module_preset=\u00a0\u00bbdefault\u00a0\u00bb global_colors_info=\u00a0\u00bb{}\u00a0\u00bb][et_pb_text _builder_version=\u00a0\u00bb4.16&Prime; _module_preset=\u00a0\u00bbdefault\u00a0\u00bb text_font=\u00a0\u00bbOpen Sans|300|||||||\u00a0\u00bb header_font=\u00a0\u00bbCoolvetica Regular|800||on|||||\u00a0\u00bb header_text_align=\u00a0\u00bbleft\u00a0\u00bb header_text_color=\u00a0\u00bb#2d2d2d\u00a0\u00bb header_letter_spacing=\u00a0\u00bb3px\u00a0\u00bb header_2_font=\u00a0\u00bbCoolvetica Regular|600||on|||||\u00a0\u00bb header_2_text_color=\u00a0\u00bb#2d2d2d\u00a0\u00bb header_2_letter_spacing=\u00a0\u00bb3px\u00a0\u00bb module_alignment=\u00a0\u00bbcenter\u00a0\u00bb custom_margin=\u00a0\u00bb50px|0px|0px|0px|false|false\u00a0\u00bb custom_margin_tablet=\u00a0\u00bb-10px||||false|false\u00a0\u00bb custom_margin_phone=\u00a0\u00bb0px||||false|false\u00a0\u00bb custom_margin_last_edited=\u00a0\u00bbon|phone\u00a0\u00bb custom_padding=\u00a0\u00bb||||false|false\u00a0\u00bb global_colors_info=\u00a0\u00bb{}\u00a0\u00bb]<\/p>\n<h2>Votre <span style=\"color: #008a8b\">sant\u00e9<\/span> est entre de bonnes mains<\/h2>\n<p>[\/et_pb_text][et_pb_divider color=\u00a0\u00bb#008a8b\u00a0\u00bb divider_weight=\u00a0\u00bb4px\u00a0\u00bb _builder_version=\u00a0\u00bb4.16&Prime; _module_preset=\u00a0\u00bbdefault\u00a0\u00bb width=\u00a0\u00bb20%\u00a0\u00bb custom_padding=\u00a0\u00bb15px||||false|false\u00a0\u00bb global_colors_info=\u00a0\u00bb{}\u00a0\u00bb][\/et_pb_divider][et_pb_text _builder_version=\u00a0\u00bb4.16&Prime; _module_preset=\u00a0\u00bbdefault\u00a0\u00bb text_font=\u00a0\u00bbOpen Sans|700|||||||\u00a0\u00bb text_text_color=\u00a0\u00bb#008a8b\u00a0\u00bb text_font_size=\u00a0\u00bb15px\u00a0\u00bb module_alignment=\u00a0\u00bbcenter\u00a0\u00bb custom_margin=\u00a0\u00bb-20px|0px|0px|0px|false|false\u00a0\u00bb custom_padding=\u00a0\u00bb||||false|false\u00a0\u00bb global_colors_info=\u00a0\u00bb{}\u00a0\u00bb]<\/p>\n<p style=\"text-align: justify\">Votre sant\u00e9 m\u00e9rite le meilleur : la meilleure expertise, des conseils avis\u00e9s et un accompagnement personnalis\u00e9&#8230;<\/p>\n<p>[\/et_pb_text][\/et_pb_column][et_pb_column type=\u00a0\u00bb1_2&Prime; _builder_version=\u00a0\u00bb4.16&Prime; _module_preset=\u00a0\u00bbdefault\u00a0\u00bb global_colors_info=\u00a0\u00bb{}\u00a0\u00bb][et_pb_text _builder_version=\u00a0\u00bb4.16&Prime; _module_preset=\u00a0\u00bbdefault\u00a0\u00bb text_font=\u00a0\u00bbOpen Sans||||||||\u00a0\u00bb text_text_color=\u00a0\u00bbrgba(0,0,0,0.81)\u00a0\u00bb text_font_size=\u00a0\u00bb15px\u00a0\u00bb module_alignment=\u00a0\u00bbcenter\u00a0\u00bb custom_margin=\u00a0\u00bb45px|0px|0px|0px|false|false\u00a0\u00bb custom_margin_tablet=\u00a0\u00bb-5px||||false|false\u00a0\u00bb custom_margin_phone=\u00a0\u00bb\u00a0\u00bb custom_margin_last_edited=\u00a0\u00bbon|phone\u00a0\u00bb custom_padding=\u00a0\u00bb||||false|false\u00a0\u00bb global_colors_info=\u00a0\u00bb{}\u00a0\u00bb]<\/p>\n<p style=\"text-align: justify\">Quelle que soit votre pathologie respiratoire, les experts Bastide M\u00e9dical sont pr\u00e9sents \u00e0 vos c\u00f4t\u00e9s pour vous proposer les meilleures solutions d\u2019assistance.<\/p>\n<p style=\"text-align: justify\">Sur les recommandations de votre m\u00e9decin, nos techniciens interviennent \u00e0 domicile pour vous apporter une r\u00e9ponse individualis\u00e9e, installer les appareils m\u00e9dicaux, vous former \u00e0 leur usage et r\u00e9aliser la maintenance des dispositifs, avec professionnalisme et disponibilit\u00e9.<\/p>\n<p style=\"text-align: justify\">Un engagement sans faille, au quotidien, qui fait de Bastide M\u00e9dical l\u2019un des leaders sur les march\u00e9s fran\u00e7ais et anglais de l\u2019assistance respiratoire, gr\u00e2ce \u00e0 vous.<\/p>\n<p>[\/et_pb_text][\/et_pb_column][\/et_pb_row][\/et_pb_section]<\/p>\n","protected":false},"excerpt":{"rendered":"<p>Un nouveau souffle dans votre vieApn\u00e9e du sommeil, oxyg\u00e9noth\u00e9rapie, ventilation non invasive\u2026 Les dispositifs d\u2019assistance respiratoire font partie de l\u2019ADN du groupe Bastide M\u00e9dical depuis ses d\u00e9buts. De la prescription m\u00e9dicale jusqu\u2019\u00e0 l\u2019installation des appareils m\u00e9dicaux, de la formation des patients jusqu\u2019au suivi des r\u00e9sultats de t\u00e9l\u00e9observance, nous proposons une prise en charge globale, adapt\u00e9e [&hellip;]<\/p>\n","protected":false},"author":1,"featured_media":0,"parent":2512,"menu_order":0,"comment_status":"closed","ping_status":"closed","template":"","meta":{"_et_pb_use_builder":"on","_et_pb_old_content":"","_et_gb_content_width":"","footnotes":""},"class_list":["post-2396","page","type-page","status-publish","hentry"],"yoast_head":"<!-- This site is optimized with the Yoast SEO plugin v25.9 - https:\/\/yoast.com\/wordpress\/plugins\/seo\/ -->\n<title>Assistance respiratoire - ***DEV*** Bastide Groupe ***DEV***<\/title>\n<meta name=\"robots\" content=\"noindex, follow, max-snippet:-1, max-image-preview:large, max-video-preview:-1\" \/>\n<meta property=\"og:locale\" content=\"fr_FR\" \/>\n<meta property=\"og:type\" content=\"article\" \/>\n<meta property=\"og:title\" content=\"Assistance respiratoire - ***DEV*** Bastide Groupe ***DEV***\" \/>\n<meta property=\"og:description\" content=\"Un nouveau souffle dans votre vieApn\u00e9e du sommeil, oxyg\u00e9noth\u00e9rapie, ventilation non invasive\u2026 Les dispositifs d\u2019assistance respiratoire font partie de l\u2019ADN du groupe Bastide M\u00e9dical depuis ses d\u00e9buts. De la prescription m\u00e9dicale jusqu\u2019\u00e0 l\u2019installation des appareils m\u00e9dicaux, de la formation des patients jusqu\u2019au suivi des r\u00e9sultats de t\u00e9l\u00e9observance, nous proposons une prise en charge globale, adapt\u00e9e [&hellip;]\" \/>\n<meta property=\"og:url\" content=\"https:\/\/bastide-network.ovh\/dev-bastide-groupe-dev\/nos-metiers\/assistance-respiratoire\/\" \/>\n<meta property=\"og:site_name\" content=\"***DEV*** Bastide Groupe ***DEV***\" \/>\n<meta property=\"article:publisher\" content=\"https:\/\/www.facebook.com\/BastideConseil\/\" \/>\n<meta property=\"article:modified_time\" content=\"2022-07-28T16:28:41+00:00\" \/>\n<meta name=\"twitter:card\" content=\"summary_large_image\" \/>\n<meta name=\"twitter:label1\" content=\"Dur\u00e9e de lecture estim\u00e9e\" \/>\n\t<meta name=\"twitter:data1\" content=\"17 minutes\" \/>\n<script type=\"application\/ld+json\" class=\"yoast-schema-graph\">{\"@context\":\"https:\/\/schema.org\",\"@graph\":[{\"@type\":\"WebPage\",\"@id\":\"https:\/\/bastide-network.ovh\/dev-bastide-groupe-dev\/nos-metiers\/assistance-respiratoire\/\",\"url\":\"https:\/\/bastide-network.ovh\/dev-bastide-groupe-dev\/nos-metiers\/assistance-respiratoire\/\",\"name\":\"Assistance respiratoire - ***DEV*** Bastide Groupe ***DEV***\",\"isPartOf\":{\"@id\":\"https:\/\/bastide-network.ovh\/dev-bastide-groupe-dev\/#website\"},\"datePublished\":\"2022-02-15T09:52:01+00:00\",\"dateModified\":\"2022-07-28T16:28:41+00:00\",\"breadcrumb\":{\"@id\":\"https:\/\/bastide-network.ovh\/dev-bastide-groupe-dev\/nos-metiers\/assistance-respiratoire\/#breadcrumb\"},\"inLanguage\":\"fr-FR\",\"potentialAction\":[{\"@type\":\"ReadAction\",\"target\":[\"https:\/\/bastide-network.ovh\/dev-bastide-groupe-dev\/nos-metiers\/assistance-respiratoire\/\"]}]},{\"@type\":\"BreadcrumbList\",\"@id\":\"https:\/\/bastide-network.ovh\/dev-bastide-groupe-dev\/nos-metiers\/assistance-respiratoire\/#breadcrumb\",\"itemListElement\":[{\"@type\":\"ListItem\",\"position\":1,\"name\":\"Accueil\",\"item\":\"https:\/\/bastide-network.ovh\/dev-bastide-groupe-dev\/\"},{\"@type\":\"ListItem\",\"position\":2,\"name\":\"Nos m\u00e9tiers\",\"item\":\"https:\/\/bastide-network.ovh\/dev-bastide-groupe-dev\/nos-metiers\/\"},{\"@type\":\"ListItem\",\"position\":3,\"name\":\"Assistance respiratoire\"}]},{\"@type\":\"WebSite\",\"@id\":\"https:\/\/bastide-network.ovh\/dev-bastide-groupe-dev\/#website\",\"url\":\"https:\/\/bastide-network.ovh\/dev-bastide-groupe-dev\/\",\"name\":\"***DEV*** Bastide Groupe ***DEV***\",\"description\":\"Votre sant\u00e9 est notre priorit\u00e9\",\"publisher\":{\"@id\":\"https:\/\/bastide-network.ovh\/dev-bastide-groupe-dev\/#organization\"},\"potentialAction\":[{\"@type\":\"SearchAction\",\"target\":{\"@type\":\"EntryPoint\",\"urlTemplate\":\"https:\/\/bastide-network.ovh\/dev-bastide-groupe-dev\/?s={search_term_string}\"},\"query-input\":{\"@type\":\"PropertyValueSpecification\",\"valueRequired\":true,\"valueName\":\"search_term_string\"}}],\"inLanguage\":\"fr-FR\"},{\"@type\":\"Organization\",\"@id\":\"https:\/\/bastide-network.ovh\/dev-bastide-groupe-dev\/#organization\",\"name\":\"Bastide M\u00e9dical\",\"url\":\"https:\/\/bastide-network.ovh\/dev-bastide-groupe-dev\/\",\"logo\":{\"@type\":\"ImageObject\",\"inLanguage\":\"fr-FR\",\"@id\":\"https:\/\/bastide-network.ovh\/dev-bastide-groupe-dev\/#\/schema\/logo\/image\/\",\"url\":\"https:\/\/bastide-groupe.fr\/wp-content\/uploads\/sites\/7\/2020\/11\/Bastide-Groupe.png\",\"contentUrl\":\"https:\/\/bastide-groupe.fr\/wp-content\/uploads\/sites\/7\/2020\/11\/Bastide-Groupe.png\",\"width\":1586,\"height\":758,\"caption\":\"Bastide M\u00e9dical\"},\"image\":{\"@id\":\"https:\/\/bastide-network.ovh\/dev-bastide-groupe-dev\/#\/schema\/logo\/image\/\"},\"sameAs\":[\"https:\/\/www.facebook.com\/BastideConseil\/\",\"https:\/\/www.instagram.com\/bastidemedical\/?hl=fr\",\"https:\/\/www.linkedin.com\/company\/bastide-le-confort-medical?originalSubdomain=fr\",\"https:\/\/www.youtube.com\/channel\/UCc1I0rnnFfqJGl4Edg4lV2w\"]}]}<\/script>\n<!-- \/ Yoast SEO plugin. -->","yoast_head_json":{"title":"Assistance respiratoire - ***DEV*** Bastide Groupe ***DEV***","robots":{"index":"noindex","follow":"follow","max-snippet":"max-snippet:-1","max-image-preview":"max-image-preview:large","max-video-preview":"max-video-preview:-1"},"og_locale":"fr_FR","og_type":"article","og_title":"Assistance respiratoire - ***DEV*** Bastide Groupe ***DEV***","og_description":"Un nouveau souffle dans votre vieApn\u00e9e du sommeil, oxyg\u00e9noth\u00e9rapie, ventilation non invasive\u2026 Les dispositifs d\u2019assistance respiratoire font partie de l\u2019ADN du groupe Bastide M\u00e9dical depuis ses d\u00e9buts. De la prescription m\u00e9dicale jusqu\u2019\u00e0 l\u2019installation des appareils m\u00e9dicaux, de la formation des patients jusqu\u2019au suivi des r\u00e9sultats de t\u00e9l\u00e9observance, nous proposons une prise en charge globale, adapt\u00e9e [&hellip;]","og_url":"https:\/\/bastide-network.ovh\/dev-bastide-groupe-dev\/nos-metiers\/assistance-respiratoire\/","og_site_name":"***DEV*** Bastide Groupe ***DEV***","article_publisher":"https:\/\/www.facebook.com\/BastideConseil\/","article_modified_time":"2022-07-28T16:28:41+00:00","twitter_card":"summary_large_image","twitter_misc":{"Dur\u00e9e de lecture estim\u00e9e":"17 minutes"},"schema":{"@context":"https:\/\/schema.org","@graph":[{"@type":"WebPage","@id":"https:\/\/bastide-network.ovh\/dev-bastide-groupe-dev\/nos-metiers\/assistance-respiratoire\/","url":"https:\/\/bastide-network.ovh\/dev-bastide-groupe-dev\/nos-metiers\/assistance-respiratoire\/","name":"Assistance respiratoire - ***DEV*** Bastide Groupe ***DEV***","isPartOf":{"@id":"https:\/\/bastide-network.ovh\/dev-bastide-groupe-dev\/#website"},"datePublished":"2022-02-15T09:52:01+00:00","dateModified":"2022-07-28T16:28:41+00:00","breadcrumb":{"@id":"https:\/\/bastide-network.ovh\/dev-bastide-groupe-dev\/nos-metiers\/assistance-respiratoire\/#breadcrumb"},"inLanguage":"fr-FR","potentialAction":[{"@type":"ReadAction","target":["https:\/\/bastide-network.ovh\/dev-bastide-groupe-dev\/nos-metiers\/assistance-respiratoire\/"]}]},{"@type":"BreadcrumbList","@id":"https:\/\/bastide-network.ovh\/dev-bastide-groupe-dev\/nos-metiers\/assistance-respiratoire\/#breadcrumb","itemListElement":[{"@type":"ListItem","position":1,"name":"Accueil","item":"https:\/\/bastide-network.ovh\/dev-bastide-groupe-dev\/"},{"@type":"ListItem","position":2,"name":"Nos m\u00e9tiers","item":"https:\/\/bastide-network.ovh\/dev-bastide-groupe-dev\/nos-metiers\/"},{"@type":"ListItem","position":3,"name":"Assistance respiratoire"}]},{"@type":"WebSite","@id":"https:\/\/bastide-network.ovh\/dev-bastide-groupe-dev\/#website","url":"https:\/\/bastide-network.ovh\/dev-bastide-groupe-dev\/","name":"***DEV*** Bastide Groupe ***DEV***","description":"Votre sant\u00e9 est notre priorit\u00e9","publisher":{"@id":"https:\/\/bastide-network.ovh\/dev-bastide-groupe-dev\/#organization"},"potentialAction":[{"@type":"SearchAction","target":{"@type":"EntryPoint","urlTemplate":"https:\/\/bastide-network.ovh\/dev-bastide-groupe-dev\/?s={search_term_string}"},"query-input":{"@type":"PropertyValueSpecification","valueRequired":true,"valueName":"search_term_string"}}],"inLanguage":"fr-FR"},{"@type":"Organization","@id":"https:\/\/bastide-network.ovh\/dev-bastide-groupe-dev\/#organization","name":"Bastide M\u00e9dical","url":"https:\/\/bastide-network.ovh\/dev-bastide-groupe-dev\/","logo":{"@type":"ImageObject","inLanguage":"fr-FR","@id":"https:\/\/bastide-network.ovh\/dev-bastide-groupe-dev\/#\/schema\/logo\/image\/","url":"https:\/\/bastide-groupe.fr\/wp-content\/uploads\/sites\/7\/2020\/11\/Bastide-Groupe.png","contentUrl":"https:\/\/bastide-groupe.fr\/wp-content\/uploads\/sites\/7\/2020\/11\/Bastide-Groupe.png","width":1586,"height":758,"caption":"Bastide M\u00e9dical"},"image":{"@id":"https:\/\/bastide-network.ovh\/dev-bastide-groupe-dev\/#\/schema\/logo\/image\/"},"sameAs":["https:\/\/www.facebook.com\/BastideConseil\/","https:\/\/www.instagram.com\/bastidemedical\/?hl=fr","https:\/\/www.linkedin.com\/company\/bastide-le-confort-medical?originalSubdomain=fr","https:\/\/www.youtube.com\/channel\/UCc1I0rnnFfqJGl4Edg4lV2w"]}]}},"_links":{"self":[{"href":"https:\/\/bastide-network.ovh\/dev-bastide-groupe-dev\/wp-json\/wp\/v2\/pages\/2396","targetHints":{"allow":["GET"]}}],"collection":[{"href":"https:\/\/bastide-network.ovh\/dev-bastide-groupe-dev\/wp-json\/wp\/v2\/pages"}],"about":[{"href":"https:\/\/bastide-network.ovh\/dev-bastide-groupe-dev\/wp-json\/wp\/v2\/types\/page"}],"author":[{"embeddable":true,"href":"https:\/\/bastide-network.ovh\/dev-bastide-groupe-dev\/wp-json\/wp\/v2\/users\/1"}],"replies":[{"embeddable":true,"href":"https:\/\/bastide-network.ovh\/dev-bastide-groupe-dev\/wp-json\/wp\/v2\/comments?post=2396"}],"version-history":[{"count":40,"href":"https:\/\/bastide-network.ovh\/dev-bastide-groupe-dev\/wp-json\/wp\/v2\/pages\/2396\/revisions"}],"predecessor-version":[{"id":5445,"href":"https:\/\/bastide-network.ovh\/dev-bastide-groupe-dev\/wp-json\/wp\/v2\/pages\/2396\/revisions\/5445"}],"up":[{"embeddable":true,"href":"https:\/\/bastide-network.ovh\/dev-bastide-groupe-dev\/wp-json\/wp\/v2\/pages\/2512"}],"wp:attachment":[{"href":"https:\/\/bastide-network.ovh\/dev-bastide-groupe-dev\/wp-json\/wp\/v2\/media?parent=2396"}],"curies":[{"name":"wp","href":"https:\/\/api.w.org\/{rel}","templated":true}]}}