{"id":2913,"date":"2022-02-25T18:05:47","date_gmt":"2022-02-25T17:05:47","guid":{"rendered":"https:\/\/bastide-network.ovh\/dev-bastide-groupe\/?page_id=2913"},"modified":"2022-04-27T17:24:09","modified_gmt":"2022-04-27T15:24:09","slug":"apnee-du-sommeil","status":"publish","type":"page","link":"https:\/\/bastide-network.ovh\/dev-bastide-groupe-dev\/nos-metiers\/assistance-respiratoire\/apnee-du-sommeil\/","title":{"rendered":"Apn\u00e9e du sommeil"},"content":{"rendered":"<p>[et_pb_section fb_built=\u00a0\u00bb1&Prime; _builder_version=\u00a0\u00bb4.15&Prime; _module_preset=\u00a0\u00bbdefault\u00a0\u00bb background_color=\u00a0\u00bb#008a8b\u00a0\u00bb background_image=\u00a0\u00bbhttps:\/\/bastide-network.ovh\/dev-bastide-groupe\/wp-content\/uploads\/sites\/7\/2022\/02\/Banniere-Assistance-Respiratoire.jpg\u00a0\u00bb background_last_edited=\u00a0\u00bbon|phone\u00a0\u00bb background_image_phone=\u00a0\u00bbhttps:\/\/bastide-network.ovh\/dev-bastide-groupe\/wp-content\/uploads\/sites\/7\/2022\/03\/Couv-Responsive-PPC.jpg\u00a0\u00bb background_enable_image_phone=\u00a0\u00bbon\u00a0\u00bb background_size_phone=\u00a0\u00bbcontain\u00a0\u00bb background_position_phone=\u00a0\u00bbtop_center\u00a0\u00bb global_colors_info=\u00a0\u00bb{}\u00a0\u00bb][et_pb_row _builder_version=\u00a0\u00bb4.15&Prime; _module_preset=\u00a0\u00bbdefault\u00a0\u00bb max_width=\u00a0\u00bb1253px\u00a0\u00bb module_alignment=\u00a0\u00bbcenter\u00a0\u00bb global_colors_info=\u00a0\u00bb{}\u00a0\u00bb][et_pb_column type=\u00a0\u00bb4_4&Prime; _builder_version=\u00a0\u00bb4.15&Prime; _module_preset=\u00a0\u00bbdefault\u00a0\u00bb global_colors_info=\u00a0\u00bb{}\u00a0\u00bb][et_pb_post_title meta=\u00a0\u00bboff\u00a0\u00bb featured_image=\u00a0\u00bboff\u00a0\u00bb module_class=\u00a0\u00bbtitre-page\u00a0\u00bb _builder_version=\u00a0\u00bb4.15&Prime; _module_preset=\u00a0\u00bbdefault\u00a0\u00bb title_font=\u00a0\u00bbCoolvetica Regular|||on|||||\u00a0\u00bb title_text_align=\u00a0\u00bbcenter\u00a0\u00bb title_text_color=\u00a0\u00bb#FFFFFF\u00a0\u00bb title_letter_spacing=\u00a0\u00bb4px\u00a0\u00bb background_color=\u00a0\u00bbrgba(45,45,45,0.83)\u00a0\u00bb max_width=\u00a0\u00bb350px\u00a0\u00bb module_alignment=\u00a0\u00bbright\u00a0\u00bb custom_margin=\u00a0\u00bb260px||||false|false\u00a0\u00bb custom_padding=\u00a0\u00bb10px||||false|false\u00a0\u00bb locked=\u00a0\u00bboff\u00a0\u00bb global_colors_info=\u00a0\u00bb{}\u00a0\u00bb][\/et_pb_post_title][et_pb_text _builder_version=\u00a0\u00bb4.15&Prime; _module_preset=\u00a0\u00bbdefault\u00a0\u00bb text_font=\u00a0\u00bbCoolvetica Regular|800||on|||||\u00a0\u00bb text_text_color=\u00a0\u00bb#2d2d2d\u00a0\u00bb text_font_size=\u00a0\u00bb30px\u00a0\u00bb text_line_height=\u00a0\u00bb1.6em\u00a0\u00bb header_font=\u00a0\u00bbCoolvetica Regular|||on|||||\u00a0\u00bb header_text_align=\u00a0\u00bbright\u00a0\u00bb header_2_font=\u00a0\u00bbCoolvetica Regular|600||on|||||\u00a0\u00bb header_2_text_align=\u00a0\u00bbcenter\u00a0\u00bb header_2_font_size=\u00a0\u00bb30px\u00a0\u00bb header_2_letter_spacing=\u00a0\u00bb2px\u00a0\u00bb background_color=\u00a0\u00bbrgba(255,255,255,0.81)\u00a0\u00bb text_orientation=\u00a0\u00bbright\u00a0\u00bb max_width=\u00a0\u00bb580px\u00a0\u00bb module_alignment=\u00a0\u00bbright\u00a0\u00bb custom_margin=\u00a0\u00bb50px||70px||false|false\u00a0\u00bb custom_padding=\u00a0\u00bb7px||||false|false\u00a0\u00bb animation_style=\u00a0\u00bbzoom\u00a0\u00bb animation_duration=\u00a0\u00bb1450ms\u00a0\u00bb animation_delay=\u00a0\u00bb350ms\u00a0\u00bb animation_starting_opacity=\u00a0\u00bb4%\u00a0\u00bb global_colors_info=\u00a0\u00bb{}\u00a0\u00bb]<\/p>\n<h2>Pour des nuits en toute <span style=\"color: #008a8b\">s\u00e9r\u00e9nit\u00e9 <\/span><\/h2>\n<p>[\/et_pb_text][\/et_pb_column][\/et_pb_row][\/et_pb_section][et_pb_section fb_built=\u00a0\u00bb1&Prime; _builder_version=\u00a0\u00bb4.15&Prime; _module_preset=\u00a0\u00bbdefault\u00a0\u00bb background_color=\u00a0\u00bb#fbf8f6&Prime; custom_padding=\u00a0\u00bb||100px||false|false\u00a0\u00bb global_colors_info=\u00a0\u00bb{}\u00a0\u00bb][et_pb_row custom_padding_last_edited=\u00a0\u00bbon|phone\u00a0\u00bb _builder_version=\u00a0\u00bb4.15&Prime; _module_preset=\u00a0\u00bbdefault\u00a0\u00bb background_color=\u00a0\u00bb#FFFFFF\u00a0\u00bb max_width=\u00a0\u00bb1400px\u00a0\u00bb module_alignment=\u00a0\u00bbcenter\u00a0\u00bb custom_margin=\u00a0\u00bb-150px||||false|false\u00a0\u00bb custom_margin_tablet=\u00a0\u00bb-180px||||false|false\u00a0\u00bb custom_margin_phone=\u00a0\u00bb-180px||||false|false\u00a0\u00bb custom_margin_last_edited=\u00a0\u00bbon|phone\u00a0\u00bb custom_padding=\u00a0\u00bb50px|100px|0px|100px|false|false\u00a0\u00bb custom_padding_tablet=\u00a0\u00bb|50px||50px|false|false\u00a0\u00bb custom_padding_phone=\u00a0\u00bb0px|30px||30px|false|false\u00a0\u00bb box_shadow_style=\u00a0\u00bbpreset2&Prime; box_shadow_horizontal=\u00a0\u00bb10px\u00a0\u00bb box_shadow_vertical=\u00a0\u00bb10px\u00a0\u00bb box_shadow_blur=\u00a0\u00bb14px\u00a0\u00bb box_shadow_color=\u00a0\u00bbrgba(0,0,0,0.05)\u00a0\u00bb global_colors_info=\u00a0\u00bb{}\u00a0\u00bb box_shadow_color__hover_enabled=\u00a0\u00bbon|hover\u00a0\u00bb box_shadow_color__hover=\u00a0\u00bbrgba(0,0,0,0.12)\u00a0\u00bb][et_pb_column type=\u00a0\u00bb4_4&Prime; _builder_version=\u00a0\u00bb4.15&Prime; _module_preset=\u00a0\u00bbdefault\u00a0\u00bb global_colors_info=\u00a0\u00bb{}\u00a0\u00bb][et_pb_text _builder_version=\u00a0\u00bb4.15.1&Prime; _module_preset=\u00a0\u00bbdefault\u00a0\u00bb text_font=\u00a0\u00bbOpen Sans|700|||||||\u00a0\u00bb text_text_color=\u00a0\u00bb#008a8b\u00a0\u00bb text_font_size=\u00a0\u00bb16px\u00a0\u00bb text_line_height=\u00a0\u00bb1.8em\u00a0\u00bb module_alignment=\u00a0\u00bbcenter\u00a0\u00bb custom_margin=\u00a0\u00bb||||false|false\u00a0\u00bb global_colors_info=\u00a0\u00bb{}\u00a0\u00bb]<\/p>\n<p style=\"text-align: justify\">Le Syndrome d\u2019Apn\u00e9e Obstructive du Sommeil (SAOS) se caract\u00e9rise par un nombre excessif de d\u2019arr\u00eats ou de diminutions du d\u00e9bit respiratoire pendant le sommeil. En France, pr\u00e8s de 12 millions de personnes seraient concern\u00e9s par cette pathologie qui affecte consid\u00e9rablement la qualit\u00e9 de vie\u2026 Nos appareils de Pression Positive Continue (PPC), associ\u00e9s \u00e0 un suivi m\u00e9ticuleux r\u00e9alis\u00e9 par nos experts vous permettent d\u00e9sormais de dormir paisiblement, et de vivre pleinement\u202f!<\/p>\n<p>[\/et_pb_text][\/et_pb_column][\/et_pb_row][et_pb_row column_structure=\u00a0\u00bb1_2,1_2&Prime; custom_padding_last_edited=\u00a0\u00bbon|tablet\u00a0\u00bb _builder_version=\u00a0\u00bb4.15&Prime; _module_preset=\u00a0\u00bbdefault\u00a0\u00bb background_color=\u00a0\u00bb#FFFFFF\u00a0\u00bb max_width=\u00a0\u00bb1400px\u00a0\u00bb module_alignment=\u00a0\u00bbcenter\u00a0\u00bb custom_margin=\u00a0\u00bb||||false|false\u00a0\u00bb custom_padding=\u00a0\u00bb|100px|50px|60px|false|false\u00a0\u00bb custom_padding_tablet=\u00a0\u00bb|50px||50px|false|false\u00a0\u00bb custom_padding_phone=\u00a0\u00bb|30px|50px|30px|false|false\u00a0\u00bb box_shadow_style=\u00a0\u00bbpreset2&Prime; box_shadow_horizontal=\u00a0\u00bb10px\u00a0\u00bb box_shadow_vertical=\u00a0\u00bb10px\u00a0\u00bb box_shadow_blur=\u00a0\u00bb14px\u00a0\u00bb box_shadow_color=\u00a0\u00bbrgba(0,0,0,0.05)\u00a0\u00bb global_colors_info=\u00a0\u00bb{}\u00a0\u00bb box_shadow_color__hover_enabled=\u00a0\u00bbon|hover\u00a0\u00bb box_shadow_color__hover=\u00a0\u00bbrgba(0,0,0,0.12)\u00a0\u00bb][et_pb_column type=\u00a0\u00bb1_2&Prime; _builder_version=\u00a0\u00bb4.15&Prime; _module_preset=\u00a0\u00bbdefault\u00a0\u00bb global_colors_info=\u00a0\u00bb{}\u00a0\u00bb][et_pb_video src=\u00a0\u00bbhttps:\/\/www.youtube.com\/watch?v=KtxmYGIFr2M\u00a0\u00bb _builder_version=\u00a0\u00bb4.15&Prime; _module_preset=\u00a0\u00bbdefault\u00a0\u00bb width=\u00a0\u00bb100%\u00a0\u00bb max_width=\u00a0\u00bb90%\u00a0\u00bb max_width_tablet=\u00a0\u00bb\u00a0\u00bb max_width_phone=\u00a0\u00bb\u00a0\u00bb max_width_last_edited=\u00a0\u00bbon|phone\u00a0\u00bb module_alignment=\u00a0\u00bbcenter\u00a0\u00bb global_colors_info=\u00a0\u00bb{}\u00a0\u00bb][\/et_pb_video][\/et_pb_column][et_pb_column type=\u00a0\u00bb1_2&Prime; _builder_version=\u00a0\u00bb4.15&Prime; _module_preset=\u00a0\u00bbdefault\u00a0\u00bb global_colors_info=\u00a0\u00bb{}\u00a0\u00bb][et_pb_text _builder_version=\u00a0\u00bb4.15&Prime; _module_preset=\u00a0\u00bbdefault\u00a0\u00bb text_font=\u00a0\u00bbOpen Sans|300|||||||\u00a0\u00bb header_font=\u00a0\u00bbCoolvetica Regular|800||on|||||\u00a0\u00bb header_text_align=\u00a0\u00bbleft\u00a0\u00bb header_text_color=\u00a0\u00bb#2d2d2d\u00a0\u00bb header_letter_spacing=\u00a0\u00bb3px\u00a0\u00bb header_2_font=\u00a0\u00bbCoolvetica Regular|600||on|||||\u00a0\u00bb header_2_letter_spacing=\u00a0\u00bb3px\u00a0\u00bb module_alignment=\u00a0\u00bbcenter\u00a0\u00bb custom_margin=\u00a0\u00bb15px|0px|0px|0px|false|false\u00a0\u00bb custom_padding=\u00a0\u00bb||||false|false\u00a0\u00bb global_colors_info=\u00a0\u00bb{}\u00a0\u00bb]<\/p>\n<h2>Une <span style=\"color: #008a8b\">prise en charge globale<\/span> pour plus de s\u00e9r\u00e9nit\u00e9<\/h2>\n<p>[\/et_pb_text][et_pb_divider color=\u00a0\u00bb#008a8b\u00a0\u00bb divider_weight=\u00a0\u00bb4px\u00a0\u00bb _builder_version=\u00a0\u00bb4.15&Prime; _module_preset=\u00a0\u00bbdefault\u00a0\u00bb width=\u00a0\u00bb20%\u00a0\u00bb custom_padding=\u00a0\u00bb15px||||false|false\u00a0\u00bb global_colors_info=\u00a0\u00bb{}\u00a0\u00bb][\/et_pb_divider][et_pb_text _builder_version=\u00a0\u00bb4.15.1&Prime; _module_preset=\u00a0\u00bbdefault\u00a0\u00bb text_font=\u00a0\u00bbOpen Sans||||||||\u00a0\u00bb text_text_color=\u00a0\u00bbrgba(0,0,0,0.81)\u00a0\u00bb text_font_size=\u00a0\u00bb15px\u00a0\u00bb module_alignment=\u00a0\u00bbcenter\u00a0\u00bb custom_margin=\u00a0\u00bb-20px|0px|0px|0px|false|false\u00a0\u00bb custom_padding=\u00a0\u00bb||||false|false\u00a0\u00bb global_colors_info=\u00a0\u00bb{}\u00a0\u00bb]<\/p>\n<p style=\"text-align: justify\">Apr\u00e8s diagnostic de votre m\u00e9decin, les sp\u00e9cialistes Bastide M\u00e9dical vous accompagnent pour mettre en place votre traitement en toute simplicit\u00e9.<\/p>\n<p style=\"text-align: justify\">De l\u2019installation du dispositif PPC, \u00e0 la formation par l\u2019un de nos techniciens, la maintenance du mat\u00e9riel jusqu\u2019au suivi par t\u00e9l\u00e9observance, vous b\u00e9n\u00e9ficiez d\u2019une prise en charge compl\u00e8te, parfaitement adapt\u00e9e \u00e0 votre pathologie.<\/p>\n<p style=\"text-align: justify\">PPC constante, auto pilot\u00e9e ou auto-asservie, compl\u00e9t\u00e9e par un masque nasal, narinaire ou naso-buccal, votre \u00e9quipement est sp\u00e9cialement con\u00e7u selon vos besoins. Et le module de t\u00e9l\u00e9observance, reli\u00e9 \u00e0 l\u2019appareil de PPC transmet en temps r\u00e9el des informations cod\u00e9es : dur\u00e9e d\u2019utilisation moyenne, d\u00e9tail des apn\u00e9es, fuites \u00e9ventuelles\u2026 \u00e0 notre service de t\u00e9l\u00e9suivi et \u00e0 votre m\u00e9decin.<\/p>\n<p>[\/et_pb_text][\/et_pb_column][\/et_pb_row][\/et_pb_section][et_pb_section fb_built=\u00a0\u00bb1&Prime; _builder_version=\u00a0\u00bb4.15&Prime; _module_preset=\u00a0\u00bbdefault\u00a0\u00bb locked=\u00a0\u00bboff\u00a0\u00bb global_colors_info=\u00a0\u00bb{}\u00a0\u00bb][et_pb_row column_structure=\u00a0\u00bb1_3,1_3,1_3&Prime; use_custom_gutter=\u00a0\u00bbon\u00a0\u00bb make_equal=\u00a0\u00bbon\u00a0\u00bb _builder_version=\u00a0\u00bb4.15&Prime; _module_preset=\u00a0\u00bbdefault\u00a0\u00bb max_width=\u00a0\u00bb1150px\u00a0\u00bb module_alignment=\u00a0\u00bbcenter\u00a0\u00bb locked=\u00a0\u00bboff\u00a0\u00bb global_colors_info=\u00a0\u00bb{}\u00a0\u00bb][et_pb_column type=\u00a0\u00bb1_3&Prime; _builder_version=\u00a0\u00bb4.15&Prime; _module_preset=\u00a0\u00bbdefault\u00a0\u00bb background_color=\u00a0\u00bb#fbf8f6&Prime; custom_padding=\u00a0\u00bb0px|0px|45px|0px|false|false\u00a0\u00bb box_shadow_style=\u00a0\u00bbpreset2&Prime; box_shadow_horizontal=\u00a0\u00bb10px\u00a0\u00bb box_shadow_vertical=\u00a0\u00bb10px\u00a0\u00bb box_shadow_blur=\u00a0\u00bb14px\u00a0\u00bb box_shadow_color=\u00a0\u00bbrgba(0,0,0,0.05)\u00a0\u00bb global_colors_info=\u00a0\u00bb{}\u00a0\u00bb box_shadow_color__hover_enabled=\u00a0\u00bbon|desktop\u00a0\u00bb box_shadow_color__hover=\u00a0\u00bbrgba(0,0,0,0.12)\u00a0\u00bb][et_pb_blurb title=\u00a0\u00bbUN APPAREILLAGE COMPLET ET ADAPT\u00c9 : PPC\u00a0\u00bb image_icon_background_color=\u00a0\u00bb#fbf8f6&Prime; image=\u00a0\u00bbhttps:\/\/bastide-network.ovh\/dev-bastide-groupe\/wp-content\/uploads\/sites\/7\/2022\/03\/Picto-PPC.png\u00a0\u00bb _builder_version=\u00a0\u00bb4.15&Prime; _module_preset=\u00a0\u00bbdefault\u00a0\u00bb header_font=\u00a0\u00bbCoolvetica Regular|800||on|||||\u00a0\u00bb header_text_align=\u00a0\u00bbcenter\u00a0\u00bb header_text_color=\u00a0\u00bb#2d2d2d\u00a0\u00bb header_font_size=\u00a0\u00bb17px\u00a0\u00bb header_letter_spacing=\u00a0\u00bb2px\u00a0\u00bb header_line_height=\u00a0\u00bb1.7em\u00a0\u00bb body_text_color=\u00a0\u00bbrgba(0,0,0,0.81)\u00a0\u00bb body_font_size=\u00a0\u00bb15px\u00a0\u00bb custom_margin=\u00a0\u00bb-50px||||false|false\u00a0\u00bb custom_padding=\u00a0\u00bb|20px||20px|false|false\u00a0\u00bb border_radii_image=\u00a0\u00bbon|200px|200px|200px|200px\u00a0\u00bb border_width_all_image=\u00a0\u00bb10px\u00a0\u00bb border_color_all_image=\u00a0\u00bb#fbf8f6&Prime; global_colors_info=\u00a0\u00bb{}\u00a0\u00bb image__hover_enabled=\u00a0\u00bbon|hover\u00a0\u00bb image__hover=\u00a0\u00bbhttps:\/\/bastide-network.ovh\/dev-bastide-groupe\/wp-content\/uploads\/sites\/7\/2022\/03\/Picto-PPC-hover.png\u00a0\u00bb header_text_color__hover_enabled=\u00a0\u00bbon|hover\u00a0\u00bb header_text_color__hover=\u00a0\u00bb#000000&Prime;]<\/p>\n<p style=\"text-align: justify\"><span class=\"NormalTextRun SCXW172292642 BCX9\">T<\/span><span class=\"NormalTextRun SCXW172292642 BCX9\">raitement de <\/span><span class=\"NormalTextRun SCXW172292642 BCX9\">r\u00e9f\u00e9rence de <\/span><span class=\"NormalTextRun SCXW172292642 BCX9\">l\u2019apn\u00e9e du sommeil, la PPC<\/span><span class=\"NormalTextRun SCXW172292642 BCX9\"> fournit, via un masque nasal ou <\/span><span class=\"NormalTextRun SpellingErrorV2 SCXW172292642 BCX9\">naso<\/span><span class=\"NormalTextRun SCXW172292642 BCX9\">&#8211;<\/span><span class=\"NormalTextRun SCXW172292642 BCX9\">buccal, un d\u00e9bit continu d\u2019air pressuris\u00e9 qui maintient les voies a\u00e9riennes sup\u00e9rieures ouvertes. Vos nuits sont alors plus tranquilles, et vos jours s\u2019en inspirent\u2026<\/span><\/p>\n<p>[\/et_pb_blurb][\/et_pb_column][et_pb_column type=\u00a0\u00bb1_3&Prime; _builder_version=\u00a0\u00bb4.15&Prime; _module_preset=\u00a0\u00bbdefault\u00a0\u00bb background_color=\u00a0\u00bb#fbf8f6&Prime; custom_padding=\u00a0\u00bb0px|0px|45px|0px|false|false\u00a0\u00bb box_shadow_style=\u00a0\u00bbpreset2&Prime; box_shadow_horizontal=\u00a0\u00bb10px\u00a0\u00bb box_shadow_vertical=\u00a0\u00bb10px\u00a0\u00bb box_shadow_blur=\u00a0\u00bb14px\u00a0\u00bb box_shadow_color=\u00a0\u00bbrgba(0,0,0,0.05)\u00a0\u00bb global_colors_info=\u00a0\u00bb{}\u00a0\u00bb box_shadow_color__hover_enabled=\u00a0\u00bbon|hover\u00a0\u00bb box_shadow_color__hover=\u00a0\u00bbrgba(0,0,0,0.12)\u00a0\u00bb][et_pb_blurb title=\u00a0\u00bbUN SUIVI TECHNIQUE ET DES CONSOMMABLES \u00c0 VOS MESURES\u00a0\u00bb image_icon_background_color=\u00a0\u00bb#fbf8f6&Prime; image=\u00a0\u00bbhttps:\/\/bastide-network.ovh\/dev-bastide-groupe\/wp-content\/uploads\/sites\/7\/2022\/03\/Picto-RESPI-1.png\u00a0\u00bb _builder_version=\u00a0\u00bb4.15.1&Prime; _module_preset=\u00a0\u00bbdefault\u00a0\u00bb header_font=\u00a0\u00bbCoolvetica Regular|800||on|||||\u00a0\u00bb header_text_align=\u00a0\u00bbcenter\u00a0\u00bb header_text_color=\u00a0\u00bb#2d2d2d\u00a0\u00bb header_font_size=\u00a0\u00bb17px\u00a0\u00bb header_letter_spacing=\u00a0\u00bb2px\u00a0\u00bb header_line_height=\u00a0\u00bb1.7em\u00a0\u00bb body_text_color=\u00a0\u00bbrgba(0,0,0,0.81)\u00a0\u00bb body_font_size=\u00a0\u00bb15px\u00a0\u00bb custom_margin=\u00a0\u00bb-50px||||false|false\u00a0\u00bb custom_padding=\u00a0\u00bb|20px||20px|false|false\u00a0\u00bb border_radii_image=\u00a0\u00bbon|200px|200px|200px|200px\u00a0\u00bb border_width_all_image=\u00a0\u00bb10px\u00a0\u00bb border_color_all_image=\u00a0\u00bb#fbf8f6&Prime; global_colors_info=\u00a0\u00bb{}\u00a0\u00bb image__hover_enabled=\u00a0\u00bbon|hover\u00a0\u00bb image__hover=\u00a0\u00bbhttps:\/\/bastide-network.ovh\/dev-bastide-groupe\/wp-content\/uploads\/sites\/7\/2022\/03\/Picto-RESPI-hover-1.png\u00a0\u00bb header_text_color__hover_enabled=\u00a0\u00bbon|hover\u00a0\u00bb header_text_color__hover=\u00a0\u00bb#000000&Prime;]<\/p>\n<p style=\"text-align: justify\"><span class=\"NormalTextRun SCXW21682233 BCX9\">Masques ou bulles PPC, harnais, filtres\u2026 Bastide M\u00e9dical vous propose un large \u00e9ventail de produits et de dispositifs pour lutter efficacement contre l\u2019apn\u00e9e du sommeil<\/span><span class=\"NormalTextRun SCXW21682233 BCX9\"> et vous procurer un regain de dynamisme au quotidien.<\/span><\/p>\n<p>[\/et_pb_blurb][\/et_pb_column][et_pb_column type=\u00a0\u00bb1_3&Prime; _builder_version=\u00a0\u00bb4.15&Prime; _module_preset=\u00a0\u00bbdefault\u00a0\u00bb background_color=\u00a0\u00bb#fbf8f6&Prime; custom_padding=\u00a0\u00bb0px|0px|45px|0px|false|false\u00a0\u00bb box_shadow_style=\u00a0\u00bbpreset2&Prime; box_shadow_horizontal=\u00a0\u00bb10px\u00a0\u00bb box_shadow_vertical=\u00a0\u00bb10px\u00a0\u00bb box_shadow_blur=\u00a0\u00bb14px\u00a0\u00bb box_shadow_color=\u00a0\u00bbrgba(0,0,0,0.05)\u00a0\u00bb global_colors_info=\u00a0\u00bb{}\u00a0\u00bb box_shadow_color__hover_enabled=\u00a0\u00bbon|hover\u00a0\u00bb box_shadow_color__hover=\u00a0\u00bbrgba(0,0,0,0.12)\u00a0\u00bb][et_pb_blurb title=\u00a0\u00bbLA T\u00c9L\u00c9OBSERVANCE POUR UN ACCOMPAGNEMENT OPTIMAL\u00a0\u00bb image_icon_background_color=\u00a0\u00bb#fbf8f6&Prime; image=\u00a0\u00bbhttps:\/\/bastide-network.ovh\/dev-bastide-groupe\/wp-content\/uploads\/sites\/7\/2022\/03\/Picto-Teleobservance.png\u00a0\u00bb _builder_version=\u00a0\u00bb4.15.1&Prime; _module_preset=\u00a0\u00bbdefault\u00a0\u00bb header_font=\u00a0\u00bbCoolvetica Regular|800||on|||||\u00a0\u00bb header_text_align=\u00a0\u00bbcenter\u00a0\u00bb header_text_color=\u00a0\u00bb#2d2d2d\u00a0\u00bb header_font_size=\u00a0\u00bb17px\u00a0\u00bb header_letter_spacing=\u00a0\u00bb2px\u00a0\u00bb header_line_height=\u00a0\u00bb1.7em\u00a0\u00bb body_text_color=\u00a0\u00bbrgba(0,0,0,0.81)\u00a0\u00bb body_font_size=\u00a0\u00bb15px\u00a0\u00bb custom_margin=\u00a0\u00bb-50px||||false|false\u00a0\u00bb custom_padding=\u00a0\u00bb|20px||20px|false|false\u00a0\u00bb border_radii_image=\u00a0\u00bbon|200px|200px|200px|200px\u00a0\u00bb border_width_all_image=\u00a0\u00bb10px\u00a0\u00bb border_color_all_image=\u00a0\u00bb#fbf8f6&Prime; global_colors_info=\u00a0\u00bb{}\u00a0\u00bb image__hover_enabled=\u00a0\u00bbon|hover\u00a0\u00bb image__hover=\u00a0\u00bbhttps:\/\/bastide-network.ovh\/dev-bastide-groupe\/wp-content\/uploads\/sites\/7\/2022\/03\/Picto-Teleobservance-hover.png\u00a0\u00bb header_text_color__hover_enabled=\u00a0\u00bbon|hover\u00a0\u00bb header_text_color__hover=\u00a0\u00bb#000000&Prime;]<\/p>\n<p style=\"text-align: justify\"><span class=\"NormalTextRun SCXW39985956 BCX9\">Afin de vous proposer un<\/span><span class=\"NormalTextRun SCXW39985956 BCX9\">e<\/span><span class=\"NormalTextRun SCXW39985956 BCX9\"> prise en charge compl\u00e8te<\/span><span class=\"NormalTextRun SCXW39985956 BCX9\"> et un suivi optimal, nos experts sont connect\u00e9s \u00e0 votre appareillage PPC par <\/span><span class=\"NormalTextRun SpellingErrorV2 SCXW39985956 BCX9\">t\u00e9l\u00e9observance<\/span><span class=\"NormalTextRun SCXW39985956 BCX9\">. Les donn\u00e9es de traitement sont ainsi transmises et permettent d\u2019\u00e9valuer clairement l\u2019efficacit\u00e9 du dispositif<\/span><span class=\"NormalTextRun SCXW39985956 BCX9\">,<\/span><span class=\"NormalTextRun SCXW39985956 BCX9\"> et de l\u2019ajuster au besoin\u2026<\/span><\/p>\n<p>[\/et_pb_blurb][\/et_pb_column][\/et_pb_row][\/et_pb_section][et_pb_section fb_built=\u00a0\u00bb1&Prime; _builder_version=\u00a0\u00bb4.15&Prime; _module_preset=\u00a0\u00bbdefault\u00a0\u00bb background_color=\u00a0\u00bbRGBA(0,0,0,0)\u00a0\u00bb width=\u00a0\u00bb100%\u00a0\u00bb custom_margin=\u00a0\u00bb-30px|0px||0px|false|false\u00a0\u00bb custom_padding=\u00a0\u00bb|0px|0px|0px|false|false\u00a0\u00bb global_colors_info=\u00a0\u00bb{}\u00a0\u00bb][et_pb_row column_structure=\u00a0\u00bb3_5,2_5&Prime; use_custom_gutter=\u00a0\u00bbon\u00a0\u00bb gutter_width=\u00a0\u00bb1&Prime; make_equal=\u00a0\u00bbon\u00a0\u00bb _builder_version=\u00a0\u00bb4.15&Prime; _module_preset=\u00a0\u00bbdefault\u00a0\u00bb background_color=\u00a0\u00bb#008a8b\u00a0\u00bb width=\u00a0\u00bb100%\u00a0\u00bb max_width=\u00a0\u00bb2560px\u00a0\u00bb custom_margin=\u00a0\u00bb0px|0px|0px|0px|false|false\u00a0\u00bb custom_padding=\u00a0\u00bb0px|0px|0px|0px|false|false\u00a0\u00bb global_colors_info=\u00a0\u00bb{}\u00a0\u00bb][et_pb_column type=\u00a0\u00bb3_5&Prime; _builder_version=\u00a0\u00bb4.15&Prime; _module_preset=\u00a0\u00bbdefault\u00a0\u00bb background_enable_color=\u00a0\u00bboff\u00a0\u00bb custom_padding=\u00a0\u00bb||120px||false|false\u00a0\u00bb global_colors_info=\u00a0\u00bb{}\u00a0\u00bb][et_pb_text _builder_version=\u00a0\u00bb4.15&Prime; _module_preset=\u00a0\u00bbdefault\u00a0\u00bb text_font=\u00a0\u00bbOpen Sans|300|||||||\u00a0\u00bb header_font=\u00a0\u00bbCoolvetica Regular|800||on|||||\u00a0\u00bb header_text_align=\u00a0\u00bbleft\u00a0\u00bb header_text_color=\u00a0\u00bbrgba(0,0,0,0.81)\u00a0\u00bb header_letter_spacing=\u00a0\u00bb3px\u00a0\u00bb header_2_font=\u00a0\u00bbCoolvetica Regular|600||on|||||\u00a0\u00bb header_2_text_color=\u00a0\u00bb#2d2d2d\u00a0\u00bb header_2_letter_spacing=\u00a0\u00bb3px\u00a0\u00bb custom_margin=\u00a0\u00bb80px|0px|0px|0px|false|false\u00a0\u00bb custom_padding=\u00a0\u00bb|130px||180px|false|false\u00a0\u00bb custom_padding_tablet=\u00a0\u00bb|80px||80px|false|false\u00a0\u00bb custom_padding_phone=\u00a0\u00bb|40px||40px|false|false\u00a0\u00bb custom_padding_last_edited=\u00a0\u00bbon|phone\u00a0\u00bb global_colors_info=\u00a0\u00bb{}\u00a0\u00bb]<\/p>\n<h2>Notre <span style=\"color: #ffffff\">Expertise<\/span>, gage d&rsquo;un sommeil apais\u00e9<\/h2>\n<p>[\/et_pb_text][et_pb_divider color=\u00a0\u00bb#2d2d2d\u00a0\u00bb divider_weight=\u00a0\u00bb4px\u00a0\u00bb _builder_version=\u00a0\u00bb4.15&Prime; _module_preset=\u00a0\u00bbdefault\u00a0\u00bb width=\u00a0\u00bb20%\u00a0\u00bb module_alignment=\u00a0\u00bbleft\u00a0\u00bb custom_margin=\u00a0\u00bb20px||||false|false\u00a0\u00bb custom_padding=\u00a0\u00bb|180px||180px|false|false\u00a0\u00bb custom_padding_tablet=\u00a0\u00bb|80px||80px|false|false\u00a0\u00bb custom_padding_phone=\u00a0\u00bb|40px||40px|false|false\u00a0\u00bb custom_padding_last_edited=\u00a0\u00bbon|phone\u00a0\u00bb global_colors_info=\u00a0\u00bb{}\u00a0\u00bb][\/et_pb_divider][et_pb_text _builder_version=\u00a0\u00bb4.15.1&Prime; _module_preset=\u00a0\u00bbdefault\u00a0\u00bb text_font=\u00a0\u00bbOpen Sans||||||||\u00a0\u00bb text_text_color=\u00a0\u00bb#FFFFFF\u00a0\u00bb text_font_size=\u00a0\u00bb15px\u00a0\u00bb module_alignment=\u00a0\u00bbcenter\u00a0\u00bb custom_margin=\u00a0\u00bb20px|0px|0px|0px|false|false\u00a0\u00bb custom_padding=\u00a0\u00bb|180px||180px|false|false\u00a0\u00bb custom_padding_tablet=\u00a0\u00bb|80px|50px|80px|false|false\u00a0\u00bb custom_padding_phone=\u00a0\u00bb|40px||40px|false|false\u00a0\u00bb custom_padding_last_edited=\u00a0\u00bbon|phone\u00a0\u00bb global_colors_info=\u00a0\u00bb{}\u00a0\u00bb]<\/p>\n<p style=\"text-align: justify\"> Notre engagement, c\u2019est 40 ann\u00e9es d\u2019expertise dans la prise en charge de l\u2019Apn\u00e9e du sommeil. Nos \u00e9quipes accompagnent des milliers de patients, avec des dispositifs fiables et simples d\u2019utilisation, en collaboration avec les professionnels de sant\u00e9 et les fabricants de mat\u00e9riel m\u00e9dical.<\/p>\n<p style=\"text-align: justify\"> Un parcours de soin privil\u00e9gi\u00e9 de A \u00e0 Z, et un suivi de qualit\u00e9 pour vous permettre de retrouver un sommeil apais\u00e9 et r\u00e9parateur !<\/p>\n<p>[\/et_pb_text][\/et_pb_column][et_pb_column type=\u00a0\u00bb2_5&Prime; _builder_version=\u00a0\u00bb4.15&Prime; _module_preset=\u00a0\u00bbdefault\u00a0\u00bb background_image=\u00a0\u00bbhttps:\/\/bastide-network.ovh\/dev-bastide-groupe\/wp-content\/uploads\/sites\/7\/2022\/03\/Visuel-PPC-0.5.jpg\u00a0\u00bb global_colors_info=\u00a0\u00bb{}\u00a0\u00bb][\/et_pb_column][\/et_pb_row][\/et_pb_section][et_pb_section fb_built=\u00a0\u00bb1&Prime; _builder_version=\u00a0\u00bb4.15&Prime; _module_preset=\u00a0\u00bbdefault\u00a0\u00bb global_colors_info=\u00a0\u00bb{}\u00a0\u00bb][et_pb_row column_structure=\u00a0\u00bb1_2,1_2&Prime; _builder_version=\u00a0\u00bb4.15&Prime; _module_preset=\u00a0\u00bbdefault\u00a0\u00bb module_alignment=\u00a0\u00bbcenter\u00a0\u00bb custom_margin=\u00a0\u00bb0px|0px|0px|0px|false|false\u00a0\u00bb custom_padding=\u00a0\u00bb0px|0px|0px|0px|false|false\u00a0\u00bb global_colors_info=\u00a0\u00bb{}\u00a0\u00bb][et_pb_column type=\u00a0\u00bb1_2&Prime; _builder_version=\u00a0\u00bb4.15&Prime; _module_preset=\u00a0\u00bbdefault\u00a0\u00bb global_colors_info=\u00a0\u00bb{}\u00a0\u00bb][et_pb_testimonial author=\u00a0\u00bb\u00c9ric, 42 ans, Limoges (87)\u00a0\u00bb portrait_url=\u00a0\u00bbhttps:\/\/bastide-network.ovh\/dev-bastide-groupe\/wp-content\/uploads\/sites\/7\/2022\/03\/Persona-Alain.jpg\u00a0\u00bb quote_icon_color=\u00a0\u00bb#eadad0&Prime; quote_icon_background_color=\u00a0\u00bb#008a8b\u00a0\u00bb portrait_width=\u00a0\u00bb120px\u00a0\u00bb portrait_height=\u00a0\u00bb120px\u00a0\u00bb _builder_version=\u00a0\u00bb4.15.1&Prime; _module_preset=\u00a0\u00bbdefault\u00a0\u00bb body_font=\u00a0\u00bbOpen Sans|600|||||||\u00a0\u00bb body_text_align=\u00a0\u00bbleft\u00a0\u00bb body_text_color=\u00a0\u00bbrgba(0,0,0,0.9)\u00a0\u00bb background_color=\u00a0\u00bb#fbf8f6&Prime; custom_margin=\u00a0\u00bb-130px||||false|false\u00a0\u00bb custom_margin_tablet=\u00a0\u00bb-100px||||false|false\u00a0\u00bb custom_margin_phone=\u00a0\u00bb-80px||||false|false\u00a0\u00bb custom_margin_last_edited=\u00a0\u00bbon|tablet\u00a0\u00bb custom_padding=\u00a0\u00bb40px||||false|false\u00a0\u00bb animation_style=\u00a0\u00bbslide\u00a0\u00bb animation_duration=\u00a0\u00bb1450ms\u00a0\u00bb animation_delay=\u00a0\u00bb350ms\u00a0\u00bb animation_intensity_slide=\u00a0\u00bb19%\u00a0\u00bb hover_enabled=\u00a0\u00bb0&Prime; border_width_all_portrait=\u00a0\u00bb6px\u00a0\u00bb border_color_all_portrait=\u00a0\u00bb#FFFFFF\u00a0\u00bb box_shadow_style=\u00a0\u00bbpreset2&Prime; box_shadow_horizontal=\u00a0\u00bb5px\u00a0\u00bb box_shadow_vertical=\u00a0\u00bb10px\u00a0\u00bb box_shadow_blur=\u00a0\u00bb14px\u00a0\u00bb box_shadow_color=\u00a0\u00bbrgba(0,0,0,0.05)\u00a0\u00bb global_colors_info=\u00a0\u00bb{}\u00a0\u00bb background__hover_enabled=\u00a0\u00bbon|hover\u00a0\u00bb background_color__hover=\u00a0\u00bb#f3ebe5&Prime; background_enable_color__hover=\u00a0\u00bbon\u00a0\u00bb box_shadow_horizontal__hover_enabled=\u00a0\u00bbon|desktop\u00a0\u00bb box_shadow_color__hover_enabled=\u00a0\u00bbon|hover\u00a0\u00bb box_shadow_color__hover=\u00a0\u00bbrgba(0,0,0,0.12)\u00a0\u00bb box_shadow_horizontal__hover=\u00a0\u00bb10px\u00a0\u00bb sticky_enabled=\u00a0\u00bb0&Prime;]<\/p>\n<p style=\"text-align: justify\">Des r\u00e9ponses simples \u00e0 mes interrogations, un dispositif r\u00e9ellement adapt\u00e9 \u00e0 mon apn\u00e9e du sommeil et une formatrice tr\u00e8s professionnelle pour ma\u00eetriser le mat\u00e9riel avec tranquillit\u00e9\u2026 Un accompagnement qui change la vie et qui change mes nuits !<\/p>\n<p>[\/et_pb_testimonial][\/et_pb_column][et_pb_column type=\u00a0\u00bb1_2&Prime; _builder_version=\u00a0\u00bb4.15&Prime; _module_preset=\u00a0\u00bbdefault\u00a0\u00bb global_colors_info=\u00a0\u00bb{}\u00a0\u00bb][\/et_pb_column][\/et_pb_row][et_pb_row column_structure=\u00a0\u00bb1_2,1_2&Prime; _builder_version=\u00a0\u00bb4.15&Prime; _module_preset=\u00a0\u00bbdefault\u00a0\u00bb max_width=\u00a0\u00bb1200px\u00a0\u00bb module_alignment=\u00a0\u00bbcenter\u00a0\u00bb custom_margin=\u00a0\u00bb-80px||||false|false\u00a0\u00bb global_colors_info=\u00a0\u00bb{}\u00a0\u00bb][et_pb_column type=\u00a0\u00bb1_2&Prime; _builder_version=\u00a0\u00bb4.15&Prime; _module_preset=\u00a0\u00bbdefault\u00a0\u00bb global_colors_info=\u00a0\u00bb{}\u00a0\u00bb][et_pb_text _builder_version=\u00a0\u00bb4.15&Prime; _module_preset=\u00a0\u00bbdefault\u00a0\u00bb text_font=\u00a0\u00bbOpen Sans|300|||||||\u00a0\u00bb header_font=\u00a0\u00bbCoolvetica Regular|800||on|||||\u00a0\u00bb header_text_align=\u00a0\u00bbleft\u00a0\u00bb header_text_color=\u00a0\u00bb#2d2d2d\u00a0\u00bb header_letter_spacing=\u00a0\u00bb3px\u00a0\u00bb header_2_font=\u00a0\u00bbCoolvetica Regular|600||on|||||\u00a0\u00bb header_2_text_color=\u00a0\u00bb#2d2d2d\u00a0\u00bb header_2_letter_spacing=\u00a0\u00bb3px\u00a0\u00bb module_alignment=\u00a0\u00bbcenter\u00a0\u00bb custom_margin=\u00a0\u00bb50px|0px|0px|0px|false|false\u00a0\u00bb custom_margin_tablet=\u00a0\u00bb-10px||||false|false\u00a0\u00bb custom_margin_phone=\u00a0\u00bb0px||||false|false\u00a0\u00bb custom_margin_last_edited=\u00a0\u00bbon|phone\u00a0\u00bb custom_padding=\u00a0\u00bb||||false|false\u00a0\u00bb global_colors_info=\u00a0\u00bb{}\u00a0\u00bb]<\/p>\n<h2>Des <span style=\"color: #008a8b\">troubles du sommeil<\/span> ? vous souffrez peut-\u00eatre d&rsquo;un syndrome d&rsquo;apn\u00e9e du sommeil&#8230;<\/h2>\n<p>[\/et_pb_text][et_pb_divider color=\u00a0\u00bb#008a8b\u00a0\u00bb divider_weight=\u00a0\u00bb4px\u00a0\u00bb _builder_version=\u00a0\u00bb4.15&Prime; _module_preset=\u00a0\u00bbdefault\u00a0\u00bb width=\u00a0\u00bb20%\u00a0\u00bb custom_padding=\u00a0\u00bb15px||||false|false\u00a0\u00bb global_colors_info=\u00a0\u00bb{}\u00a0\u00bb][\/et_pb_divider][et_pb_text _builder_version=\u00a0\u00bb4.15&Prime; _module_preset=\u00a0\u00bbdefault\u00a0\u00bb text_font=\u00a0\u00bbOpen Sans|700|||||||\u00a0\u00bb text_text_color=\u00a0\u00bb#008a8b\u00a0\u00bb text_font_size=\u00a0\u00bb15px\u00a0\u00bb module_alignment=\u00a0\u00bbcenter\u00a0\u00bb custom_margin=\u00a0\u00bb-20px|0px|0px|0px|false|false\u00a0\u00bb custom_padding=\u00a0\u00bb||||false|false\u00a0\u00bb global_colors_info=\u00a0\u00bb{}\u00a0\u00bb]<\/p>\n<p style=\"text-align: justify\">Les apn\u00e9es du sommeil, ce sont des arr\u00eats momentan\u00e9s de la respiration au cours du sommeil, le plus souvent du fait de l\u2019obstruction compl\u00e8te ou partielle de vos voies respiratoires sup\u00e9rieures.<\/p>\n<p>[\/et_pb_text][\/et_pb_column][et_pb_column type=\u00a0\u00bb1_2&Prime; _builder_version=\u00a0\u00bb4.15&Prime; _module_preset=\u00a0\u00bbdefault\u00a0\u00bb global_colors_info=\u00a0\u00bb{}\u00a0\u00bb][et_pb_text _builder_version=\u00a0\u00bb4.15.1&Prime; _module_preset=\u00a0\u00bbdefault\u00a0\u00bb text_font=\u00a0\u00bbOpen Sans||||||||\u00a0\u00bb text_text_color=\u00a0\u00bbrgba(0,0,0,0.81)\u00a0\u00bb text_font_size=\u00a0\u00bb15px\u00a0\u00bb module_alignment=\u00a0\u00bbcenter\u00a0\u00bb custom_margin=\u00a0\u00bb45px|0px|0px|0px|false|false\u00a0\u00bb custom_margin_tablet=\u00a0\u00bb-5px||||false|false\u00a0\u00bb custom_margin_phone=\u00a0\u00bb\u00a0\u00bb custom_margin_last_edited=\u00a0\u00bbon|phone\u00a0\u00bb custom_padding=\u00a0\u00bb||||false|false\u00a0\u00bb global_colors_info=\u00a0\u00bb{}\u00a0\u00bb]<\/p>\n<p style=\"text-align: justify\">Une situation qui devient pathologique si la pause respiratoire dure plus de dix secondes et si le processus se r\u00e9p\u00e8te \u00e0 plusieurs reprises durant la nuit.<\/p>\n<p style=\"text-align: justify\">Somnolence, fatigue, maux de t\u00eates matinaux, d\u00e9pression et irritabilit\u00e9, mais aussi pertes de m\u00e9moire et troubles de la concentration sont les sympt\u00f4mes diurnes les plus fr\u00e9quents pour identifier ce trouble du sommeil qui touche pr\u00e8s de 12 millions de fran\u00e7ais. La nuit, des ronflements s\u00e9v\u00e8res et quotidiens, une sensation d\u2019\u00e9touffement ou de suffocation pendant le sommeil peuvent \u00e9galement \u00eatre des indicateurs\u2026 Mais des solutions existent\u202f!<\/p>\n<p style=\"text-align: justify\">Il suffit d\u2019en parler \u00e0 son m\u00e9decin qui \u00e9tablira par la suite un diagnostic bas\u00e9 sur un questionnaire, un examen\u202f: la polygraphie, puis qui vous prescrira un traitement par PPC\u2026 Et la vie reprendra sereinement\u202f!<\/p>\n<p>[\/et_pb_text][\/et_pb_column][\/et_pb_row][\/et_pb_section]<\/p>\n","protected":false},"excerpt":{"rendered":"<p>Pour des nuits en toute s\u00e9r\u00e9nit\u00e9 Le Syndrome d\u2019Apn\u00e9e Obstructive du Sommeil (SAOS) se caract\u00e9rise par un nombre excessif de d\u2019arr\u00eats ou de diminutions du d\u00e9bit respiratoire pendant le sommeil. En France, pr\u00e8s de 12 millions de personnes seraient concern\u00e9s par cette pathologie qui affecte consid\u00e9rablement la qualit\u00e9 de vie\u2026 Nos appareils de Pression Positive [&hellip;]<\/p>\n","protected":false},"author":1,"featured_media":0,"parent":2396,"menu_order":0,"comment_status":"closed","ping_status":"closed","template":"","meta":{"_et_pb_use_builder":"on","_et_pb_old_content":"","_et_gb_content_width":"","footnotes":""},"class_list":["post-2913","page","type-page","status-publish","hentry"],"yoast_head":"<!-- This site is optimized with the Yoast SEO plugin v25.9 - https:\/\/yoast.com\/wordpress\/plugins\/seo\/ -->\n<title>Apn\u00e9e du sommeil - ***DEV*** Bastide Groupe ***DEV***<\/title>\n<meta name=\"robots\" content=\"noindex, follow, max-snippet:-1, max-image-preview:large, max-video-preview:-1\" \/>\n<meta property=\"og:locale\" content=\"fr_FR\" \/>\n<meta property=\"og:type\" content=\"article\" \/>\n<meta property=\"og:title\" content=\"Apn\u00e9e du sommeil - ***DEV*** Bastide Groupe ***DEV***\" \/>\n<meta property=\"og:description\" content=\"Pour des nuits en toute s\u00e9r\u00e9nit\u00e9 Le Syndrome d\u2019Apn\u00e9e Obstructive du Sommeil (SAOS) se caract\u00e9rise par un nombre excessif de d\u2019arr\u00eats ou de diminutions du d\u00e9bit respiratoire pendant le sommeil. En France, pr\u00e8s de 12 millions de personnes seraient concern\u00e9s par cette pathologie qui affecte consid\u00e9rablement la qualit\u00e9 de vie\u2026 Nos appareils de Pression Positive [&hellip;]\" \/>\n<meta property=\"og:url\" content=\"https:\/\/bastide-network.ovh\/dev-bastide-groupe-dev\/nos-metiers\/assistance-respiratoire\/apnee-du-sommeil\/\" \/>\n<meta property=\"og:site_name\" content=\"***DEV*** Bastide Groupe ***DEV***\" \/>\n<meta property=\"article:publisher\" content=\"https:\/\/www.facebook.com\/BastideConseil\/\" \/>\n<meta property=\"article:modified_time\" content=\"2022-04-27T15:24:09+00:00\" \/>\n<meta name=\"twitter:card\" content=\"summary_large_image\" \/>\n<meta name=\"twitter:label1\" content=\"Dur\u00e9e de lecture estim\u00e9e\" \/>\n\t<meta name=\"twitter:data1\" content=\"14 minutes\" \/>\n<script type=\"application\/ld+json\" class=\"yoast-schema-graph\">{\"@context\":\"https:\/\/schema.org\",\"@graph\":[{\"@type\":\"WebPage\",\"@id\":\"https:\/\/bastide-network.ovh\/dev-bastide-groupe-dev\/nos-metiers\/assistance-respiratoire\/apnee-du-sommeil\/\",\"url\":\"https:\/\/bastide-network.ovh\/dev-bastide-groupe-dev\/nos-metiers\/assistance-respiratoire\/apnee-du-sommeil\/\",\"name\":\"Apn\u00e9e du sommeil - ***DEV*** Bastide Groupe ***DEV***\",\"isPartOf\":{\"@id\":\"https:\/\/bastide-network.ovh\/dev-bastide-groupe-dev\/#website\"},\"datePublished\":\"2022-02-25T17:05:47+00:00\",\"dateModified\":\"2022-04-27T15:24:09+00:00\",\"breadcrumb\":{\"@id\":\"https:\/\/bastide-network.ovh\/dev-bastide-groupe-dev\/nos-metiers\/assistance-respiratoire\/apnee-du-sommeil\/#breadcrumb\"},\"inLanguage\":\"fr-FR\",\"potentialAction\":[{\"@type\":\"ReadAction\",\"target\":[\"https:\/\/bastide-network.ovh\/dev-bastide-groupe-dev\/nos-metiers\/assistance-respiratoire\/apnee-du-sommeil\/\"]}]},{\"@type\":\"BreadcrumbList\",\"@id\":\"https:\/\/bastide-network.ovh\/dev-bastide-groupe-dev\/nos-metiers\/assistance-respiratoire\/apnee-du-sommeil\/#breadcrumb\",\"itemListElement\":[{\"@type\":\"ListItem\",\"position\":1,\"name\":\"Accueil\",\"item\":\"https:\/\/bastide-network.ovh\/dev-bastide-groupe-dev\/\"},{\"@type\":\"ListItem\",\"position\":2,\"name\":\"Nos m\u00e9tiers\",\"item\":\"https:\/\/bastide-network.ovh\/dev-bastide-groupe-dev\/nos-metiers\/\"},{\"@type\":\"ListItem\",\"position\":3,\"name\":\"Assistance respiratoire\",\"item\":\"https:\/\/bastide-network.ovh\/dev-bastide-groupe-dev\/nos-metiers\/assistance-respiratoire\/\"},{\"@type\":\"ListItem\",\"position\":4,\"name\":\"Apn\u00e9e du sommeil\"}]},{\"@type\":\"WebSite\",\"@id\":\"https:\/\/bastide-network.ovh\/dev-bastide-groupe-dev\/#website\",\"url\":\"https:\/\/bastide-network.ovh\/dev-bastide-groupe-dev\/\",\"name\":\"***DEV*** Bastide Groupe ***DEV***\",\"description\":\"Votre sant\u00e9 est notre priorit\u00e9\",\"publisher\":{\"@id\":\"https:\/\/bastide-network.ovh\/dev-bastide-groupe-dev\/#organization\"},\"potentialAction\":[{\"@type\":\"SearchAction\",\"target\":{\"@type\":\"EntryPoint\",\"urlTemplate\":\"https:\/\/bastide-network.ovh\/dev-bastide-groupe-dev\/?s={search_term_string}\"},\"query-input\":{\"@type\":\"PropertyValueSpecification\",\"valueRequired\":true,\"valueName\":\"search_term_string\"}}],\"inLanguage\":\"fr-FR\"},{\"@type\":\"Organization\",\"@id\":\"https:\/\/bastide-network.ovh\/dev-bastide-groupe-dev\/#organization\",\"name\":\"Bastide M\u00e9dical\",\"url\":\"https:\/\/bastide-network.ovh\/dev-bastide-groupe-dev\/\",\"logo\":{\"@type\":\"ImageObject\",\"inLanguage\":\"fr-FR\",\"@id\":\"https:\/\/bastide-network.ovh\/dev-bastide-groupe-dev\/#\/schema\/logo\/image\/\",\"url\":\"https:\/\/bastide-groupe.fr\/wp-content\/uploads\/sites\/7\/2020\/11\/Bastide-Groupe.png\",\"contentUrl\":\"https:\/\/bastide-groupe.fr\/wp-content\/uploads\/sites\/7\/2020\/11\/Bastide-Groupe.png\",\"width\":1586,\"height\":758,\"caption\":\"Bastide M\u00e9dical\"},\"image\":{\"@id\":\"https:\/\/bastide-network.ovh\/dev-bastide-groupe-dev\/#\/schema\/logo\/image\/\"},\"sameAs\":[\"https:\/\/www.facebook.com\/BastideConseil\/\",\"https:\/\/www.instagram.com\/bastidemedical\/?hl=fr\",\"https:\/\/www.linkedin.com\/company\/bastide-le-confort-medical?originalSubdomain=fr\",\"https:\/\/www.youtube.com\/channel\/UCc1I0rnnFfqJGl4Edg4lV2w\"]}]}<\/script>\n<!-- \/ Yoast SEO plugin. -->","yoast_head_json":{"title":"Apn\u00e9e du sommeil - ***DEV*** Bastide Groupe ***DEV***","robots":{"index":"noindex","follow":"follow","max-snippet":"max-snippet:-1","max-image-preview":"max-image-preview:large","max-video-preview":"max-video-preview:-1"},"og_locale":"fr_FR","og_type":"article","og_title":"Apn\u00e9e du sommeil - ***DEV*** Bastide Groupe ***DEV***","og_description":"Pour des nuits en toute s\u00e9r\u00e9nit\u00e9 Le Syndrome d\u2019Apn\u00e9e Obstructive du Sommeil (SAOS) se caract\u00e9rise par un nombre excessif de d\u2019arr\u00eats ou de diminutions du d\u00e9bit respiratoire pendant le sommeil. En France, pr\u00e8s de 12 millions de personnes seraient concern\u00e9s par cette pathologie qui affecte consid\u00e9rablement la qualit\u00e9 de vie\u2026 Nos appareils de Pression Positive [&hellip;]","og_url":"https:\/\/bastide-network.ovh\/dev-bastide-groupe-dev\/nos-metiers\/assistance-respiratoire\/apnee-du-sommeil\/","og_site_name":"***DEV*** Bastide Groupe ***DEV***","article_publisher":"https:\/\/www.facebook.com\/BastideConseil\/","article_modified_time":"2022-04-27T15:24:09+00:00","twitter_card":"summary_large_image","twitter_misc":{"Dur\u00e9e de lecture estim\u00e9e":"14 minutes"},"schema":{"@context":"https:\/\/schema.org","@graph":[{"@type":"WebPage","@id":"https:\/\/bastide-network.ovh\/dev-bastide-groupe-dev\/nos-metiers\/assistance-respiratoire\/apnee-du-sommeil\/","url":"https:\/\/bastide-network.ovh\/dev-bastide-groupe-dev\/nos-metiers\/assistance-respiratoire\/apnee-du-sommeil\/","name":"Apn\u00e9e du sommeil - ***DEV*** Bastide Groupe ***DEV***","isPartOf":{"@id":"https:\/\/bastide-network.ovh\/dev-bastide-groupe-dev\/#website"},"datePublished":"2022-02-25T17:05:47+00:00","dateModified":"2022-04-27T15:24:09+00:00","breadcrumb":{"@id":"https:\/\/bastide-network.ovh\/dev-bastide-groupe-dev\/nos-metiers\/assistance-respiratoire\/apnee-du-sommeil\/#breadcrumb"},"inLanguage":"fr-FR","potentialAction":[{"@type":"ReadAction","target":["https:\/\/bastide-network.ovh\/dev-bastide-groupe-dev\/nos-metiers\/assistance-respiratoire\/apnee-du-sommeil\/"]}]},{"@type":"BreadcrumbList","@id":"https:\/\/bastide-network.ovh\/dev-bastide-groupe-dev\/nos-metiers\/assistance-respiratoire\/apnee-du-sommeil\/#breadcrumb","itemListElement":[{"@type":"ListItem","position":1,"name":"Accueil","item":"https:\/\/bastide-network.ovh\/dev-bastide-groupe-dev\/"},{"@type":"ListItem","position":2,"name":"Nos m\u00e9tiers","item":"https:\/\/bastide-network.ovh\/dev-bastide-groupe-dev\/nos-metiers\/"},{"@type":"ListItem","position":3,"name":"Assistance respiratoire","item":"https:\/\/bastide-network.ovh\/dev-bastide-groupe-dev\/nos-metiers\/assistance-respiratoire\/"},{"@type":"ListItem","position":4,"name":"Apn\u00e9e du sommeil"}]},{"@type":"WebSite","@id":"https:\/\/bastide-network.ovh\/dev-bastide-groupe-dev\/#website","url":"https:\/\/bastide-network.ovh\/dev-bastide-groupe-dev\/","name":"***DEV*** Bastide Groupe ***DEV***","description":"Votre sant\u00e9 est notre priorit\u00e9","publisher":{"@id":"https:\/\/bastide-network.ovh\/dev-bastide-groupe-dev\/#organization"},"potentialAction":[{"@type":"SearchAction","target":{"@type":"EntryPoint","urlTemplate":"https:\/\/bastide-network.ovh\/dev-bastide-groupe-dev\/?s={search_term_string}"},"query-input":{"@type":"PropertyValueSpecification","valueRequired":true,"valueName":"search_term_string"}}],"inLanguage":"fr-FR"},{"@type":"Organization","@id":"https:\/\/bastide-network.ovh\/dev-bastide-groupe-dev\/#organization","name":"Bastide M\u00e9dical","url":"https:\/\/bastide-network.ovh\/dev-bastide-groupe-dev\/","logo":{"@type":"ImageObject","inLanguage":"fr-FR","@id":"https:\/\/bastide-network.ovh\/dev-bastide-groupe-dev\/#\/schema\/logo\/image\/","url":"https:\/\/bastide-groupe.fr\/wp-content\/uploads\/sites\/7\/2020\/11\/Bastide-Groupe.png","contentUrl":"https:\/\/bastide-groupe.fr\/wp-content\/uploads\/sites\/7\/2020\/11\/Bastide-Groupe.png","width":1586,"height":758,"caption":"Bastide M\u00e9dical"},"image":{"@id":"https:\/\/bastide-network.ovh\/dev-bastide-groupe-dev\/#\/schema\/logo\/image\/"},"sameAs":["https:\/\/www.facebook.com\/BastideConseil\/","https:\/\/www.instagram.com\/bastidemedical\/?hl=fr","https:\/\/www.linkedin.com\/company\/bastide-le-confort-medical?originalSubdomain=fr","https:\/\/www.youtube.com\/channel\/UCc1I0rnnFfqJGl4Edg4lV2w"]}]}},"_links":{"self":[{"href":"https:\/\/bastide-network.ovh\/dev-bastide-groupe-dev\/wp-json\/wp\/v2\/pages\/2913","targetHints":{"allow":["GET"]}}],"collection":[{"href":"https:\/\/bastide-network.ovh\/dev-bastide-groupe-dev\/wp-json\/wp\/v2\/pages"}],"about":[{"href":"https:\/\/bastide-network.ovh\/dev-bastide-groupe-dev\/wp-json\/wp\/v2\/types\/page"}],"author":[{"embeddable":true,"href":"https:\/\/bastide-network.ovh\/dev-bastide-groupe-dev\/wp-json\/wp\/v2\/users\/1"}],"replies":[{"embeddable":true,"href":"https:\/\/bastide-network.ovh\/dev-bastide-groupe-dev\/wp-json\/wp\/v2\/comments?post=2913"}],"version-history":[{"count":51,"href":"https:\/\/bastide-network.ovh\/dev-bastide-groupe-dev\/wp-json\/wp\/v2\/pages\/2913\/revisions"}],"predecessor-version":[{"id":5005,"href":"https:\/\/bastide-network.ovh\/dev-bastide-groupe-dev\/wp-json\/wp\/v2\/pages\/2913\/revisions\/5005"}],"up":[{"embeddable":true,"href":"https:\/\/bastide-network.ovh\/dev-bastide-groupe-dev\/wp-json\/wp\/v2\/pages\/2396"}],"wp:attachment":[{"href":"https:\/\/bastide-network.ovh\/dev-bastide-groupe-dev\/wp-json\/wp\/v2\/media?parent=2913"}],"curies":[{"name":"wp","href":"https:\/\/api.w.org\/{rel}","templated":true}]}}