{"id":3062,"date":"2022-03-03T17:38:42","date_gmt":"2022-03-03T16:38:42","guid":{"rendered":"https:\/\/bastide-network.ovh\/dev-bastide-groupe\/?page_id=3062"},"modified":"2022-07-15T15:12:52","modified_gmt":"2022-07-15T13:12:52","slug":"oxygenotherapie","status":"publish","type":"page","link":"https:\/\/bastide-network.ovh\/dev-bastide-groupe-dev\/nos-metiers\/assistance-respiratoire\/oxygenotherapie\/","title":{"rendered":"Oxyg\u00e9noth\u00e9rapie"},"content":{"rendered":"<p>[et_pb_section fb_built=\u00a0\u00bb1&Prime; _builder_version=\u00a0\u00bb4.15&Prime; _module_preset=\u00a0\u00bbdefault\u00a0\u00bb background_color=\u00a0\u00bb#008a8b\u00a0\u00bb background_image=\u00a0\u00bbhttps:\/\/bastide-network.ovh\/dev-bastide-groupe\/wp-content\/uploads\/sites\/7\/2022\/03\/Couv-O2-0.1.jpg\u00a0\u00bb background_last_edited=\u00a0\u00bbon|phone\u00a0\u00bb background_image_phone=\u00a0\u00bbhttps:\/\/bastide-network.ovh\/dev-bastide-groupe\/wp-content\/uploads\/sites\/7\/2022\/03\/Couv-Responsive-O2.jpg\u00a0\u00bb background_enable_image_phone=\u00a0\u00bbon\u00a0\u00bb background_size_phone=\u00a0\u00bbcontain\u00a0\u00bb background_position_phone=\u00a0\u00bbtop_center\u00a0\u00bb locked=\u00a0\u00bboff\u00a0\u00bb global_colors_info=\u00a0\u00bb{}\u00a0\u00bb][et_pb_row _builder_version=\u00a0\u00bb4.15&Prime; _module_preset=\u00a0\u00bbdefault\u00a0\u00bb max_width=\u00a0\u00bb1253px\u00a0\u00bb module_alignment=\u00a0\u00bbcenter\u00a0\u00bb global_colors_info=\u00a0\u00bb{}\u00a0\u00bb][et_pb_column type=\u00a0\u00bb4_4&Prime; _builder_version=\u00a0\u00bb4.15&Prime; _module_preset=\u00a0\u00bbdefault\u00a0\u00bb global_colors_info=\u00a0\u00bb{}\u00a0\u00bb][et_pb_post_title meta=\u00a0\u00bboff\u00a0\u00bb featured_image=\u00a0\u00bboff\u00a0\u00bb module_class=\u00a0\u00bbtitre-page\u00a0\u00bb _builder_version=\u00a0\u00bb4.15&Prime; _module_preset=\u00a0\u00bbdefault\u00a0\u00bb title_font=\u00a0\u00bbCoolvetica Regular|||on|||||\u00a0\u00bb title_text_align=\u00a0\u00bbcenter\u00a0\u00bb title_text_color=\u00a0\u00bb#FFFFFF\u00a0\u00bb title_letter_spacing=\u00a0\u00bb4px\u00a0\u00bb background_color=\u00a0\u00bbrgba(45,45,45,0.83)\u00a0\u00bb max_width=\u00a0\u00bb350px\u00a0\u00bb custom_margin=\u00a0\u00bb260px||||false|false\u00a0\u00bb custom_padding=\u00a0\u00bb7px||||false|false\u00a0\u00bb global_colors_info=\u00a0\u00bb{}\u00a0\u00bb][\/et_pb_post_title][et_pb_text _builder_version=\u00a0\u00bb4.15&Prime; _module_preset=\u00a0\u00bbdefault\u00a0\u00bb text_font=\u00a0\u00bbCoolvetica Regular|800||on|||||\u00a0\u00bb text_text_color=\u00a0\u00bb#2d2d2d\u00a0\u00bb text_font_size=\u00a0\u00bb30px\u00a0\u00bb text_line_height=\u00a0\u00bb1.6em\u00a0\u00bb header_font=\u00a0\u00bbCoolvetica Regular|||on|||||\u00a0\u00bb header_text_align=\u00a0\u00bbright\u00a0\u00bb header_2_font=\u00a0\u00bbCoolvetica Regular|600||on|||||\u00a0\u00bb header_2_text_align=\u00a0\u00bbcenter\u00a0\u00bb header_2_font_size=\u00a0\u00bb30px\u00a0\u00bb header_2_letter_spacing=\u00a0\u00bb2px\u00a0\u00bb background_color=\u00a0\u00bbrgba(255,255,255,0.81)\u00a0\u00bb text_orientation=\u00a0\u00bbright\u00a0\u00bb max_width=\u00a0\u00bb690px\u00a0\u00bb module_alignment=\u00a0\u00bbleft\u00a0\u00bb custom_margin=\u00a0\u00bb50px||70px||false|false\u00a0\u00bb custom_padding=\u00a0\u00bb7px|2px||2px|false|false\u00a0\u00bb animation_style=\u00a0\u00bbzoom\u00a0\u00bb animation_duration=\u00a0\u00bb1450ms\u00a0\u00bb animation_delay=\u00a0\u00bb350ms\u00a0\u00bb animation_starting_opacity=\u00a0\u00bb4%\u00a0\u00bb global_colors_info=\u00a0\u00bb{}\u00a0\u00bb]<\/p>\n<h2>Redonner de l&rsquo;air \u00e0 votre<span style=\"color: #008a8b\"> qualit\u00e9 de vie <\/span><\/h2>\n<p>[\/et_pb_text][\/et_pb_column][\/et_pb_row][\/et_pb_section][et_pb_section fb_built=\u00a0\u00bb1&Prime; _builder_version=\u00a0\u00bb4.15&Prime; _module_preset=\u00a0\u00bbdefault\u00a0\u00bb background_color=\u00a0\u00bb#fbf8f6&Prime; custom_padding=\u00a0\u00bb||100px||false|false\u00a0\u00bb global_colors_info=\u00a0\u00bb{}\u00a0\u00bb][et_pb_row custom_padding_last_edited=\u00a0\u00bbon|phone\u00a0\u00bb _builder_version=\u00a0\u00bb4.15&Prime; _module_preset=\u00a0\u00bbdefault\u00a0\u00bb background_color=\u00a0\u00bb#FFFFFF\u00a0\u00bb max_width=\u00a0\u00bb1400px\u00a0\u00bb module_alignment=\u00a0\u00bbcenter\u00a0\u00bb custom_margin=\u00a0\u00bb-150px||||false|false\u00a0\u00bb custom_margin_tablet=\u00a0\u00bb-180px||||false|false\u00a0\u00bb custom_margin_phone=\u00a0\u00bb-180px||||false|false\u00a0\u00bb custom_margin_last_edited=\u00a0\u00bbon|phone\u00a0\u00bb custom_padding=\u00a0\u00bb50px|100px|0px|100px|false|false\u00a0\u00bb custom_padding_tablet=\u00a0\u00bb|50px||50px|false|false\u00a0\u00bb custom_padding_phone=\u00a0\u00bb0px|30px||30px|false|false\u00a0\u00bb box_shadow_style=\u00a0\u00bbpreset2&Prime; box_shadow_horizontal=\u00a0\u00bb10px\u00a0\u00bb box_shadow_vertical=\u00a0\u00bb10px\u00a0\u00bb box_shadow_blur=\u00a0\u00bb14px\u00a0\u00bb box_shadow_color=\u00a0\u00bbrgba(0,0,0,0.05)\u00a0\u00bb global_colors_info=\u00a0\u00bb{}\u00a0\u00bb box_shadow_color__hover_enabled=\u00a0\u00bbon|hover\u00a0\u00bb box_shadow_color__hover=\u00a0\u00bbrgba(0,0,0,0.12)\u00a0\u00bb][et_pb_column type=\u00a0\u00bb4_4&Prime; _builder_version=\u00a0\u00bb4.15&Prime; _module_preset=\u00a0\u00bbdefault\u00a0\u00bb global_colors_info=\u00a0\u00bb{}\u00a0\u00bb][et_pb_text _builder_version=\u00a0\u00bb4.15.1&Prime; _module_preset=\u00a0\u00bbdefault\u00a0\u00bb text_font=\u00a0\u00bbOpen Sans|700|||||||\u00a0\u00bb text_text_color=\u00a0\u00bb#008a8b\u00a0\u00bb text_font_size=\u00a0\u00bb16px\u00a0\u00bb text_line_height=\u00a0\u00bb1.8em\u00a0\u00bb module_alignment=\u00a0\u00bbcenter\u00a0\u00bb custom_margin=\u00a0\u00bb||||false|false\u00a0\u00bb global_colors_info=\u00a0\u00bb{}\u00a0\u00bb]<\/p>\n<p style=\"text-align: justify\">Traitement m\u00e9dical propos\u00e9 dans les cas d\u2019insuffisance respiratoire chronique ou aig\u00fce, d\u2019une maladie pulmonaire ou d\u2019une d\u00e9saturation \u00e0 l\u2019effort, l\u2019oxyg\u00e9noth\u00e9rapie vise \u00e0 corriger l\u2019hypox\u00e9mie\u202f: le manque d\u2019oxyg\u00e8ne dans le sang. Un traitement qui am\u00e9liore significativement la vie des patients en r\u00e9tablissant l\u2019autonomie journali\u00e8re.<\/p>\n<p>[\/et_pb_text][\/et_pb_column][\/et_pb_row][et_pb_row column_structure=\u00a0\u00bb1_2,1_2&Prime; custom_padding_last_edited=\u00a0\u00bbon|tablet\u00a0\u00bb _builder_version=\u00a0\u00bb4.15&Prime; _module_preset=\u00a0\u00bbdefault\u00a0\u00bb background_color=\u00a0\u00bb#FFFFFF\u00a0\u00bb max_width=\u00a0\u00bb1400px\u00a0\u00bb module_alignment=\u00a0\u00bbcenter\u00a0\u00bb custom_margin=\u00a0\u00bb||||false|false\u00a0\u00bb custom_padding=\u00a0\u00bb|100px|50px|100px|false|false\u00a0\u00bb custom_padding_tablet=\u00a0\u00bb|50px||50px|false|false\u00a0\u00bb custom_padding_phone=\u00a0\u00bb|30px|50px|30px|false|false\u00a0\u00bb box_shadow_style=\u00a0\u00bbpreset2&Prime; box_shadow_horizontal=\u00a0\u00bb10px\u00a0\u00bb box_shadow_vertical=\u00a0\u00bb10px\u00a0\u00bb box_shadow_blur=\u00a0\u00bb14px\u00a0\u00bb box_shadow_color=\u00a0\u00bbrgba(0,0,0,0.05)\u00a0\u00bb global_colors_info=\u00a0\u00bb{}\u00a0\u00bb box_shadow_color__hover_enabled=\u00a0\u00bbon|hover\u00a0\u00bb box_shadow_color__hover=\u00a0\u00bbrgba(0,0,0,0.12)\u00a0\u00bb][et_pb_column type=\u00a0\u00bb1_2&Prime; _builder_version=\u00a0\u00bb4.15&Prime; _module_preset=\u00a0\u00bbdefault\u00a0\u00bb global_colors_info=\u00a0\u00bb{}\u00a0\u00bb][et_pb_text _builder_version=\u00a0\u00bb4.15&Prime; _module_preset=\u00a0\u00bbdefault\u00a0\u00bb text_font=\u00a0\u00bbOpen Sans|300|||||||\u00a0\u00bb header_font=\u00a0\u00bbCoolvetica Regular|800||on|||||\u00a0\u00bb header_text_align=\u00a0\u00bbleft\u00a0\u00bb header_text_color=\u00a0\u00bb#2d2d2d\u00a0\u00bb header_letter_spacing=\u00a0\u00bb3px\u00a0\u00bb header_2_font=\u00a0\u00bbCoolvetica Regular|600||on|||||\u00a0\u00bb header_2_letter_spacing=\u00a0\u00bb3px\u00a0\u00bb module_alignment=\u00a0\u00bbcenter\u00a0\u00bb custom_margin=\u00a0\u00bb15px|0px|0px|0px|false|false\u00a0\u00bb custom_padding=\u00a0\u00bb||||false|false\u00a0\u00bb global_colors_info=\u00a0\u00bb{}\u00a0\u00bb]<\/p>\n<h2>Une <span style=\"color: #008a8b\">respiration<\/span> au quotidien<\/h2>\n<p>[\/et_pb_text][et_pb_divider color=\u00a0\u00bb#008a8b\u00a0\u00bb divider_weight=\u00a0\u00bb4px\u00a0\u00bb _builder_version=\u00a0\u00bb4.15&Prime; _module_preset=\u00a0\u00bbdefault\u00a0\u00bb width=\u00a0\u00bb20%\u00a0\u00bb custom_padding=\u00a0\u00bb15px||||false|false\u00a0\u00bb global_colors_info=\u00a0\u00bb{}\u00a0\u00bb][\/et_pb_divider][et_pb_text _builder_version=\u00a0\u00bb4.15.1&Prime; _module_preset=\u00a0\u00bbdefault\u00a0\u00bb text_font=\u00a0\u00bbOpen Sans||||||||\u00a0\u00bb text_text_color=\u00a0\u00bbrgba(0,0,0,0.81)\u00a0\u00bb text_font_size=\u00a0\u00bb15px\u00a0\u00bb module_alignment=\u00a0\u00bbcenter\u00a0\u00bb custom_margin=\u00a0\u00bb-20px|0px|0px|0px|false|false\u00a0\u00bb custom_padding=\u00a0\u00bb||||false|false\u00a0\u00bb global_colors_info=\u00a0\u00bb{}\u00a0\u00bb]<\/p>\n<p style=\"text-align: justify\"> En France pr\u00e8s de 100 000 personnes b\u00e9n\u00e9ficient d\u2019un appareillage d\u2019oxyg\u00e9noth\u00e9rapie. Essentielle pour r\u00e9tablir l\u2019autonomie, cette technique m\u00e9dicale permet de lutter contre les cons\u00e9quences que peut engendrer un manque d\u2019oxyg\u00e8ne dans l\u2019organisme\u202f: fatigue et essoufflement, faiblesse du corps face \u00e0 l\u2019effort, aggravation des sympt\u00f4mes, et un risque accru d\u2019hospitalisation\u2026<\/p>\n<p style=\"text-align: justify\"> Sp\u00e9cialiste de l\u2019assistance respiratoire depuis ses d\u00e9buts, Bastide joue un r\u00f4le majeur dans l\u2019accompagnement des patients, de la prescription m\u00e9dicale jusqu\u2019\u00e0 la maintenance des dispositifs.<\/p>\n<p>[\/et_pb_text][\/et_pb_column][et_pb_column type=\u00a0\u00bb1_2&Prime; _builder_version=\u00a0\u00bb4.15&Prime; _module_preset=\u00a0\u00bbdefault\u00a0\u00bb global_colors_info=\u00a0\u00bb{}\u00a0\u00bb][et_pb_text _builder_version=\u00a0\u00bb4.15.1&Prime; _module_preset=\u00a0\u00bbdefault\u00a0\u00bb text_font=\u00a0\u00bbOpen Sans||||||||\u00a0\u00bb text_text_color=\u00a0\u00bbrgba(0,0,0,0.81)\u00a0\u00bb text_font_size=\u00a0\u00bb15px\u00a0\u00bb module_alignment=\u00a0\u00bbcenter\u00a0\u00bb custom_margin=\u00a0\u00bb20px|0px|0px|0px|false|false\u00a0\u00bb custom_padding=\u00a0\u00bb||||false|false\u00a0\u00bb global_colors_info=\u00a0\u00bb{}\u00a0\u00bb]<\/p>\n<p style=\"text-align: justify\"> Suite aux pr\u00e9conisations de votre m\u00e9decin, l\u2019approvisionnement et la dispensation de l\u2019oxyg\u00e8ne liquide ou gazeux sera r\u00e9alis\u00e9 par le pharmacien Bastide M\u00e9dical. Accompagn\u00e9 d\u2019un technicien respiratoire pour installer les appareils n\u00e9cessaires \u00e0 l\u2019oxyg\u00e9noth\u00e9rapie, les deux experts assureront une formation pour une utilisation optimale du mat\u00e9riel.<\/p>\n<p style=\"text-align: justify\"> Une fois le dispositif op\u00e9rationnel, le technicien effectue un suivi r\u00e9gulier et personnalis\u00e9 de votre traitement. Visites de contr\u00f4le, maintenance, remplacement des consommables (masques et tuyaux), il vous accompagne dans le bon d\u00e9roulement de votre traitement puis il transmet ensuite toutes les informations \u00e0 votre m\u00e9decin. Un accompagnement de A \u00e0 Z\u202f!<\/p>\n<p>[\/et_pb_text][\/et_pb_column][\/et_pb_row][\/et_pb_section][et_pb_section fb_built=\u00a0\u00bb1&Prime; _builder_version=\u00a0\u00bb4.15&Prime; _module_preset=\u00a0\u00bbdefault\u00a0\u00bb locked=\u00a0\u00bboff\u00a0\u00bb global_colors_info=\u00a0\u00bb{}\u00a0\u00bb][et_pb_row column_structure=\u00a0\u00bb1_2,1_2&Prime; use_custom_gutter=\u00a0\u00bbon\u00a0\u00bb make_equal=\u00a0\u00bbon\u00a0\u00bb _builder_version=\u00a0\u00bb4.15&Prime; _module_preset=\u00a0\u00bbdefault\u00a0\u00bb max_width=\u00a0\u00bb1150px\u00a0\u00bb module_alignment=\u00a0\u00bbcenter\u00a0\u00bb locked=\u00a0\u00bboff\u00a0\u00bb global_colors_info=\u00a0\u00bb{}\u00a0\u00bb][et_pb_column type=\u00a0\u00bb1_2&Prime; _builder_version=\u00a0\u00bb4.15&Prime; _module_preset=\u00a0\u00bbdefault\u00a0\u00bb background_color=\u00a0\u00bb#fbf8f6&Prime; custom_padding=\u00a0\u00bb0px|0px|45px|0px|false|false\u00a0\u00bb box_shadow_style=\u00a0\u00bbpreset2&Prime; box_shadow_horizontal=\u00a0\u00bb10px\u00a0\u00bb box_shadow_vertical=\u00a0\u00bb10px\u00a0\u00bb box_shadow_blur=\u00a0\u00bb14px\u00a0\u00bb box_shadow_color=\u00a0\u00bbrgba(0,0,0,0.05)\u00a0\u00bb global_colors_info=\u00a0\u00bb{}\u00a0\u00bb box_shadow_color__hover_enabled=\u00a0\u00bbon|desktop\u00a0\u00bb box_shadow_color__hover=\u00a0\u00bbrgba(0,0,0,0.12)\u00a0\u00bb][et_pb_image src=\u00a0\u00bbhttps:\/\/bastide-network.ovh\/dev-bastide-groupe\/wp-content\/uploads\/sites\/7\/2022\/03\/Vocation-0.1.jpg\u00a0\u00bb title_text=\u00a0\u00bbVocation-0.1&Prime; _builder_version=\u00a0\u00bb4.15&Prime; _module_preset=\u00a0\u00bbdefault\u00a0\u00bb global_colors_info=\u00a0\u00bb{}\u00a0\u00bb][\/et_pb_image][et_pb_text _builder_version=\u00a0\u00bb4.15.1&Prime; _module_preset=\u00a0\u00bbdefault\u00a0\u00bb header_text_align=\u00a0\u00bbcenter\u00a0\u00bb header_3_font=\u00a0\u00bbCoolvetica Regular|700||on|||||\u00a0\u00bb header_3_text_align=\u00a0\u00bbcenter\u00a0\u00bb header_3_letter_spacing=\u00a0\u00bb2px\u00a0\u00bb custom_padding=\u00a0\u00bb|20px||20px|false|false\u00a0\u00bb global_colors_info=\u00a0\u00bb{}\u00a0\u00bb]<\/p>\n<h3>Notre vocation<\/h3>\n<p style=\"text-align: justify\">Accompagner les patients pr\u00e9sentant des sympt\u00f4mes d\u2019insuffisance respiratoire, chronique ou aig\u00fce, et leur offrir des solutions pour retrouver une vie plus sereine, s\u00e9curis\u00e9e et confortable, et \u00e0 domicile telle est notre priorit\u00e9.<\/p>\n<p>[\/et_pb_text][\/et_pb_column][et_pb_column type=\u00a0\u00bb1_2&Prime; _builder_version=\u00a0\u00bb4.15&Prime; _module_preset=\u00a0\u00bbdefault\u00a0\u00bb background_color=\u00a0\u00bb#fbf8f6&Prime; custom_padding=\u00a0\u00bb0px|0px|45px|0px|false|false\u00a0\u00bb box_shadow_style=\u00a0\u00bbpreset2&Prime; box_shadow_horizontal=\u00a0\u00bb10px\u00a0\u00bb box_shadow_vertical=\u00a0\u00bb10px\u00a0\u00bb box_shadow_blur=\u00a0\u00bb14px\u00a0\u00bb box_shadow_color=\u00a0\u00bbrgba(0,0,0,0.05)\u00a0\u00bb global_colors_info=\u00a0\u00bb{}\u00a0\u00bb box_shadow_color__hover_enabled=\u00a0\u00bbon|hover\u00a0\u00bb box_shadow_color__hover=\u00a0\u00bbrgba(0,0,0,0.12)\u00a0\u00bb][et_pb_image src=\u00a0\u00bbhttps:\/\/bastide-network.ovh\/dev-bastide-groupe\/wp-content\/uploads\/sites\/7\/2022\/03\/Visuel-Expertise-0.1.jpg\u00a0\u00bb title_text=\u00a0\u00bbVisuel-Expertise-0.1&Prime; _builder_version=\u00a0\u00bb4.15&Prime; _module_preset=\u00a0\u00bbdefault\u00a0\u00bb global_colors_info=\u00a0\u00bb{}\u00a0\u00bb][\/et_pb_image][et_pb_text _builder_version=\u00a0\u00bb4.15.1&Prime; _module_preset=\u00a0\u00bbdefault\u00a0\u00bb header_text_align=\u00a0\u00bbcenter\u00a0\u00bb header_3_font=\u00a0\u00bbCoolvetica Regular|700||on|||||\u00a0\u00bb header_3_text_align=\u00a0\u00bbcenter\u00a0\u00bb header_3_letter_spacing=\u00a0\u00bb2px\u00a0\u00bb custom_padding=\u00a0\u00bb|20px||20px|false|false\u00a0\u00bb global_colors_info=\u00a0\u00bb{}\u00a0\u00bb]<\/p>\n<h3>Notre Expertise<\/h3>\n<p style=\"text-align: justify\">Afin de favoriser le retour \u00e0 domicile des patients, nos prestations d\u2019oxyg\u00e9noth\u00e9rapie sont assur\u00e9es en coordination avec le prescripteur, nos pharmaciens et nos techniciens, et surtout avec nos 18 p\u00f4les techniques respiratoires. Nos dispositifs de d\u00e9ambulations permettant quant \u00e0 eux plus d\u2019autonomie au quotidien.<\/p>\n<p>[\/et_pb_text][\/et_pb_column][\/et_pb_row][\/et_pb_section][et_pb_section fb_built=\u00a0\u00bb1&Prime; _builder_version=\u00a0\u00bb4.15&Prime; _module_preset=\u00a0\u00bbdefault\u00a0\u00bb background_color=\u00a0\u00bbRGBA(0,0,0,0)\u00a0\u00bb width=\u00a0\u00bb100%\u00a0\u00bb custom_margin=\u00a0\u00bb-30px|0px||0px|false|false\u00a0\u00bb custom_padding=\u00a0\u00bb|0px|0px|0px|false|false\u00a0\u00bb global_colors_info=\u00a0\u00bb{}\u00a0\u00bb][et_pb_row column_structure=\u00a0\u00bb3_5,2_5&Prime; use_custom_gutter=\u00a0\u00bbon\u00a0\u00bb gutter_width=\u00a0\u00bb1&Prime; make_equal=\u00a0\u00bbon\u00a0\u00bb _builder_version=\u00a0\u00bb4.15&Prime; _module_preset=\u00a0\u00bbdefault\u00a0\u00bb background_color=\u00a0\u00bb#008a8b\u00a0\u00bb width=\u00a0\u00bb100%\u00a0\u00bb max_width=\u00a0\u00bb2560px\u00a0\u00bb custom_margin=\u00a0\u00bb0px|0px|0px|0px|false|false\u00a0\u00bb custom_padding=\u00a0\u00bb0px|0px|0px|0px|false|false\u00a0\u00bb global_colors_info=\u00a0\u00bb{}\u00a0\u00bb][et_pb_column type=\u00a0\u00bb3_5&Prime; _builder_version=\u00a0\u00bb4.15&Prime; _module_preset=\u00a0\u00bbdefault\u00a0\u00bb background_enable_color=\u00a0\u00bboff\u00a0\u00bb custom_padding=\u00a0\u00bb||250px||false|false\u00a0\u00bb global_colors_info=\u00a0\u00bb{}\u00a0\u00bb][et_pb_text _builder_version=\u00a0\u00bb4.15.1&Prime; _module_preset=\u00a0\u00bbdefault\u00a0\u00bb text_font=\u00a0\u00bbOpen Sans|300|||||||\u00a0\u00bb header_font=\u00a0\u00bbCoolvetica Regular|800||on|||||\u00a0\u00bb header_text_align=\u00a0\u00bbleft\u00a0\u00bb header_text_color=\u00a0\u00bbrgba(0,0,0,0.81)\u00a0\u00bb header_letter_spacing=\u00a0\u00bb3px\u00a0\u00bb header_2_font=\u00a0\u00bbCoolvetica Regular|600||on|||||\u00a0\u00bb header_2_text_color=\u00a0\u00bb#2d2d2d\u00a0\u00bb header_2_letter_spacing=\u00a0\u00bb3px\u00a0\u00bb custom_margin=\u00a0\u00bb80px|0px|0px|0px|false|false\u00a0\u00bb custom_padding=\u00a0\u00bb|130px||180px|false|false\u00a0\u00bb custom_padding_tablet=\u00a0\u00bb|80px||80px|false|false\u00a0\u00bb custom_padding_phone=\u00a0\u00bb|40px||40px|false|false\u00a0\u00bb custom_padding_last_edited=\u00a0\u00bbon|phone\u00a0\u00bb global_colors_info=\u00a0\u00bb{}\u00a0\u00bb]<\/p>\n<h2>Un traitement en <span style=\"color: #ffffff\">toute tranquillit\u00e9<\/span><\/h2>\n<p>[\/et_pb_text][et_pb_divider color=\u00a0\u00bb#2d2d2d\u00a0\u00bb divider_weight=\u00a0\u00bb4px\u00a0\u00bb _builder_version=\u00a0\u00bb4.15&Prime; _module_preset=\u00a0\u00bbdefault\u00a0\u00bb width=\u00a0\u00bb20%\u00a0\u00bb module_alignment=\u00a0\u00bbleft\u00a0\u00bb custom_margin=\u00a0\u00bb20px||||false|false\u00a0\u00bb custom_padding=\u00a0\u00bb|180px||180px|false|false\u00a0\u00bb custom_padding_tablet=\u00a0\u00bb|80px||80px|false|false\u00a0\u00bb custom_padding_phone=\u00a0\u00bb|40px||40px|false|false\u00a0\u00bb custom_padding_last_edited=\u00a0\u00bbon|phone\u00a0\u00bb global_colors_info=\u00a0\u00bb{}\u00a0\u00bb][\/et_pb_divider][et_pb_text _builder_version=\u00a0\u00bb4.15.1&Prime; _module_preset=\u00a0\u00bbdefault\u00a0\u00bb text_font=\u00a0\u00bbOpen Sans|700|||||||\u00a0\u00bb text_text_color=\u00a0\u00bb#FFFFFF\u00a0\u00bb text_font_size=\u00a0\u00bb15px\u00a0\u00bb module_alignment=\u00a0\u00bbcenter\u00a0\u00bb custom_margin=\u00a0\u00bb20px|0px|0px|0px|false|false\u00a0\u00bb custom_padding=\u00a0\u00bb|180px||180px|false|false\u00a0\u00bb custom_padding_tablet=\u00a0\u00bb|80px|50px|80px|false|false\u00a0\u00bb custom_padding_phone=\u00a0\u00bb|40px||40px|false|false\u00a0\u00bb custom_padding_last_edited=\u00a0\u00bbon|phone\u00a0\u00bb global_colors_info=\u00a0\u00bb{}\u00a0\u00bb]<\/p>\n<p style=\"text-align: justify\">Pour une assistance respiratoire par oxyg\u00e9noth\u00e9rapie sereine et apais\u00e9e, Bastide M\u00e9dical met \u00e0 votre disposition un service d\u00e9di\u00e9, 24 heures sur 24 et 7 jours sur 7 pour r\u00e9pondre \u00e0 toutes les situations d\u2019urgence respiratoire.<\/p>\n<p>[\/et_pb_text][\/et_pb_column][et_pb_column type=\u00a0\u00bb2_5&Prime; _builder_version=\u00a0\u00bb4.15&Prime; _module_preset=\u00a0\u00bbdefault\u00a0\u00bb background_image=\u00a0\u00bbhttps:\/\/bastide-network.ovh\/dev-bastide-groupe\/wp-content\/uploads\/sites\/7\/2022\/03\/Visuel-O2.jpg\u00a0\u00bb global_colors_info=\u00a0\u00bb{}\u00a0\u00bb][\/et_pb_column][\/et_pb_row][\/et_pb_section][et_pb_section fb_built=\u00a0\u00bb1&Prime; _builder_version=\u00a0\u00bb4.15&Prime; _module_preset=\u00a0\u00bbdefault\u00a0\u00bb global_colors_info=\u00a0\u00bb{}\u00a0\u00bb][et_pb_row column_structure=\u00a0\u00bb1_2,1_2&Prime; _builder_version=\u00a0\u00bb4.15&Prime; _module_preset=\u00a0\u00bbdefault\u00a0\u00bb module_alignment=\u00a0\u00bbcenter\u00a0\u00bb custom_margin=\u00a0\u00bb0px|0px|0px|0px|false|false\u00a0\u00bb custom_padding=\u00a0\u00bb0px|0px|0px|0px|false|false\u00a0\u00bb global_colors_info=\u00a0\u00bb{}\u00a0\u00bb][et_pb_column type=\u00a0\u00bb1_2&Prime; _builder_version=\u00a0\u00bb4.15&Prime; _module_preset=\u00a0\u00bbdefault\u00a0\u00bb global_colors_info=\u00a0\u00bb{}\u00a0\u00bb][et_pb_testimonial author=\u00a0\u00bbBernard, 52 ans, Montpellier (34)\u00a0\u00bb portrait_url=\u00a0\u00bbhttps:\/\/bastide-network.ovh\/dev-bastide-groupe\/wp-content\/uploads\/sites\/7\/2022\/03\/Persona-Bernard.jpg\u00a0\u00bb quote_icon_color=\u00a0\u00bb#eadad0&Prime; quote_icon_background_color=\u00a0\u00bb#008a8b\u00a0\u00bb portrait_width=\u00a0\u00bb120px\u00a0\u00bb portrait_height=\u00a0\u00bb120px\u00a0\u00bb _builder_version=\u00a0\u00bb4.15.1&Prime; _module_preset=\u00a0\u00bbdefault\u00a0\u00bb body_font=\u00a0\u00bbOpen Sans|600|||||||\u00a0\u00bb body_text_align=\u00a0\u00bbleft\u00a0\u00bb body_text_color=\u00a0\u00bbrgba(0,0,0,0.9)\u00a0\u00bb background_color=\u00a0\u00bb#fbf8f6&Prime; custom_margin=\u00a0\u00bb-200px||||false|false\u00a0\u00bb custom_margin_tablet=\u00a0\u00bb-100px||||false|false\u00a0\u00bb custom_margin_phone=\u00a0\u00bb-80px||||false|false\u00a0\u00bb custom_margin_last_edited=\u00a0\u00bbon|tablet\u00a0\u00bb custom_padding=\u00a0\u00bb40px||||false|false\u00a0\u00bb animation_style=\u00a0\u00bbslide\u00a0\u00bb animation_duration=\u00a0\u00bb1450ms\u00a0\u00bb animation_delay=\u00a0\u00bb350ms\u00a0\u00bb animation_intensity_slide=\u00a0\u00bb19%\u00a0\u00bb border_width_all_portrait=\u00a0\u00bb6px\u00a0\u00bb border_color_all_portrait=\u00a0\u00bb#FFFFFF\u00a0\u00bb box_shadow_style=\u00a0\u00bbpreset2&Prime; box_shadow_horizontal=\u00a0\u00bb5px\u00a0\u00bb box_shadow_vertical=\u00a0\u00bb10px\u00a0\u00bb box_shadow_blur=\u00a0\u00bb14px\u00a0\u00bb box_shadow_color=\u00a0\u00bbrgba(0,0,0,0.05)\u00a0\u00bb global_colors_info=\u00a0\u00bb{}\u00a0\u00bb background__hover_enabled=\u00a0\u00bbon|hover\u00a0\u00bb background_color__hover=\u00a0\u00bb#f3ebe5&Prime; background_enable_color__hover=\u00a0\u00bbon\u00a0\u00bb box_shadow_horizontal__hover_enabled=\u00a0\u00bbon|desktop\u00a0\u00bb box_shadow_color__hover_enabled=\u00a0\u00bbon|hover\u00a0\u00bb box_shadow_color__hover=\u00a0\u00bbrgba(0,0,0,0.12)\u00a0\u00bb box_shadow_horizontal__hover=\u00a0\u00bb10px\u00a0\u00bb]<\/p>\n<p style=\"text-align: justify\">Le pharmacien et le technicien Bastide M\u00e9dical sont intervenus tr\u00e8s rapidement pour installer mon mat\u00e9riel. Tr\u00e8s p\u00e9dagogues, ils m\u2019ont tout expliqu\u00e9, et gr\u00e2ce au service d\u00e9di\u00e9 \u00e0 l\u2019assistance respiratoire, j\u2019ai vraiment le sentiment d\u2019\u00eatre aid\u00e9 dans mon traitement !<\/p>\n<p>[\/et_pb_testimonial][\/et_pb_column][et_pb_column type=\u00a0\u00bb1_2&Prime; _builder_version=\u00a0\u00bb4.15&Prime; _module_preset=\u00a0\u00bbdefault\u00a0\u00bb global_colors_info=\u00a0\u00bb{}\u00a0\u00bb][\/et_pb_column][\/et_pb_row][et_pb_row column_structure=\u00a0\u00bb1_2,1_2&Prime; _builder_version=\u00a0\u00bb4.15&Prime; _module_preset=\u00a0\u00bbdefault\u00a0\u00bb max_width=\u00a0\u00bb1200px\u00a0\u00bb module_alignment=\u00a0\u00bbcenter\u00a0\u00bb custom_margin=\u00a0\u00bb-80px||||false|false\u00a0\u00bb global_colors_info=\u00a0\u00bb{}\u00a0\u00bb][et_pb_column type=\u00a0\u00bb1_2&Prime; _builder_version=\u00a0\u00bb4.15&Prime; _module_preset=\u00a0\u00bbdefault\u00a0\u00bb global_colors_info=\u00a0\u00bb{}\u00a0\u00bb][et_pb_text _builder_version=\u00a0\u00bb4.15&Prime; _module_preset=\u00a0\u00bbdefault\u00a0\u00bb text_font=\u00a0\u00bbOpen Sans|300|||||||\u00a0\u00bb header_font=\u00a0\u00bbCoolvetica Regular|800||on|||||\u00a0\u00bb header_text_align=\u00a0\u00bbleft\u00a0\u00bb header_text_color=\u00a0\u00bb#2d2d2d\u00a0\u00bb header_letter_spacing=\u00a0\u00bb3px\u00a0\u00bb header_2_font=\u00a0\u00bbCoolvetica Regular|600||on|||||\u00a0\u00bb header_2_text_align=\u00a0\u00bbleft\u00a0\u00bb header_2_letter_spacing=\u00a0\u00bb3px\u00a0\u00bb width=\u00a0\u00bb100%\u00a0\u00bb module_alignment=\u00a0\u00bbleft\u00a0\u00bb custom_margin=\u00a0\u00bb50px|0px|0px|0px|false|false\u00a0\u00bb custom_margin_tablet=\u00a0\u00bb-10px||||false|false\u00a0\u00bb custom_margin_phone=\u00a0\u00bb0px||||false|false\u00a0\u00bb custom_margin_last_edited=\u00a0\u00bbon|phone\u00a0\u00bb custom_padding=\u00a0\u00bb||||false|false\u00a0\u00bb global_colors_info=\u00a0\u00bb{}\u00a0\u00bb]<\/p>\n<h2>L&rsquo;<span style=\"color: #008a8b\">oxyg\u00e9noth\u00e9rapie<\/span>, des \u00e9quipements parfaitement adapt\u00e9s \u00e0 vos besoins<\/h2>\n<p>[\/et_pb_text][et_pb_divider color=\u00a0\u00bb#008a8b\u00a0\u00bb divider_weight=\u00a0\u00bb4px\u00a0\u00bb _builder_version=\u00a0\u00bb4.15&Prime; _module_preset=\u00a0\u00bbdefault\u00a0\u00bb width=\u00a0\u00bb20%\u00a0\u00bb custom_padding=\u00a0\u00bb15px||||false|false\u00a0\u00bb global_colors_info=\u00a0\u00bb{}\u00a0\u00bb][\/et_pb_divider][et_pb_text _builder_version=\u00a0\u00bb4.15&Prime; _module_preset=\u00a0\u00bbdefault\u00a0\u00bb text_font=\u00a0\u00bbOpen Sans|700|||||||\u00a0\u00bb text_text_color=\u00a0\u00bb#008a8b\u00a0\u00bb text_font_size=\u00a0\u00bb15px\u00a0\u00bb module_alignment=\u00a0\u00bbcenter\u00a0\u00bb custom_margin=\u00a0\u00bb-20px|0px|0px|0px|false|false\u00a0\u00bb custom_padding=\u00a0\u00bb||||false|false\u00a0\u00bb global_colors_info=\u00a0\u00bb{}\u00a0\u00bb]<\/p>\n<p style=\"text-align: justify\">Sur les pr\u00e9conisations du m\u00e9decin et les recommandations du pharmacien Bastide M\u00e9dical, notre technicien respiratoire installe \u00e0 domicile les dispositifs m\u00e9dicaux. Ces derniers peuvent comprendre\u202f:<\/p>\n<p>[\/et_pb_text][et_pb_text _builder_version=\u00a0\u00bb4.15.1&Prime; _module_preset=\u00a0\u00bbdefault\u00a0\u00bb text_font=\u00a0\u00bbOpen Sans||||||||\u00a0\u00bb text_text_color=\u00a0\u00bbrgba(0,0,0,0.81)\u00a0\u00bb text_font_size=\u00a0\u00bb15px\u00a0\u00bb module_alignment=\u00a0\u00bbcenter\u00a0\u00bb custom_margin=\u00a0\u00bb45px|0px|0px|0px|false|false\u00a0\u00bb custom_margin_tablet=\u00a0\u00bb-5px||||false|false\u00a0\u00bb custom_margin_phone=\u00a0\u00bb\u00a0\u00bb custom_margin_last_edited=\u00a0\u00bbon|phone\u00a0\u00bb custom_padding=\u00a0\u00bb||||false|false\u00a0\u00bb hover_enabled=\u00a0\u00bb0&Prime; global_colors_info=\u00a0\u00bb{}\u00a0\u00bb sticky_enabled=\u00a0\u00bb0&Prime;]<\/p>\n<ul>\n<li>\n<p style=\"text-align: justify\"><strong>Un concentrateur d\u2019oxyg\u00e8ne<\/strong><br \/>Ce dispositif capte l\u2019air ambiant et l\u2019enrichit en oxyg\u00e8ne. Il peut \u00eatre install\u00e9 pour un\u202ftraitement stationnaire\u202fou combin\u00e9 \u00e0 un compresseur pour permettre la d\u00e9ambulation.<\/p>\n<\/li>\n<li>\n<p style=\"text-align: justify\"><strong>Un concentrateur d\u2019oxyg\u00e8ne portable<\/strong><br \/>Fonctionnant sur batterie ou sur secteur,\u202fil permet au patient des d\u00e9placements hors de son domicile pour plus d\u2019autonomie.<\/p>\n<\/li>\n<li>\n<p style=\"text-align: justify\"><strong>Une station de remplissage des bouteilles d&rsquo;oxyg\u00e8ne coupl\u00e9 au concentrateur.<\/strong><\/p>\n<\/li>\n<li>\n<p style=\"text-align: justify\"><strong>Une source d\u2019oxyg\u00e8ne m\u00e9dical liquide<\/strong><br \/>D\u00e9livrant un d\u00e9bit sup\u00e9rieur, cette source est prescrite par exemple en cas d\u2019hypertension art\u00e9rielle pulmonaire, d\u2019hyperactivit\u00e9 ou de fibrose pulmonaire entre autres et permet une forte d\u00e9ambulation.<\/p>\n<\/li>\n<\/ul>\n<p>[\/et_pb_text][\/et_pb_column][et_pb_column type=\u00a0\u00bb1_2&Prime; _builder_version=\u00a0\u00bb4.15&Prime; _module_preset=\u00a0\u00bbdefault\u00a0\u00bb global_colors_info=\u00a0\u00bb{}\u00a0\u00bb][et_pb_text _builder_version=\u00a0\u00bb4.15.1&Prime; _module_preset=\u00a0\u00bbdefault\u00a0\u00bb text_font=\u00a0\u00bbOpen Sans||||||||\u00a0\u00bb text_text_color=\u00a0\u00bbrgba(0,0,0,0.81)\u00a0\u00bb text_font_size=\u00a0\u00bb15px\u00a0\u00bb module_alignment=\u00a0\u00bbcenter\u00a0\u00bb custom_margin=\u00a0\u00bb45px|0px|0px|0px|false|false\u00a0\u00bb custom_margin_tablet=\u00a0\u00bb-5px||||false|false\u00a0\u00bb custom_margin_phone=\u00a0\u00bb\u00a0\u00bb custom_margin_last_edited=\u00a0\u00bbon|phone\u00a0\u00bb custom_padding=\u00a0\u00bb||||false|false\u00a0\u00bb global_colors_info=\u00a0\u00bb{}\u00a0\u00bb]<\/p>\n<p style=\"text-align: justify\"> Pour le dispositif d\u2019inhalation de l\u2019air enrichi en dioxyg\u00e8ne, Bastide M\u00e9dical met \u00e0 votre disposition divers \u00e9quipements\u202f:<\/p>\n<ul>\n<li>\n<p style=\"text-align: justify\"> <strong>Des lunettes nasales<\/strong>, pour une administration par voie inhal\u00e9e offrant une tol\u00e9rance optimale au patient.<\/p>\n<\/li>\n<li>\n<p style=\"text-align: justify\"> <strong>Un masque \u00e0 effet Venturi\u202f:<\/strong> adapt\u00e9 au traitement par oxyg\u00e9noth\u00e9rapie \u00e0 haut d\u00e9bit, il s\u2019applique directement sur le visage du patient.<\/p>\n<\/li>\n<li>\n<p style=\"text-align: justify\"> <strong>Un masque haute concentration<\/strong>, con\u00e7u pour offrir un d\u00e9bit sup\u00e9rieur \u00e0 10 litres\/minute, et prescrit notamment pour le traitement de l\u2019algie vasculaire de la face.<\/p>\n<\/li>\n<\/ul>\n<p>[\/et_pb_text][\/et_pb_column][\/et_pb_row][\/et_pb_section]<\/p>\n","protected":false},"excerpt":{"rendered":"<p>Redonner de l&rsquo;air \u00e0 votre qualit\u00e9 de vie Traitement m\u00e9dical propos\u00e9 dans les cas d\u2019insuffisance respiratoire chronique ou aig\u00fce, d\u2019une maladie pulmonaire ou d\u2019une d\u00e9saturation \u00e0 l\u2019effort, l\u2019oxyg\u00e9noth\u00e9rapie vise \u00e0 corriger l\u2019hypox\u00e9mie\u202f: le manque d\u2019oxyg\u00e8ne dans le sang. Un traitement qui am\u00e9liore significativement la vie des patients en r\u00e9tablissant l\u2019autonomie journali\u00e8re.Une respiration au quotidien En [&hellip;]<\/p>\n","protected":false},"author":1,"featured_media":0,"parent":2396,"menu_order":0,"comment_status":"closed","ping_status":"closed","template":"","meta":{"_et_pb_use_builder":"on","_et_pb_old_content":"","_et_gb_content_width":"","footnotes":""},"class_list":["post-3062","page","type-page","status-publish","hentry"],"yoast_head":"<!-- This site is optimized with the Yoast SEO plugin v25.9 - https:\/\/yoast.com\/wordpress\/plugins\/seo\/ -->\n<title>Oxyg\u00e9noth\u00e9rapie - ***DEV*** Bastide Groupe ***DEV***<\/title>\n<meta name=\"robots\" content=\"noindex, follow, max-snippet:-1, max-image-preview:large, max-video-preview:-1\" \/>\n<meta property=\"og:locale\" content=\"fr_FR\" \/>\n<meta property=\"og:type\" content=\"article\" \/>\n<meta property=\"og:title\" content=\"Oxyg\u00e9noth\u00e9rapie - ***DEV*** Bastide Groupe ***DEV***\" \/>\n<meta property=\"og:description\" content=\"Redonner de l&#039;air \u00e0 votre qualit\u00e9 de vie Traitement m\u00e9dical propos\u00e9 dans les cas d\u2019insuffisance respiratoire chronique ou aig\u00fce, d\u2019une maladie pulmonaire ou d\u2019une d\u00e9saturation \u00e0 l\u2019effort, l\u2019oxyg\u00e9noth\u00e9rapie vise \u00e0 corriger l\u2019hypox\u00e9mie\u202f: le manque d\u2019oxyg\u00e8ne dans le sang. Un traitement qui am\u00e9liore significativement la vie des patients en r\u00e9tablissant l\u2019autonomie journali\u00e8re.Une respiration au quotidien En [&hellip;]\" \/>\n<meta property=\"og:url\" content=\"https:\/\/bastide-network.ovh\/dev-bastide-groupe-dev\/nos-metiers\/assistance-respiratoire\/oxygenotherapie\/\" \/>\n<meta property=\"og:site_name\" content=\"***DEV*** Bastide Groupe ***DEV***\" \/>\n<meta property=\"article:publisher\" content=\"https:\/\/www.facebook.com\/BastideConseil\/\" \/>\n<meta property=\"article:modified_time\" content=\"2022-07-15T13:12:52+00:00\" \/>\n<meta name=\"twitter:card\" content=\"summary_large_image\" \/>\n<meta name=\"twitter:label1\" content=\"Dur\u00e9e de lecture estim\u00e9e\" \/>\n\t<meta name=\"twitter:data1\" content=\"13 minutes\" \/>\n<script type=\"application\/ld+json\" class=\"yoast-schema-graph\">{\"@context\":\"https:\/\/schema.org\",\"@graph\":[{\"@type\":\"WebPage\",\"@id\":\"https:\/\/bastide-network.ovh\/dev-bastide-groupe-dev\/nos-metiers\/assistance-respiratoire\/oxygenotherapie\/\",\"url\":\"https:\/\/bastide-network.ovh\/dev-bastide-groupe-dev\/nos-metiers\/assistance-respiratoire\/oxygenotherapie\/\",\"name\":\"Oxyg\u00e9noth\u00e9rapie - ***DEV*** Bastide Groupe ***DEV***\",\"isPartOf\":{\"@id\":\"https:\/\/bastide-network.ovh\/dev-bastide-groupe-dev\/#website\"},\"datePublished\":\"2022-03-03T16:38:42+00:00\",\"dateModified\":\"2022-07-15T13:12:52+00:00\",\"breadcrumb\":{\"@id\":\"https:\/\/bastide-network.ovh\/dev-bastide-groupe-dev\/nos-metiers\/assistance-respiratoire\/oxygenotherapie\/#breadcrumb\"},\"inLanguage\":\"fr-FR\",\"potentialAction\":[{\"@type\":\"ReadAction\",\"target\":[\"https:\/\/bastide-network.ovh\/dev-bastide-groupe-dev\/nos-metiers\/assistance-respiratoire\/oxygenotherapie\/\"]}]},{\"@type\":\"BreadcrumbList\",\"@id\":\"https:\/\/bastide-network.ovh\/dev-bastide-groupe-dev\/nos-metiers\/assistance-respiratoire\/oxygenotherapie\/#breadcrumb\",\"itemListElement\":[{\"@type\":\"ListItem\",\"position\":1,\"name\":\"Accueil\",\"item\":\"https:\/\/bastide-network.ovh\/dev-bastide-groupe-dev\/\"},{\"@type\":\"ListItem\",\"position\":2,\"name\":\"Nos m\u00e9tiers\",\"item\":\"https:\/\/bastide-network.ovh\/dev-bastide-groupe-dev\/nos-metiers\/\"},{\"@type\":\"ListItem\",\"position\":3,\"name\":\"Assistance respiratoire\",\"item\":\"https:\/\/bastide-network.ovh\/dev-bastide-groupe-dev\/nos-metiers\/assistance-respiratoire\/\"},{\"@type\":\"ListItem\",\"position\":4,\"name\":\"Oxyg\u00e9noth\u00e9rapie\"}]},{\"@type\":\"WebSite\",\"@id\":\"https:\/\/bastide-network.ovh\/dev-bastide-groupe-dev\/#website\",\"url\":\"https:\/\/bastide-network.ovh\/dev-bastide-groupe-dev\/\",\"name\":\"***DEV*** Bastide Groupe ***DEV***\",\"description\":\"Votre sant\u00e9 est notre priorit\u00e9\",\"publisher\":{\"@id\":\"https:\/\/bastide-network.ovh\/dev-bastide-groupe-dev\/#organization\"},\"potentialAction\":[{\"@type\":\"SearchAction\",\"target\":{\"@type\":\"EntryPoint\",\"urlTemplate\":\"https:\/\/bastide-network.ovh\/dev-bastide-groupe-dev\/?s={search_term_string}\"},\"query-input\":{\"@type\":\"PropertyValueSpecification\",\"valueRequired\":true,\"valueName\":\"search_term_string\"}}],\"inLanguage\":\"fr-FR\"},{\"@type\":\"Organization\",\"@id\":\"https:\/\/bastide-network.ovh\/dev-bastide-groupe-dev\/#organization\",\"name\":\"Bastide M\u00e9dical\",\"url\":\"https:\/\/bastide-network.ovh\/dev-bastide-groupe-dev\/\",\"logo\":{\"@type\":\"ImageObject\",\"inLanguage\":\"fr-FR\",\"@id\":\"https:\/\/bastide-network.ovh\/dev-bastide-groupe-dev\/#\/schema\/logo\/image\/\",\"url\":\"https:\/\/bastide-groupe.fr\/wp-content\/uploads\/sites\/7\/2020\/11\/Bastide-Groupe.png\",\"contentUrl\":\"https:\/\/bastide-groupe.fr\/wp-content\/uploads\/sites\/7\/2020\/11\/Bastide-Groupe.png\",\"width\":1586,\"height\":758,\"caption\":\"Bastide M\u00e9dical\"},\"image\":{\"@id\":\"https:\/\/bastide-network.ovh\/dev-bastide-groupe-dev\/#\/schema\/logo\/image\/\"},\"sameAs\":[\"https:\/\/www.facebook.com\/BastideConseil\/\",\"https:\/\/www.instagram.com\/bastidemedical\/?hl=fr\",\"https:\/\/www.linkedin.com\/company\/bastide-le-confort-medical?originalSubdomain=fr\",\"https:\/\/www.youtube.com\/channel\/UCc1I0rnnFfqJGl4Edg4lV2w\"]}]}<\/script>\n<!-- \/ Yoast SEO plugin. -->","yoast_head_json":{"title":"Oxyg\u00e9noth\u00e9rapie - ***DEV*** Bastide Groupe ***DEV***","robots":{"index":"noindex","follow":"follow","max-snippet":"max-snippet:-1","max-image-preview":"max-image-preview:large","max-video-preview":"max-video-preview:-1"},"og_locale":"fr_FR","og_type":"article","og_title":"Oxyg\u00e9noth\u00e9rapie - ***DEV*** Bastide Groupe ***DEV***","og_description":"Redonner de l'air \u00e0 votre qualit\u00e9 de vie Traitement m\u00e9dical propos\u00e9 dans les cas d\u2019insuffisance respiratoire chronique ou aig\u00fce, d\u2019une maladie pulmonaire ou d\u2019une d\u00e9saturation \u00e0 l\u2019effort, l\u2019oxyg\u00e9noth\u00e9rapie vise \u00e0 corriger l\u2019hypox\u00e9mie\u202f: le manque d\u2019oxyg\u00e8ne dans le sang. Un traitement qui am\u00e9liore significativement la vie des patients en r\u00e9tablissant l\u2019autonomie journali\u00e8re.Une respiration au quotidien En [&hellip;]","og_url":"https:\/\/bastide-network.ovh\/dev-bastide-groupe-dev\/nos-metiers\/assistance-respiratoire\/oxygenotherapie\/","og_site_name":"***DEV*** Bastide Groupe ***DEV***","article_publisher":"https:\/\/www.facebook.com\/BastideConseil\/","article_modified_time":"2022-07-15T13:12:52+00:00","twitter_card":"summary_large_image","twitter_misc":{"Dur\u00e9e de lecture estim\u00e9e":"13 minutes"},"schema":{"@context":"https:\/\/schema.org","@graph":[{"@type":"WebPage","@id":"https:\/\/bastide-network.ovh\/dev-bastide-groupe-dev\/nos-metiers\/assistance-respiratoire\/oxygenotherapie\/","url":"https:\/\/bastide-network.ovh\/dev-bastide-groupe-dev\/nos-metiers\/assistance-respiratoire\/oxygenotherapie\/","name":"Oxyg\u00e9noth\u00e9rapie - ***DEV*** Bastide Groupe ***DEV***","isPartOf":{"@id":"https:\/\/bastide-network.ovh\/dev-bastide-groupe-dev\/#website"},"datePublished":"2022-03-03T16:38:42+00:00","dateModified":"2022-07-15T13:12:52+00:00","breadcrumb":{"@id":"https:\/\/bastide-network.ovh\/dev-bastide-groupe-dev\/nos-metiers\/assistance-respiratoire\/oxygenotherapie\/#breadcrumb"},"inLanguage":"fr-FR","potentialAction":[{"@type":"ReadAction","target":["https:\/\/bastide-network.ovh\/dev-bastide-groupe-dev\/nos-metiers\/assistance-respiratoire\/oxygenotherapie\/"]}]},{"@type":"BreadcrumbList","@id":"https:\/\/bastide-network.ovh\/dev-bastide-groupe-dev\/nos-metiers\/assistance-respiratoire\/oxygenotherapie\/#breadcrumb","itemListElement":[{"@type":"ListItem","position":1,"name":"Accueil","item":"https:\/\/bastide-network.ovh\/dev-bastide-groupe-dev\/"},{"@type":"ListItem","position":2,"name":"Nos m\u00e9tiers","item":"https:\/\/bastide-network.ovh\/dev-bastide-groupe-dev\/nos-metiers\/"},{"@type":"ListItem","position":3,"name":"Assistance respiratoire","item":"https:\/\/bastide-network.ovh\/dev-bastide-groupe-dev\/nos-metiers\/assistance-respiratoire\/"},{"@type":"ListItem","position":4,"name":"Oxyg\u00e9noth\u00e9rapie"}]},{"@type":"WebSite","@id":"https:\/\/bastide-network.ovh\/dev-bastide-groupe-dev\/#website","url":"https:\/\/bastide-network.ovh\/dev-bastide-groupe-dev\/","name":"***DEV*** Bastide Groupe ***DEV***","description":"Votre sant\u00e9 est notre priorit\u00e9","publisher":{"@id":"https:\/\/bastide-network.ovh\/dev-bastide-groupe-dev\/#organization"},"potentialAction":[{"@type":"SearchAction","target":{"@type":"EntryPoint","urlTemplate":"https:\/\/bastide-network.ovh\/dev-bastide-groupe-dev\/?s={search_term_string}"},"query-input":{"@type":"PropertyValueSpecification","valueRequired":true,"valueName":"search_term_string"}}],"inLanguage":"fr-FR"},{"@type":"Organization","@id":"https:\/\/bastide-network.ovh\/dev-bastide-groupe-dev\/#organization","name":"Bastide M\u00e9dical","url":"https:\/\/bastide-network.ovh\/dev-bastide-groupe-dev\/","logo":{"@type":"ImageObject","inLanguage":"fr-FR","@id":"https:\/\/bastide-network.ovh\/dev-bastide-groupe-dev\/#\/schema\/logo\/image\/","url":"https:\/\/bastide-groupe.fr\/wp-content\/uploads\/sites\/7\/2020\/11\/Bastide-Groupe.png","contentUrl":"https:\/\/bastide-groupe.fr\/wp-content\/uploads\/sites\/7\/2020\/11\/Bastide-Groupe.png","width":1586,"height":758,"caption":"Bastide M\u00e9dical"},"image":{"@id":"https:\/\/bastide-network.ovh\/dev-bastide-groupe-dev\/#\/schema\/logo\/image\/"},"sameAs":["https:\/\/www.facebook.com\/BastideConseil\/","https:\/\/www.instagram.com\/bastidemedical\/?hl=fr","https:\/\/www.linkedin.com\/company\/bastide-le-confort-medical?originalSubdomain=fr","https:\/\/www.youtube.com\/channel\/UCc1I0rnnFfqJGl4Edg4lV2w"]}]}},"_links":{"self":[{"href":"https:\/\/bastide-network.ovh\/dev-bastide-groupe-dev\/wp-json\/wp\/v2\/pages\/3062","targetHints":{"allow":["GET"]}}],"collection":[{"href":"https:\/\/bastide-network.ovh\/dev-bastide-groupe-dev\/wp-json\/wp\/v2\/pages"}],"about":[{"href":"https:\/\/bastide-network.ovh\/dev-bastide-groupe-dev\/wp-json\/wp\/v2\/types\/page"}],"author":[{"embeddable":true,"href":"https:\/\/bastide-network.ovh\/dev-bastide-groupe-dev\/wp-json\/wp\/v2\/users\/1"}],"replies":[{"embeddable":true,"href":"https:\/\/bastide-network.ovh\/dev-bastide-groupe-dev\/wp-json\/wp\/v2\/comments?post=3062"}],"version-history":[{"count":25,"href":"https:\/\/bastide-network.ovh\/dev-bastide-groupe-dev\/wp-json\/wp\/v2\/pages\/3062\/revisions"}],"predecessor-version":[{"id":5124,"href":"https:\/\/bastide-network.ovh\/dev-bastide-groupe-dev\/wp-json\/wp\/v2\/pages\/3062\/revisions\/5124"}],"up":[{"embeddable":true,"href":"https:\/\/bastide-network.ovh\/dev-bastide-groupe-dev\/wp-json\/wp\/v2\/pages\/2396"}],"wp:attachment":[{"href":"https:\/\/bastide-network.ovh\/dev-bastide-groupe-dev\/wp-json\/wp\/v2\/media?parent=3062"}],"curies":[{"name":"wp","href":"https:\/\/api.w.org\/{rel}","templated":true}]}}